{"id":7209,"date":"2011-03-15T04:00:00","date_gmt":"2011-03-15T09:00:00","guid":{"rendered":"https:\/\/portage.hamakmarketingnumerique.com\/\/quebec\/index.html"},"modified":"2026-03-11T09:48:03","modified_gmt":"2026-03-11T14:48:03","slug":"quebec","status":"publish","type":"page","link":"https:\/\/portage.ca\/fr\/quebec\/","title":{"rendered":"Qu\u00e9bec"},"content":{"rendered":"\n<h1>\n\t\t\tPortage <b>Qu\u00e9bec<\/b>\t<\/h1>\n<h3>\n\t\t\tProgrammes de r\u00e9adaptation en d\u00e9pendance et de formation \u00e0 l&#8217;emploi au Qu\u00e9bec\t<\/h3>\n\t<span><span><a href=\"https:\/\/portage.ca\/fr\/\">Accueil<\/a><\/span><\/span>\n\t<iframe allowfullscreen allow=\"autoplay\" data-src=\"https:\/\/player.vimeo.com\/video\/1101330466?color&amp;autopause=0&amp;loop=0&amp;muted=0&amp;title=0&amp;portrait=0&amp;byline=0&amp;h\"><\/iframe>\t\t\n\t\t\t\t\tPlay Video\n<h3>\n\t\t\tPortage au Qu\u00e9bec\t<\/h3>\n\t<p class=\"lead\">Depuis l&rsquo;ouverture de son premier centre en 1973, Portage a aid\u00e9 des dizaines de milliers de personnes \u00e0 reprendre leur vie en main dans ses centres de r\u00e9adaptation en d\u00e9pendance du Qu\u00e9bec.<\/p>\n<p>Gr\u00e2ce \u00e0 l&rsquo;approche de la <a href=\"\/fr\/a-propos\/approche-therapeutique\/\"><strong>communaut\u00e9 th\u00e9rapeutique<\/strong><\/a>, les r\u00e9sidants travaillent \u00e0 identifier la cause de leurs probl\u00e8mes, \u00e0 d\u00e9velopper les comp\u00e9tences qui les aideront \u00e0 y faire face et \u00e0 mettre en place les strat\u00e9gies pour les r\u00e9gler sans recourir aux drogues. Ils d\u00e9veloppent \u00e9galement l&rsquo;estime d&rsquo;eux-m\u00eames et la confiance leur permettant de mener une vie saine, productive et sobre.<\/p>\n<p>&nbsp;<\/p>\n<h3>\n\t\t\tProgrammes\t<\/h3>\n\t\t<figure itemscope itemtype=\"https:\/\/schema.org\/ImageObject\">\n\t\t\t\t<a href=\"\/fr\/quebec\/programme-adolescents-francais-ouest\/\"  target=\"_self\" itemprop=\"url\">\n\t\t\t\t<img decoding=\"async\" src=\"https:\/\/portage.ca\/wp-content\/uploads\/2025\/08\/202208_Portage_0110-1.jpg\" alt=\"202208_Portage_0110 (1)\" height=\"1365\" width=\"2048\" title=\"202208_Portage_0110 (1)\" onerror=\"this.style.display='none'\" loading=\"lazy\" \/>\n\t\t\t\t<\/a>\n\t<\/figure>\n<h4><a href=\"\/fr\/quebec\/programme-adolescents-francais-ouest\/\" target=\"_self\">Programme adolescents et jeunes adultes<\/a><\/h4><p>14 \u00e0 21 ans, r\u00e9sidentiel<\/p>\n\t\t<figure itemscope itemtype=\"https:\/\/schema.org\/ImageObject\">\n\t\t\t\t<a href=\"\/fr\/quebec\/programme-adolescents-francais-est\/\"  target=\"_self\" itemprop=\"url\">\n\t\t\t\t<img decoding=\"async\" src=\"https:\/\/portage.ca\/wp-content\/uploads\/2026\/02\/20220912_Saint_Malachie_0080.jpg\" alt=\"20220912_Saint_Malachie_0080\" height=\"1365\" width=\"2048\" title=\"20220912_Saint_Malachie_0080\" onerror=\"this.style.display='none'\" loading=\"lazy\" \/>\n\t\t\t\t<\/a>\n\t<\/figure>\n<h4><a href=\"\/fr\/quebec\/programme-adolescents-francais-est\/\" target=\"_self\">Programme adolescents et jeunes adultes<\/a><\/h4><p>Francophones de 14 \u00e0 21 ans &#8211; Chaudi\u00e8re-Appalaches<\/p>\n\t\t<figure itemscope itemtype=\"https:\/\/schema.org\/ImageObject\">\n\t\t\t\t<a href=\"\/fr\/quebec\/programme-adultes\/%20\"  target=\"_self\" itemprop=\"url\">\n\t\t\t\t<img decoding=\"async\" src=\"https:\/\/portage.ca\/wp-content\/uploads\/2025\/09\/A9201108-5-scaled.jpg\" alt=\"A9201108-5\" height=\"1707\" width=\"2560\" title=\"A9201108-5\" onerror=\"this.style.display='none'\" loading=\"lazy\" \/>\n\t\t\t\t<\/a>\n\t<\/figure>\n<h4><a href=\"\/fr\/quebec\/programme-adultes\/%20\" target=\"_self\">Programme pour adultes<\/a><\/h4><p>R\u00e9sidentiel et bilingue<\/p>\n\t\t<figure itemscope itemtype=\"https:\/\/schema.org\/ImageObject\">\n\t\t\t\t<a href=\"https:\/\/portage.ca\/fr\/quebec\/sante-mentale-et-dependance\/\"  target=\"_self\" itemprop=\"url\">\n\t\t\t\t<img decoding=\"async\" src=\"https:\/\/portage.ca\/wp-content\/uploads\/2024\/07\/20221202_Portage_0047.jpg\" alt=\"20221202_Portage_0047\" height=\"1365\" width=\"2048\" title=\"20221202_Portage_0047\" onerror=\"this.style.display='none'\" loading=\"lazy\" \/>\n\t\t\t\t<\/a>\n\t<\/figure>\n<h4><a href=\"https:\/\/portage.ca\/fr\/quebec\/sante-mentale-et-dependance\/\" target=\"_self\">Sant\u00e9 mentale et d\u00e9pendance<\/a><\/h4><p>Schizophr\u00e9nie et autres troubles associ\u00e9s<\/p>\n\t\t<figure itemscope itemtype=\"https:\/\/schema.org\/ImageObject\">\n\t\t\t\t<a href=\"\/fr\/quebec\/centre-jour-adultes\/\"  target=\"_self\" itemprop=\"url\">\n\t\t\t\t<img decoding=\"async\" src=\"https:\/\/portage.ca\/wp-content\/uploads\/2025\/08\/A9304024-100.jpg\" alt=\"A9304024-100\" height=\"683\" width=\"1024\" title=\"A9304024-100\" onerror=\"this.style.display='none'\" loading=\"lazy\" \/>\n\t\t\t\t<\/a>\n\t<\/figure>\n<h4><a href=\"\/fr\/quebec\/centre-jour-adultes\/\" target=\"_self\">Programme pour adultes externe<\/a><\/h4><p>Centre de jour \u00e0 Qu\u00e9bec<\/p>\n\t\t<figure itemscope itemtype=\"https:\/\/schema.org\/ImageObject\">\n\t\t\t\t<a href=\"\/fr\/quebec\/mere-enfant\/\"  target=\"_self\" itemprop=\"url\">\n\t\t\t\t<img decoding=\"async\" src=\"https:\/\/portage.ca\/wp-content\/uploads\/2023\/02\/20221202_Portage_0114.jpg\" alt=\"20221202_Portage_0114\" height=\"1365\" width=\"2048\" title=\"20221202_Portage_0114\" onerror=\"this.style.display='none'\" loading=\"lazy\" \/>\n\t\t\t\t<\/a>\n\t<\/figure>\n<h4><a href=\"\/fr\/quebec\/mere-enfant\/\" target=\"_self\">Programme M\u00e8re-enfant<\/a><\/h4><p>Femmes enceintes et les m\u00e8res avec de jeunes enfants<\/p>\n\t\t<figure itemscope itemtype=\"https:\/\/schema.org\/ImageObject\">\n\t\t\t\t<a href=\"https:\/\/portage.ca\/fr\/quebec\/programmes-formation-emploi\/\"  target=\"_self\" itemprop=\"url\">\n\t\t\t\t<img decoding=\"async\" src=\"https:\/\/portage.ca\/wp-content\/uploads\/2025\/09\/A9200991-396-1-scaled.jpg\" alt=\"A9200991-396\" height=\"1707\" width=\"2560\" title=\"A9200991-396\" onerror=\"this.style.display='none'\" loading=\"lazy\" \/>\n\t\t\t\t<\/a>\n\t<\/figure>\n<h4><a href=\"https:\/\/portage.ca\/fr\/quebec\/programmes-formation-emploi\/\" target=\"_self\">Centre-conseil en emploi<\/a><\/h4><p>Ville de Qu\u00e9bec<\/p>\n\t\t<figure itemscope itemtype=\"https:\/\/schema.org\/ImageObject\">\n\t\t\t\t<a href=\"https:\/\/portage.ca\/fr\/quebec\/programmes-formation-emploi\/\"  target=\"_self\" itemprop=\"url\">\n\t\t\t\t<img decoding=\"async\" src=\"https:\/\/portage.ca\/wp-content\/uploads\/2025\/09\/A9208385-5.jpg\" alt=\"A9208385-5\" height=\"683\" width=\"1024\" title=\"A9208385-5\" onerror=\"this.style.display='none'\" loading=\"lazy\" \/>\n\t\t\t\t<\/a>\n\t<\/figure>\n<h4><a href=\"https:\/\/portage.ca\/fr\/quebec\/programmes-formation-emploi\/\" target=\"_self\">Centres de formation \u00e0 l&#8217;emploi<\/a><\/h4><p>Montr\u00e9al<\/p>\n\t<h2>\u00c0 Portage, il y a&#8230;<\/h2>\n\t\t<figure itemscope itemtype=\"https:\/\/schema.org\/ImageObject\">\n\t\t\t\t<a href=\"https:\/\/portage.ca\/fr\/approche-therapeutique\/\"  target=\"_self\" itemprop=\"url\">\n\t\t\t\t<img decoding=\"async\" src=\"https:\/\/portage.ca\/wp-content\/uploads\/2021\/07\/rencontre.png\" alt=\"rencontre\" height=\"103\" width=\"120\" title=\"rencontre\" onerror=\"this.style.display='none'\" loading=\"lazy\" \/>\n\t\t\t\t<\/a>\n\t<\/figure>\n<h4><a href=\"https:\/\/portage.ca\/fr\/approche-therapeutique\/\" target=\"_self\">Communaut\u00e9 th\u00e9rapeutique<\/a><\/h4><p>Notre approche repose sur un mod\u00e8le de groupe, o\u00f9 les r\u00e9sidents s&rsquo;entraident gr\u00e2ce \u00e0 une structure quotidienne et \u00e0 des responsabilit\u00e9s partag\u00e9es.<\/p>\n<p><a href=\"https:\/\/portage.ca\/fr\/approche-therapeutique\/\">En savoir plus<\/a><\/p>\n\t\t<figure itemscope itemtype=\"https:\/\/schema.org\/ImageObject\">\n\t\t\t\t<a href=\"https:\/\/portage.ca\/fr\/services\/reinsertion-sociale\/\"  target=\"_self\" itemprop=\"url\">\n\t\t\t\t<img decoding=\"async\" src=\"https:\/\/portage.ca\/wp-content\/uploads\/2025\/08\/appartement.png\" alt=\"appartement\" height=\"500\" width=\"500\" title=\"appartement\" onerror=\"this.style.display='none'\" loading=\"lazy\" \/>\n\t\t\t\t<\/a>\n\t<\/figure>\n<h4><a href=\"https:\/\/portage.ca\/fr\/services\/reinsertion-sociale\/\" target=\"_self\">Appartements supervis\u00e9s<\/a><\/h4><p>Afin de faciliter la transition apr\u00e8s la th\u00e9rapie, nos appartements abordables offrent un environnement stable et soutenant.<\/p>\n<p><a href=\"https:\/\/portage.ca\/fr\/services\/appartements-supervises\/\">En savoir plus<\/a><\/p>\n\t\t<figure itemscope itemtype=\"https:\/\/schema.org\/ImageObject\">\n\t\t\t\t<a href=\"https:\/\/portage.ca\/fr\/services\/securite-assurance-qualite\/\"  target=\"_self\" itemprop=\"url\">\n\t\t\t\t<img decoding=\"async\" src=\"https:\/\/portage.ca\/wp-content\/uploads\/2022\/08\/reconnaissance.png\" alt=\"reconnaissance\" height=\"120\" width=\"120\" title=\"reconnaissance\" onerror=\"this.style.display='none'\" loading=\"lazy\" \/>\n\t\t\t\t<\/a>\n\t<\/figure>\n<h4><a href=\"https:\/\/portage.ca\/fr\/services\/securite-assurance-qualite\/\" target=\"_self\">Environnement s\u00e9curitaire<\/a><\/h4><p>La s\u00e9curit\u00e9 est notre priorit\u00e9. Nous maintenons un environnement s\u00e9curitaire et respectueux qui favorise le d\u00e9veloppement personnel.<\/p>\n<p><a href=\"https:\/\/portage.ca\/fr\/services\/securite-assurance-qualite\/\">En savoir plus<\/a><\/p>\n\t\t<figure itemscope itemtype=\"https:\/\/schema.org\/ImageObject\">\n\t\t\t\t<a href=\"https:\/\/portage.ca\/fr\/services\/activites-culturelles-recreatives\/\"  target=\"_self\" itemprop=\"url\">\n\t\t\t\t<img decoding=\"async\" src=\"https:\/\/portage.ca\/wp-content\/uploads\/2021\/07\/activite.png\" alt=\"activite\" height=\"115\" width=\"121\" title=\"activite\" onerror=\"this.style.display='none'\" loading=\"lazy\" \/>\n\t\t\t\t<\/a>\n\t<\/figure>\n<h4><a href=\"https:\/\/portage.ca\/fr\/services\/activites-culturelles-recreatives\/\" target=\"_self\">Activit\u00e9s culturelles<\/a><\/h4><p>Nous offrons des activit\u00e9s r\u00e9cr\u00e9atives pour aider les jeunes \u00e0 d\u00e9couvrir de nouveaux centres d&rsquo;int\u00e9r\u00eat et \u00e0 adopter un mode de vie sain et \u00e9quilibr\u00e9.<\/p>\n<p><a href=\"https:\/\/portage.ca\/fr\/services\/activites-culturelles-recreatives\/\">En savoir plus<\/a><\/p>\n<h3>\n\t\t\tT\u00e9moignages\t<\/h3>\n<h3>\n\t\t\tNouvelles\t<\/h3>\n<h1>\n\t\t\tFondation Portage au Qu\u00e9bec\t<\/h1>\n\t<p>Les programmes de r\u00e9adaptation en d\u00e9pendance de Portage au Qu\u00e9bec sont en partie financ\u00e9s par la Fondation Portage, qui amasse des fonds par le biais de dons priv\u00e9s et d&rsquo;entreprises, ainsi qu&rsquo;au moyen d&rsquo;activit\u00e9s de financement.<\/p>\n\t\t\t<a href=\"\/fr\/quebec\/fondation\/\"  target=\"_self\">\n\t\t\t\t\t\t\tFaire un don\n\t\t\t\t\t<\/a>\n\n","protected":false},"excerpt":{"rendered":"<p>Portage Qu\u00e9bec Programmes de r\u00e9adaptation en d\u00e9pendance et de formation \u00e0 l&#8217;emploi au Qu\u00e9bec Play Video Portage au Qu\u00e9bec Depuis l&rsquo;ouverture de son premier centre en 1973, Portage a aid\u00e9 des dizaines de milliers de personnes \u00e0 reprendre leur vie en main dans ses centres de r\u00e9adaptation en d\u00e9pendance du Qu\u00e9bec. Gr\u00e2ce \u00e0 l&rsquo;approche de&#8230;  <a href=\"https:\/\/portage.ca\/fr\/quebec\/\" class=\"more-link\" title=\"Read Qu\u00e9bec\">Read more &raquo;<\/a><\/p>\n","protected":false},"author":13,"featured_media":36567,"parent":0,"menu_order":29,"comment_status":"closed","ping_status":"closed","template":"page-full-width.php","meta":{"_acf_changed":false,"footnotes":"","_links_to":"","_links_to_target":""},"class_list":["post-7209","page","type-page","status-publish","has-post-thumbnail","hentry"],"acf":[],"_links":{"self":[{"href":"https:\/\/portage.ca\/fr\/wp-json\/wp\/v2\/pages\/7209","targetHints":{"allow":["GET"]}}],"collection":[{"href":"https:\/\/portage.ca\/fr\/wp-json\/wp\/v2\/pages"}],"about":[{"href":"https:\/\/portage.ca\/fr\/wp-json\/wp\/v2\/types\/page"}],"author":[{"embeddable":true,"href":"https:\/\/portage.ca\/fr\/wp-json\/wp\/v2\/users\/13"}],"replies":[{"embeddable":true,"href":"https:\/\/portage.ca\/fr\/wp-json\/wp\/v2\/comments?post=7209"}],"version-history":[{"count":11,"href":"https:\/\/portage.ca\/fr\/wp-json\/wp\/v2\/pages\/7209\/revisions"}],"predecessor-version":[{"id":47909,"href":"https:\/\/portage.ca\/fr\/wp-json\/wp\/v2\/pages\/7209\/revisions\/47909"}],"wp:featuredmedia":[{"embeddable":true,"href":"https:\/\/portage.ca\/fr\/wp-json\/wp\/v2\/media\/36567"}],"wp:attachment":[{"href":"https:\/\/portage.ca\/fr\/wp-json\/wp\/v2\/media?parent=7209"}],"curies":[{"name":"wp","href":"https:\/\/api.w.org\/{rel}","templated":true}]}}