{"id":7208,"date":"2011-04-01T04:00:00","date_gmt":"2011-04-01T09:00:00","guid":{"rendered":"https:\/\/portage.hamakmarketingnumerique.com\/\/atlantique\/nouvelles-fondation"},"modified":"2025-12-11T10:20:39","modified_gmt":"2025-12-11T15:20:39","slug":"nouvelles","status":"publish","type":"page","link":"https:\/\/portage.ca\/fr\/atlantique\/fondation\/nouvelles\/","title":{"rendered":"Nouvelles de la Fondation Portage Atlantique"},"content":{"rendered":"\n<h1>\n\t\tNouvelles de la Fondation\n\t<\/h1>\n<h1>\n\t\tPortage en <b>Atlantique<\/b>\n\t<\/h1>\n<h4>\n\t\tInformez-vous sur les activit\u00e9s de financement et de sensibilisation de la Fondation Portage en Atlantique pour le centre de r\u00e9adaptation en toxicomanie pour adolescents \u00e0 Cassidy Lake.\n\t<\/h4>\n\t<meta itemscope itemprop=\"mainEntityOfPage\" itemtype=\"https:\/\/schema.org\/WebPage\" itemid=\"https:\/\/portage.ca\/fr\/temoignage-de-luc-programme-pour-adultes-en-1990\/\" content=\"T\u00e9moignage de Luc, programme pour adultes, 1990\" \/><meta itemprop=\"datePublished\" content=\"2023-01-19\" \/><meta itemprop=\"dateModified\" content=\"2023-03-14\" \/><meta itemprop=\"name\" content=\"Portage\"\/><meta itemprop=\"url\" content=\"https:\/\/portage.ca\/fr\/author\/laurence\/\" \/><meta itemprop=\"name\" content=\"Portage\" \/><meta itemprop=\"url\" content=\"https:\/\/portage.ca\/wp-content\/uploads\/2023\/01\/1.jpg\" \/><meta itemprop=\"width\" content=\"960\" \/><meta itemprop=\"height\" content=\"640\" \/><meta itemprop=\"interactionType\" content=\"https:\/\/schema.org\/CommentAction\" \/><meta itemprop=\"userInteractionCount\" content=\"3\" \/>\n\t\t\t\t\t<a href=\"https:\/\/portage.ca\/fr\/temoignage-de-luc-programme-pour-adultes-en-1990\/\" title=\"T\u00e9moignage de Luc, programme pour adultes, 1990\"><\/a>\n\t\t\t\t<img loading=\"lazy\" decoding=\"async\" src=\"https:\/\/portage.ca\/wp-content\/uploads\/bb-plugin\/cache\/1-landscape.jpg\" alt=\"Luc, t\u00e9moignage\" itemprop=\"image\" data-no-lazy=\"1\" height=\"640\" width=\"960\" title=\"Luc- temoignage\" onerror=\"this.style.display='none'\"  \/>\n\t\t\t\t\t\t\t\t\t<h3 itemprop=\"headline\">\n\t\t\t\t\t\t\t\t\t\t\t\t\t\tT\u00e9moignage de Luc, programme pour adultes, 1990\t\t\t\t\t\t\t\t\t\t\t<\/h3>\n\t\t\t01-19-2023\t\t\t\t\t\t\n    \u00ab Mon nom est Luc Desjardins et j&rsquo;ai 59 ans. J&rsquo;ai fait le programme pour adultes au lac \u00c9cho en 1990. Faites le&#8230;\n\t<meta itemscope itemprop=\"mainEntityOfPage\" itemtype=\"https:\/\/schema.org\/WebPage\" itemid=\"https:\/\/portage.ca\/fr\/lunch-avec-la-ministre-de-la-sante-a-cassidy-lake\/\" content=\"Lunch avec la Ministre de la Sant\u00e9 \u00e0 Cassidy Lake\" \/><meta itemprop=\"datePublished\" content=\"2022-04-08\" \/><meta itemprop=\"dateModified\" content=\"2022-09-02\" \/><meta itemprop=\"name\" content=\"Portage\"\/><meta itemprop=\"url\" content=\"https:\/\/portage.ca\/fr\/author\/laurence\/\" \/><meta itemprop=\"name\" content=\"Portage\" \/><meta itemprop=\"url\" content=\"https:\/\/portage.ca\/wp-content\/uploads\/2022\/04\/Capture-decran-2022-09-02-150206-e1667313852176.png\" \/><meta itemprop=\"width\" content=\"727\" \/><meta itemprop=\"height\" content=\"436\" \/><meta itemprop=\"interactionType\" content=\"https:\/\/schema.org\/CommentAction\" \/><meta itemprop=\"userInteractionCount\" content=\"0\" \/>\n\t\t\t\t\t<a href=\"https:\/\/portage.ca\/fr\/lunch-avec-la-ministre-de-la-sante-a-cassidy-lake\/\" title=\"Lunch avec la Ministre de la Sant\u00e9 \u00e0 Cassidy Lake\"><\/a>\n\t\t\t\t<img loading=\"lazy\" decoding=\"async\" src=\"https:\/\/portage.ca\/wp-content\/uploads\/bb-plugin\/cache\/Capture-decran-2022-09-02-150206-e1667313852176-landscape.png\" alt=\"lunch-with-the-minister-of-health-at-cassidy-lake\" itemprop=\"image\" data-no-lazy=\"1\" height=\"436\" width=\"727\" title=\"Capture d'\u00e9cran 2022-09-02 150206\" onerror=\"this.style.display='none'\"  \/>\n\t\t\t\t\t\t\t\t\t<h3 itemprop=\"headline\">\n\t\t\t\t\t\t\t\t\t\t\t\t\t\tLunch avec la Ministre de la Sant\u00e9 \u00e0 Cassidy Lake\t\t\t\t\t\t\t\t\t\t\t<\/h3>\n\t\t\t04-08-2022\t\t\t\t\t\t\n    Cette semaine, l&rsquo;honorable ministre Shephard et les hauts fonctionnaires de la Sant\u00e9 St\u00e9phane B\u00e9rub\u00e9 et Annie Pellerin se sont arr\u00eat\u00e9s au centre pour&#8230;\n\t<meta itemscope itemprop=\"mainEntityOfPage\" itemtype=\"https:\/\/schema.org\/WebPage\" itemid=\"https:\/\/portage.ca\/fr\/collecte-de-fonds-saint-john\/\" content=\"Collecte de fonds &#8211; Saint John\" \/><meta itemprop=\"datePublished\" content=\"2021-10-29\" \/><meta itemprop=\"dateModified\" content=\"2022-09-07\" \/><meta itemprop=\"name\" content=\"Portage\"\/><meta itemprop=\"url\" content=\"https:\/\/portage.ca\/fr\/author\/laurence\/\" \/><meta itemprop=\"name\" content=\"Portage\" \/><meta itemprop=\"url\" content=\"https:\/\/portage.ca\/wp-content\/uploads\/2021\/10\/Capture-decran-2022-09-06-110236.png\" \/><meta itemprop=\"width\" content=\"1287\" \/><meta itemprop=\"height\" content=\"575\" \/><meta itemprop=\"interactionType\" content=\"https:\/\/schema.org\/CommentAction\" \/><meta itemprop=\"userInteractionCount\" content=\"0\" \/>\n\t\t\t\t\t<a href=\"https:\/\/portage.ca\/fr\/collecte-de-fonds-saint-john\/\" title=\"Collecte de fonds &#8211; Saint John\"><\/a>\n\t\t\t\t\n\t\t\t\t\t\t\t\t\t<h3 itemprop=\"headline\">\n\t\t\t\t\t\t\t\t\t\t\t\t\t\tCollecte de fonds &#8211; Saint John\t\t\t\t\t\t\t\t\t\t\t<\/h3>\n\t\t\t10-29-2021\t\t\t\t\t\t\n    Une collecte de fonds unique sous forme d&rsquo;un d\u00eener trois services \u00e0 emporter a eu lieu le 7 octobre 2021 au restaurant Lily&#8230;\n\t<meta itemscope itemprop=\"mainEntityOfPage\" itemtype=\"https:\/\/schema.org\/WebPage\" itemid=\"https:\/\/portage.ca\/fr\/capital-city-cruise-in-fredericton\/\" content=\"Capital City Cruise-In, Fredericton\" \/><meta itemprop=\"datePublished\" content=\"2021-08-14\" \/><meta itemprop=\"dateModified\" content=\"2022-09-07\" \/><meta itemprop=\"name\" content=\"Portage\"\/><meta itemprop=\"url\" content=\"https:\/\/portage.ca\/fr\/author\/laurence\/\" \/><meta itemprop=\"name\" content=\"Portage\" \/><meta itemprop=\"url\" content=\"https:\/\/portage.ca\/wp-content\/uploads\/2022\/09\/istockphoto-485794548-612x612-1.jpg\" \/><meta itemprop=\"width\" content=\"612\" \/><meta itemprop=\"height\" content=\"408\" \/><meta itemprop=\"interactionType\" content=\"https:\/\/schema.org\/CommentAction\" \/><meta itemprop=\"userInteractionCount\" content=\"0\" \/>\n\t\t\t\t\t<a href=\"https:\/\/portage.ca\/fr\/capital-city-cruise-in-fredericton\/\" title=\"Capital City Cruise-In, Fredericton\"><\/a>\n\t\t\t\t\n\t\t\t\t\t\t\t\t\t<h3 itemprop=\"headline\">\n\t\t\t\t\t\t\t\t\t\t\t\t\t\tCapital City Cruise-In, Fredericton\t\t\t\t\t\t\t\t\t\t\t<\/h3>\n\t\t\t08-14-2021\t\t\t\t\t\t\n    Le deuxi\u00e8me \u00e9v\u00e9nement automobile Capital City Cruise-In a eu lieu le samedi 14 ao\u00fbt 2021 \u00e0 Fredericton. Le Nashwaaksis Lions Club et le&#8230;\n\t<meta itemscope itemprop=\"mainEntityOfPage\" itemtype=\"https:\/\/schema.org\/WebPage\" itemid=\"https:\/\/portage.ca\/fr\/lewis-fitness-centre-la-parole-aux-jeunes\/\" content=\"Lewis Fitness Centre : la parole aux jeunes\" \/><meta itemprop=\"datePublished\" content=\"2020-02-10\" \/><meta itemprop=\"dateModified\" content=\"2020-02-10\" \/><meta itemprop=\"name\" content=\"Portage\"\/><meta itemprop=\"url\" content=\"https:\/\/portage.ca\/fr\/author\/isabelle-saine\/\" \/><meta itemprop=\"name\" content=\"Portage\" \/><meta itemprop=\"url\" content=\"https:\/\/portage.ca\/wp-content\/uploads\/2020\/02\/Lewis-Fitness-Centre-01.jpg\" \/><meta itemprop=\"width\" content=\"3125\" \/><meta itemprop=\"height\" content=\"1250\" \/><meta itemprop=\"interactionType\" content=\"https:\/\/schema.org\/CommentAction\" \/><meta itemprop=\"userInteractionCount\" content=\"0\" \/>\n\t\t\t\t\t<a href=\"https:\/\/portage.ca\/fr\/lewis-fitness-centre-la-parole-aux-jeunes\/\" title=\"Lewis Fitness Centre : la parole aux jeunes\"><\/a>\n\t\t\t\t\n\t\t\t\t\t\t\t\t\t<h3 itemprop=\"headline\">\n\t\t\t\t\t\t\t\t\t\t\t\t\t\tLewis Fitness Centre : la parole aux jeunes\t\t\t\t\t\t\t\t\t\t\t<\/h3>\n\t\t\t02-10-2020\t\t\t\t\t\t\n    La salle d&rsquo;entrainement du Lewis Fitness Centre se r\u00e9v\u00e8le \u00eatre une tr\u00e8s grande plus-value pour le programme de r\u00e9adaptation en toxicomanie pour adolescents&#8230;\n\t<meta itemscope itemprop=\"mainEntityOfPage\" itemtype=\"https:\/\/schema.org\/WebPage\" itemid=\"https:\/\/portage.ca\/fr\/coup-denvoi-de-la-periode-des-fetes-a-cassidy-lake\/\" content=\"Coup d'envoi de la p\u00e9riode des F\u00eates \u00e0 Cassidy Lake\" \/><meta itemprop=\"datePublished\" content=\"2019-12-16\" \/><meta itemprop=\"dateModified\" content=\"2019-12-17\" \/><meta itemprop=\"name\" content=\"Portage\"\/><meta itemprop=\"url\" content=\"https:\/\/portage.ca\/fr\/author\/isabelle-saine\/\" \/><meta itemprop=\"name\" content=\"Portage\" \/><meta itemprop=\"url\" content=\"https:\/\/portage.ca\/wp-content\/uploads\/2019\/12\/Sans-titre-1_Plan-de-travail-1.jpg\" \/><meta itemprop=\"width\" content=\"3250\" \/><meta itemprop=\"height\" content=\"1250\" \/><meta itemprop=\"interactionType\" content=\"https:\/\/schema.org\/CommentAction\" \/><meta itemprop=\"userInteractionCount\" content=\"0\" \/>\n\t\t\t\t\t<a href=\"https:\/\/portage.ca\/fr\/coup-denvoi-de-la-periode-des-fetes-a-cassidy-lake\/\" title=\"Coup d'envoi de la p\u00e9riode des F\u00eates \u00e0 Cassidy Lake\"><\/a>\n\t\t\t\t\n\t\t\t\t\t\t\t\t\t<h3 itemprop=\"headline\">\n\t\t\t\t\t\t\t\t\t\t\t\t\t\tCoup d&rsquo;envoi de la p\u00e9riode des F\u00eates \u00e0 Cassidy Lake\t\t\t\t\t\t\t\t\t\t\t<\/h3>\n\t\t\t12-16-2019\t\t\t\t\t\t\n    Un arbre festif, des cadeaux attentionn\u00e9s, de la belle musique de No\u00ebl, des sucreries et beaucoup de reconnaissance, voil\u00e0 ce qui fait de&#8230;\n\t<meta itemscope itemprop=\"mainEntityOfPage\" itemtype=\"https:\/\/schema.org\/WebPage\" itemid=\"https:\/\/portage.ca\/fr\/un-biscuit-un-sourire-et-une-pince-despoir\/\" content=\"Un biscuit, un sourire et une pinc\u00e9 d'espoir\" \/><meta itemprop=\"datePublished\" content=\"2019-11-04\" \/><meta itemprop=\"dateModified\" content=\"2019-11-04\" \/><meta itemprop=\"name\" content=\"Portage\"\/><meta itemprop=\"url\" content=\"https:\/\/portage.ca\/fr\/author\/isabelle-saine\/\" \/><meta itemprop=\"name\" content=\"Portage\" \/><meta itemprop=\"url\" content=\"https:\/\/portage.ca\/wp-content\/uploads\/2019\/11\/img-\u00e0-la-une_Plan-de-travail-1-2.jpg\" \/><meta itemprop=\"width\" content=\"3125\" \/><meta itemprop=\"height\" content=\"1250\" \/><meta itemprop=\"interactionType\" content=\"https:\/\/schema.org\/CommentAction\" \/><meta itemprop=\"userInteractionCount\" content=\"0\" \/>\n\t\t\t\t\t<a href=\"https:\/\/portage.ca\/fr\/un-biscuit-un-sourire-et-une-pince-despoir\/\" title=\"Un biscuit, un sourire et une pinc\u00e9 d'espoir\"><\/a>\n\t\t\t\t\n\t\t\t\t\t\t\t\t\t<h3 itemprop=\"headline\">\n\t\t\t\t\t\t\t\t\t\t\t\t\t\tUn biscuit, un sourire et une pinc\u00e9 d&rsquo;espoir\t\t\t\t\t\t\t\t\t\t\t<\/h3>\n\t\t\t11-04-2019\t\t\t\t\t\t\n    Durant la semaine du 16 au 22 septembre 2019, Portage Atlantique s&rsquo;est associ\u00e9 \u00e0 Tim Hortons afin de recueillir des fonds pour soutenir&#8230;\n\t<meta itemscope itemprop=\"mainEntityOfPage\" itemtype=\"https:\/\/schema.org\/WebPage\" itemid=\"https:\/\/portage.ca\/fr\/portage-atlantique-rend-hommage-aux-jeunes-lors-de-sa-fete-de-la-reconnaissance\/\" content=\"Portage Atlantique rend hommage aux jeunes lors de sa F\u00eate de la reconnaissance\" \/><meta itemprop=\"datePublished\" content=\"2019-11-01\" \/><meta itemprop=\"dateModified\" content=\"2019-11-01\" \/><meta itemprop=\"name\" content=\"Portage\"\/><meta itemprop=\"url\" content=\"https:\/\/portage.ca\/fr\/author\/isabelle-saine\/\" \/><meta itemprop=\"name\" content=\"Portage\" \/><meta itemprop=\"url\" content=\"https:\/\/portage.ca\/wp-content\/uploads\/2019\/11\/DrKing-DrRussell-KRodger-Marybeth-Alex-Gage-ATL-2019-09-29.jpg\" \/><meta itemprop=\"width\" content=\"6480\" \/><meta itemprop=\"height\" content=\"3648\" \/><meta itemprop=\"interactionType\" content=\"https:\/\/schema.org\/CommentAction\" \/><meta itemprop=\"userInteractionCount\" content=\"0\" \/>\n\t\t\t\t\t<a href=\"https:\/\/portage.ca\/fr\/portage-atlantique-rend-hommage-aux-jeunes-lors-de-sa-fete-de-la-reconnaissance\/\" title=\"Portage Atlantique rend hommage aux jeunes lors de sa F\u00eate de la reconnaissance\"><\/a>\n\t\t\t\t\n\t\t\t\t\t\t\t\t\t<h3 itemprop=\"headline\">\n\t\t\t\t\t\t\t\t\t\t\t\t\t\tPortage Atlantique rend hommage aux jeunes lors de sa F\u00eate de la reconnaissance\t\t\t\t\t\t\t\t\t\t\t<\/h3>\n\t\t\t11-01-2019\t\t\t\t\t\t\n    Portage Atlantique a tenu sa F\u00eate de la reconnaissance annuelle dans son centre de r\u00e9adaptation en toxicomanie situ\u00e9 sur les rives du lac&#8230;\n\t<meta itemscope itemprop=\"mainEntityOfPage\" itemtype=\"https:\/\/schema.org\/WebPage\" itemid=\"https:\/\/portage.ca\/fr\/les-recipiendaires-des-bourses-detudes-portage-atlantique-ont-frequente-24-differents-etablissements-denseignement\/\" content=\"Les r\u00e9cipiendaires des bourses d'\u00e9tudes Portage Atlantique ont fr\u00e9quent\u00e9 24 diff\u00e9rents \u00e9tablissements d'enseignement\" \/><meta itemprop=\"datePublished\" content=\"2019-11-01\" \/><meta itemprop=\"dateModified\" content=\"2019-11-01\" \/><meta itemprop=\"name\" content=\"Portage\"\/><meta itemprop=\"url\" content=\"https:\/\/portage.ca\/fr\/author\/isabelle-saine\/\" \/><meta itemprop=\"name\" content=\"Portage\" \/><meta itemprop=\"url\" content=\"https:\/\/portage.ca\/wp-content\/uploads\/2019\/11\/img-\u00e0-la-une_Plan-de-travail-1.jpg\" \/><meta itemprop=\"width\" content=\"3125\" \/><meta itemprop=\"height\" content=\"1250\" \/><meta itemprop=\"interactionType\" content=\"https:\/\/schema.org\/CommentAction\" \/><meta itemprop=\"userInteractionCount\" content=\"0\" \/>\n\t\t\t\t\t<a href=\"https:\/\/portage.ca\/fr\/les-recipiendaires-des-bourses-detudes-portage-atlantique-ont-frequente-24-differents-etablissements-denseignement\/\" title=\"Les r\u00e9cipiendaires des bourses d'\u00e9tudes Portage Atlantique ont fr\u00e9quent\u00e9 24 diff\u00e9rents \u00e9tablissements d'enseignement\"><\/a>\n\t\t\t\t\n\t\t\t\t\t\t\t\t\t<h3 itemprop=\"headline\">\n\t\t\t\t\t\t\t\t\t\t\t\t\t\tLes r\u00e9cipiendaires des bourses d&rsquo;\u00e9tudes Portage Atlantique ont fr\u00e9quent\u00e9 24 diff\u00e9rents \u00e9tablissements d&rsquo;enseignement\t\t\t\t\t\t\t\t\t\t\t<\/h3>\n\t\t\t11-01-2019\t\t\t\t\t\t\n    Dans le cadre de l&rsquo;engagement pris par Portage Atlantique de promouvoir l&rsquo;importance de l&rsquo;\u00e9ducation, un plan d&rsquo;apprentissage est instaur\u00e9 d\u00e8s l&rsquo;entr\u00e9e dans le&#8230;\n\t\t\t\t<ul class='page-numbers'>\n\t<li>1<\/li>\n\t<li><a href=\"https:\/\/portage.ca\/fr\/page\/2\/?page_id=7208&#038;fl_builder\">2<\/a><\/li>\n\t<li><a href=\"https:\/\/portage.ca\/fr\/page\/3\/?page_id=7208&#038;fl_builder\">3<\/a><\/li>\n\t<li><a href=\"https:\/\/portage.ca\/fr\/page\/2\/?page_id=7208&#038;fl_builder\">Suivant &raquo;<\/a><\/li>\n<\/ul>\n\t\t<!-- .pp-content-posts -->\n\n","protected":false},"excerpt":{"rendered":"<p>Nouvelles de la Fondation Portage en Atlantique Informez-vous sur les activit\u00e9s de financement et de sensibilisation de la Fondation Portage en Atlantique pour le centre de r\u00e9adaptation en toxicomanie pour adolescents \u00e0 Cassidy Lake. T\u00e9moignage de Luc, programme pour adultes, 1990 01-19-2023 \u00ab Mon nom est Luc Desjardins et j&rsquo;ai 59 ans. J&rsquo;ai fait le&#8230;  <a href=\"https:\/\/portage.ca\/fr\/atlantique\/fondation\/nouvelles\/\" class=\"more-link\" title=\"Read Nouvelles de la Fondation Portage Atlantique\">Read more &raquo;<\/a><\/p>\n","protected":false},"author":13,"featured_media":10157,"parent":12649,"menu_order":0,"comment_status":"closed","ping_status":"closed","template":"","meta":{"_acf_changed":false,"footnotes":"","_links_to":"","_links_to_target":""},"class_list":["post-7208","page","type-page","status-publish","has-post-thumbnail","hentry"],"acf":[],"_links":{"self":[{"href":"https:\/\/portage.ca\/fr\/wp-json\/wp\/v2\/pages\/7208","targetHints":{"allow":["GET"]}}],"collection":[{"href":"https:\/\/portage.ca\/fr\/wp-json\/wp\/v2\/pages"}],"about":[{"href":"https:\/\/portage.ca\/fr\/wp-json\/wp\/v2\/types\/page"}],"author":[{"embeddable":true,"href":"https:\/\/portage.ca\/fr\/wp-json\/wp\/v2\/users\/13"}],"replies":[{"embeddable":true,"href":"https:\/\/portage.ca\/fr\/wp-json\/wp\/v2\/comments?post=7208"}],"version-history":[{"count":10,"href":"https:\/\/portage.ca\/fr\/wp-json\/wp\/v2\/pages\/7208\/revisions"}],"predecessor-version":[{"id":47012,"href":"https:\/\/portage.ca\/fr\/wp-json\/wp\/v2\/pages\/7208\/revisions\/47012"}],"up":[{"embeddable":true,"href":"https:\/\/portage.ca\/fr\/wp-json\/wp\/v2\/pages\/12649"}],"wp:featuredmedia":[{"embeddable":true,"href":"https:\/\/portage.ca\/fr\/wp-json\/wp\/v2\/media\/10157"}],"wp:attachment":[{"href":"https:\/\/portage.ca\/fr\/wp-json\/wp\/v2\/media?parent=7208"}],"curies":[{"name":"wp","href":"https:\/\/api.w.org\/{rel}","templated":true}]}}