{"id":7174,"date":"2011-03-15T04:00:00","date_gmt":"2011-03-15T09:00:00","guid":{"rendered":"https:\/\/portage.hamakmarketingnumerique.com\/\/historique-portage-centres-readapation"},"modified":"2026-01-09T14:10:15","modified_gmt":"2026-01-09T19:10:15","slug":"historique","status":"publish","type":"page","link":"https:\/\/portage.ca\/fr\/a-propos\/historique\/","title":{"rendered":"Historique"},"content":{"rendered":"\n<h1>\n\t\t\tNotre histoire\t<\/h1>\n<h4>\n\t\t\tDepuis sa fondation, Portage peut se targuer d&rsquo;\u00eatre issu de la communaut\u00e9, de travailler pour elle et d&rsquo;\u00eatre dirig\u00e9 par la collectivit\u00e9.\t<\/h4>\n\t<span><span><a href=\"https:\/\/portage.ca\/fr\/\">Accueil<\/a><\/span><\/span>\n\t\t\t\t<img decoding=\"async\" src=\"https:\/\/portage.ca\/wp-content\/uploads\/2016\/04\/Portage-lac-Echo-1970s-2.jpg\" alt=\"Portage Lac \u00c9cho - 1970 - hiver\" itemprop=\"image\" height=\"642\" width=\"776\" title=\"Portage lac Echo 1970s\" onerror=\"this.style.display='none'\" loading=\"lazy\" \/>\n\t<p class=\"lead\">Vers la fin des ann\u00e9es soixante, un groupe de citoyens montr\u00e9alais, pr\u00e9occup\u00e9s par la progression des d\u00e9pendances dans la ville, ont voulu trouver des solutions \u00e0 ce probl\u00e8me social.<\/p>\n<p>C&rsquo;est ainsi que Portage a vu le jour en 1970. Le nom Portage a \u00e9t\u00e9 choisi pour symboliser le processus de r\u00e9adaptation\u00a0:\u00a0trouver une fa\u00e7on de contourner un obstacle pour continuer son parcours.<\/p>\n\n<h3>\n\t\t\tPortage au Qu\u00e9bec &#8211; Depuis 1973\t<\/h3>\n\t<p>Gr\u00e2ce \u00e0 un don de la <a href=\"http:\/\/www.mcconnellfoundation.ca\/fr\" target=\"_blank\" rel=\"noopener\">Fondation de la famille J. W. McConnell<\/a>, le premier centre de Portage a ouvert ses portes le 14 f\u00e9vrier 1973 \u00e0 Pr\u00e9vost, au lac \u00c9cho dans les Laurentides. Aujourd&rsquo;hui, il abrite maintenant un <a href=\"\/fr\/quebec\/programme-adultes\/\">programme de r\u00e9adaptation pour adultes<\/a> et deux programmes de r\u00e9adaptation pour <a href=\"\/fr\/services\/programmes-adolescents\/\">adolescents<\/a>.<\/p>\n<p>Des programmes pour <a href=\"https:\/\/portage.ca\/fr\/quebec\/centre-jour-adultes\/\">adultes<\/a> et <a href=\"https:\/\/portage.ca\/fr\/quebec\/programme-adolescents-francais-ouest\/\">adolescents<\/a> sont \u00e9galement offerts dans la r\u00e9gion de Qu\u00e9bec. De plus, des programmes sp\u00e9cialis\u00e9s pour les <a href=\"https:\/\/portage.ca\/fr\/quebec\/mere-enfant\/\">femmes enceintes, les m\u00e8res avec de jeunes enfants<\/a> et les <a href=\"https:\/\/portage.ca\/fr\/quebec\/sante-mentale-et-dependance\/\">personnes souffrant de probl\u00e8mes de sant\u00e9 mentale<\/a>\u00a0sont offerts \u00e0 Montr\u00e9al.<\/p>\n<p>Des programmes de <a href=\"\/fr\/quebec\/programmes-formation-emploi\/\">formation \u00e0 l&#8217;emploi<\/a> ont \u00e9galement \u00e9t\u00e9 \u00e9tablis \u00e0 Montr\u00e9al et \u00e0 Qu\u00e9bec.<\/p>\n<h3>\n\t\t\tPortage Atlantique &#8211; Depuis 1996\t<\/h3>\n\t<p>En 1996, le centre de <a href=\"\/fr\/atlantique\/adolescents\/\">r\u00e9adaptation en d\u00e9pendance<\/a>\u00a0de Portage Atlantique pour adolescents a \u00e9t\u00e9 cr\u00e9\u00e9 \u00e0 Cassidy Lake au Nouveau-Brunswick, en collaboration avec le minist\u00e8re de la Sant\u00e9 et le minist\u00e8re de la S\u00e9curit\u00e9 publique, ainsi que divers groupes communautaires.<\/p>\n<h3>\n\t\t\tDates importantes\t<\/h3>\n\t\t\t\t\t\t\t<p>1970 &#8211; Constitution du Programme de Portage relatif \u00e0 la d\u00e9pendance de la drogue, inc.<\/p>\n\t\t\t\t\t\t\t<p>1973 &#8211; Constitution de la Fondation Portage et ouverture du centre de r\u00e9adaptation en r\u00e9sidence pour adultes \u00e0 Pr\u00e9vost, pr\u00e8s du lac \u00c9cho, au Qu\u00e9bec<\/p>\n\t\t\t\t\t\t\t<p>1975 &#8211; Ouverture du si\u00e8ge social \u00e0 Montr\u00e9al et d\u00e9marrage d&rsquo;un centre de traitement de jour et de services aux familles \u00e0 Montr\u00e9al<\/p>\n\t\t\t\t\t\t\t<p>1982 &#8211; Constitution du Centre d&rsquo;accueil Le Programme de Portage, inc.<\/p>\n\t\t\t\t\t\t\t<p>1984 &#8211; Ouverture du Centre de jour pour adultes \u00e0 Qu\u00e9bec<\/p>\n\t\t\t\t\t\t\t<p>1985 &#8211; Ouverture du Centre pour adolescents \u00e0 Elora, en Ontario<\/p>\n\t\t\t\t\t\t\t<p>1987 &#8211; Inauguration du Centre de formation \u00e0 l&#8217;emploi \u00e0 Qu\u00e9bec<\/p>\n\t\t\t\t\t\t\t<p>1991 &#8211; Ouverture du Centre pour adolescents au Lac \u00c9cho, \u00e0 Pr\u00e9vost, dans les Laurentides<\/p>\n\t\t\t\t\t\t\t<p>1995 &#8211; Ouverture du Centre Sant\u00e9 mentale et d\u00e9pendance \u00e0 Montr\u00e9al<\/p>\n\t\t\t\t\t\t\t<p>1996 &#8211; Ouverture du Centre M\u00e8re-enfant, \u00e0 Montr\u00e9al<\/p>\n\t\t\t\t\t\t\t<p>1996 &#8211; Ouverture du Centre pour adolescents et jeunes adultes \u00e0 Cassidy Lake, au Nouveau-Brunsiwck<\/p>\n\t\t\t\t\t\t\t<p>1999 &#8211; Ouverture du centre\u00a0pour adolescents \u00e0 Saint-Damien-de-Buckland, au Qu\u00e9bec<\/p>\n\t\t\t\t\t\t\t<p>2001 &#8211; Ouverture du centre pour Adolescents anglophones \u00e0 Montr\u00e9al<\/p>\n\t\t\t\t\t\t\t<p>2002 &#8211; Cr\u00e9ation du Mouvement pour l&rsquo;int\u00e9gration et la r\u00e9tention en emploi (MIRE), \u00e0 Montr\u00e9al<\/p>\n\t\t\t\t\t\t\t<p>2009 &#8211; Ouverture du centre pour adolescents \u00e0 Keremeos, en Colombie-Britannique<\/p>\n\t\t\t\t\t\t\t<p>2009 &#8211; Inauguration des Habitations Communautaires Portage Inc.<\/p>\n\t\t\t\t\t\t\t<p>2010 &#8211; Portage est agr\u00e9\u00e9 par Agr\u00e9ment Canada<\/p>\n\t\t\t\t\t\t\t<p>2011 &#8211; Portage signe une entente avec le Centre de r\u00e9adaptation Wapan, \u00e0 l&rsquo;intention des Premi\u00e8res nations du Qu\u00e9bec<\/p>\n\t\t\t\t\t\t\t<p>2013 &#8211; Portage d\u00e9veloppe un programme en externe pour la communaut\u00e9 des Inuit en prison<\/p>\n\t\t\t\t\t\t\t<p>2022 &#8211; Inauguration du pavillon Le Viking pour femmes adultes au Lac \u00c9cho<\/p>\n\t\t\t\t\t\t\t<p>2024 &#8211; Inauguration de la garderie subventionn\u00e9e La Ribambelle au centre M\u00e8re-enfant<\/p>\n\t\t\t\t\t\t\t<p>2025 &#8211; Inauguration du Pavillon Marcelle et Jean Coutu au centre pour adolescents et jeunes adultes au Lac \u00c9cho<\/p>\n\t\t\t\t\t\t\t<p>2025 &#8211; Ouverture du Programme de soutien communautaire \u00e0 Moncton, au Nouveau-Brunswick<\/p>\n\n","protected":false},"excerpt":{"rendered":"<p>Notre histoire Depuis sa fondation, Portage peut se targuer d&rsquo;\u00eatre issu de la communaut\u00e9, de travailler pour elle et d&rsquo;\u00eatre dirig\u00e9 par la collectivit\u00e9. Vers la fin des ann\u00e9es soixante, un groupe de citoyens montr\u00e9alais, pr\u00e9occup\u00e9s par la progression des d\u00e9pendances dans la ville, ont voulu trouver des solutions \u00e0 ce probl\u00e8me social. C&rsquo;est ainsi&#8230;  <a href=\"https:\/\/portage.ca\/fr\/a-propos\/historique\/\" class=\"more-link\" title=\"Read Historique\">Read more &raquo;<\/a><\/p>\n","protected":false},"author":13,"featured_media":10157,"parent":12641,"menu_order":0,"comment_status":"closed","ping_status":"closed","template":"page-full-width.php","meta":{"_acf_changed":false,"footnotes":"","_links_to":"","_links_to_target":""},"class_list":["post-7174","page","type-page","status-publish","has-post-thumbnail","hentry"],"acf":[],"_links":{"self":[{"href":"https:\/\/portage.ca\/fr\/wp-json\/wp\/v2\/pages\/7174","targetHints":{"allow":["GET"]}}],"collection":[{"href":"https:\/\/portage.ca\/fr\/wp-json\/wp\/v2\/pages"}],"about":[{"href":"https:\/\/portage.ca\/fr\/wp-json\/wp\/v2\/types\/page"}],"author":[{"embeddable":true,"href":"https:\/\/portage.ca\/fr\/wp-json\/wp\/v2\/users\/13"}],"replies":[{"embeddable":true,"href":"https:\/\/portage.ca\/fr\/wp-json\/wp\/v2\/comments?post=7174"}],"version-history":[{"count":11,"href":"https:\/\/portage.ca\/fr\/wp-json\/wp\/v2\/pages\/7174\/revisions"}],"predecessor-version":[{"id":47170,"href":"https:\/\/portage.ca\/fr\/wp-json\/wp\/v2\/pages\/7174\/revisions\/47170"}],"up":[{"embeddable":true,"href":"https:\/\/portage.ca\/fr\/wp-json\/wp\/v2\/pages\/12641"}],"wp:featuredmedia":[{"embeddable":true,"href":"https:\/\/portage.ca\/fr\/wp-json\/wp\/v2\/media\/10157"}],"wp:attachment":[{"href":"https:\/\/portage.ca\/fr\/wp-json\/wp\/v2\/media?parent=7174"}],"curies":[{"name":"wp","href":"https:\/\/api.w.org\/{rel}","templated":true}]}}