{"id":7075,"date":"2011-03-15T04:00:00","date_gmt":"2011-03-15T09:00:00","guid":{"rendered":"https:\/\/portage.hamakmarketingnumerique.com\/\/academie-programme-scolaire"},"modified":"2026-03-11T13:41:35","modified_gmt":"2026-03-11T18:41:35","slug":"ecole","status":"publish","type":"page","link":"https:\/\/portage.ca\/fr\/services\/ecole\/","title":{"rendered":"\u00c9cole sur place"},"content":{"rendered":"\n<h1>\n\t\t\t\u00c9cole sur place\t<\/h1>\n<h4>\n\t\t\tLes \u00e9tudes sont une partie importante de la vie d&rsquo;un jeune, mais elles peuvent aussi \u00eatre source de stress et de pression. Avant leur arriv\u00e9e dans nos programmes r\u00e9sidentiels, plusieurs adolescents ont des difficult\u00e9s scolaires, et certains ont m\u00eame compl\u00e8tement abandonn\u00e9 leurs \u00e9tudes. \t<\/h4>\n\t<span><span><a href=\"https:\/\/portage.ca\/fr\/\">Accueil<\/a><\/span><\/span>\n<figure itemscope itemtype=\"https:\/\/schema.org\/ImageObject\">\n\t\t\t\t<img decoding=\"async\" src=\"https:\/\/portage.ca\/wp-content\/uploads\/2022\/08\/iStock-1133835310-scaled.jpg\" alt=\"\" height=\"1707\" width=\"2560\" onerror=\"this.style.display='none'\" loading=\"lazy\" \/>\n\t<\/figure>\n\t<p class=\"lead\">Afin de les aider \u00e0 reprendre leurs apprentissages et \u00e0 r\u00e9ussir dans le milieu scolaire, tous nos centres pour adolescents offrent un programme scolaire obligatoire en partenariat avec les commissions scolaires locales.<\/p>\n<p>Chaque jeune apprend \u00e0 son rythme et reprend l&rsquo;\u00e9cole l\u00e0 o\u00f9 il l&rsquo;a laiss\u00e9e. Un plan individualis\u00e9 est \u00e9labor\u00e9 pour r\u00e9pondre \u00e0 ses besoins sp\u00e9cifiques et faciliter l&rsquo;atteinte de ses objectifs scolaires.<\/p>\n\t<p><strong>Caract\u00e9ristiques du programme<\/strong><\/p>\n<ul>\n<li><strong>Classes de petite taille<\/strong> favorisant l&rsquo;attention et la participation.<\/li>\n<li><strong>Enseignants d\u00e9vou\u00e9s et sp\u00e9cialis\u00e9s<\/strong>, sensibles au parcours th\u00e9rapeutique des jeunes.<\/li>\n<li><strong>Programmes d&rsquo;apprentissage adapt\u00e9s<\/strong> aux besoins et au rythme de chacun.<\/li>\n<\/ul>\n<h3>\n\t\t\tUne approche \u00e9ducative int\u00e9gr\u00e9e \u00e0 la th\u00e9rapie\t<\/h3>\n\t<p>Le programme scolaire \u00e0 Portage ne se limite pas aux cours classiques : il est con\u00e7u pour tenir compte du cheminement th\u00e9rapeutique des jeunes. Les enseignants travaillent en \u00e9troite collaboration avec le personnel clinique pour offrir un environnement s\u00e9curisant et bienveillant, o\u00f9 l&rsquo;\u00e9ducation s&rsquo;adapte aux besoins th\u00e9rapeutiques.<\/p>\n<ul>\n<li><strong>Flexibilit\u00e9 des horaires<\/strong> pour respecter le rythme de la th\u00e9rapie.<\/li>\n<li><strong>Accent sur la compr\u00e9hension et l&rsquo;apprentissage<\/strong>, plut\u00f4t que sur la simple r\u00e9ussite d&rsquo;examens.<\/li>\n<li><strong>Soutien imm\u00e9diat<\/strong> en cas de difficult\u00e9, gr\u00e2ce \u00e0 la proximit\u00e9 du personnel th\u00e9rapeutique.<\/li>\n<\/ul>\n<p>Chaque \u00e9l\u00e8ve a acc\u00e8s \u00e0 un ordinateur portable \u00e9quip\u00e9 de fonctionnalit\u00e9s d&rsquo;aide \u00e0 l&rsquo;apprentissage (lecture \u00e0 voix haute, texte pr\u00e9dictif, correcteurs orthographiques et grammaticaux). Les cours int\u00e8grent des supports vari\u00e9s comme des diaporamas et des vid\u00e9os pour rendre les mati\u00e8res plus accessibles et stimulantes.<\/p>\n<p>&nbsp;<\/p>\n<h3>\n\t\t\tUn avenir plein d&rsquo;espoir\t<\/h3>\n\t<p>Gr\u00e2ce \u00e0 ce programme, plusieurs jeunes ont obtenu leur dipl\u00f4me de fin d&rsquo;\u00e9tudes secondaires pendant leur s\u00e9jour, et d&rsquo;autres ont repris confiance pour poursuivre des \u00e9tudes postsecondaires. Chez Portage, l&rsquo;\u00e9ducation devient un levier essentiel pour b\u00e2tir un futur \u00e0 la hauteur de leurs ambitions.<\/p>\n\t\t\t\t<p>J&rsquo;avais perdu tout int\u00e9r\u00eat pour l&rsquo;\u00e9cole quand j&rsquo;ai commenc\u00e9 \u00e0 consommer. Chez Portage, l&rsquo;\u00e9cole est une partie importante du programme. Cela m&rsquo;a permis de retrouver mon amour pour les \u00e9tudes, ce que je ne pensais pas retrouver. J&rsquo;ai vraiment aim\u00e9 cela.<\/p>\n\t\t\t\t<h4>Francis, Centre pour adolescents et jeunes adultes, Lac \u00c9cho<\/h4>\n\t\t\t<a href=\"https:\/\/portage.ca\/fr\/quebec\/temoignages\/adultes\/\"  target=\"_self\">\n\t\t\t\t\t\t\tPlus de t\u00e9moignages\n\t\t\t\t\t<\/a>\n\t\t\t\t<p>Le concept de l&rsquo;\u00e9cole \u00e0 Portage, c&rsquo;est vraiment gagnant. Tu vas r\u00e9cup\u00e9rer des cours que tu as manqu\u00e9. \u00c7a va te remotiver \u00e0 l&rsquo;\u00e9cole.<\/p>\n\t\t\t\t<h4>Rebecca, Centre pour adolescents et jeunes adultes, Cassidy Lake<\/h4>\n\t\t\t<a href=\"https:\/\/portage.ca\/fr\/quebec\/temoignages\/adultes\/\"  target=\"_self\">\n\t\t\t\t\t\t\tPlus de t\u00e9moignages\n\t\t\t\t\t<\/a>\n<h3>\n\t\t\tProgrammes pour les jeunes (14-21 ans)\t<\/h3>\n\t\t<figure itemscope itemtype=\"https:\/\/schema.org\/ImageObject\">\n\t\t\t\t<a href=\"\/fr\/quebec\/programme-adolescents-francais-ouest\/\"  target=\"_self\" itemprop=\"url\">\n\t\t\t\t<img decoding=\"async\" src=\"https:\/\/portage.ca\/wp-content\/uploads\/2022\/10\/202208_Portage_0194.jpg\" alt=\"202208_Portage_0194\" height=\"1365\" width=\"2048\" title=\"202208_Portage_0194\" onerror=\"this.style.display='none'\" loading=\"lazy\" \/>\n\t\t\t\t<\/a>\n\t<\/figure>\n<h4><a href=\"\/fr\/quebec\/programme-adolescents-francais-ouest\/\" target=\"_self\">Qu\u00e9bec &#8211; Laurentides<\/a><\/h4><p>Pour les jeunes de l&rsquo;Ouest du Qu\u00e9bec<\/p>\n\t\t<figure itemscope itemtype=\"https:\/\/schema.org\/ImageObject\">\n\t\t\t\t<a href=\"\/fr\/atlantique\/programme-pour-adolescents-et-jeunes-adultes-en-atlantique\/\"  target=\"_self\" itemprop=\"url\">\n\t\t\t\t<img decoding=\"async\" src=\"https:\/\/portage.ca\/wp-content\/uploads\/2025\/08\/202208_Portage_0206-photoshop-scaled.png\" alt=\"202208_Portage_0206-photoshop\" height=\"1707\" width=\"2560\" title=\"202208_Portage_0206-photoshop\" onerror=\"this.style.display='none'\" loading=\"lazy\" \/>\n\t\t\t\t<\/a>\n\t<\/figure>\n<h4><a href=\"\/fr\/atlantique\/programme-pour-adolescents-et-jeunes-adultes-en-atlantique\/\" target=\"_self\">Nouveau-Brunswick &#8211; Cassidy Lake<\/a><\/h4><p>Pour les jeunes des provinces maritimes.<\/p>\n\t\t<figure itemscope itemtype=\"https:\/\/schema.org\/ImageObject\">\n\t\t\t\t<a href=\"\/fr\/quebec\/programme-adolescents-francais-est\/\"  target=\"_self\" itemprop=\"url\">\n\t\t\t\t<img decoding=\"async\" src=\"https:\/\/portage.ca\/wp-content\/uploads\/2022\/10\/20220912_Saint_Malachie_0247.jpg\" alt=\"20220912_Saint_Malachie_0247\" height=\"1365\" width=\"2048\" title=\"20220912_Saint_Malachie_0247\" onerror=\"this.style.display='none'\" loading=\"lazy\" \/>\n\t\t\t\t<\/a>\n\t<\/figure>\n<h4><a href=\"\/fr\/quebec\/programme-adolescents-francais-est\/\" target=\"_self\">Qu\u00e9bec &#8211; Chaudi\u00e8re-Appalaches<\/a><\/h4><p>Pour les jeunes francophones de l&rsquo;Est du Qu\u00e9bec<\/p>\n\n","protected":false},"excerpt":{"rendered":"<p>\u00c9cole sur place Les \u00e9tudes sont une partie importante de la vie d&rsquo;un jeune, mais elles peuvent aussi \u00eatre source de stress et de pression. Avant leur arriv\u00e9e dans nos programmes r\u00e9sidentiels, plusieurs adolescents ont des difficult\u00e9s scolaires, et certains ont m\u00eame compl\u00e8tement abandonn\u00e9 leurs \u00e9tudes. Afin de les aider \u00e0 reprendre leurs apprentissages et&#8230;  <a href=\"https:\/\/portage.ca\/fr\/services\/ecole\/\" class=\"more-link\" title=\"Read \u00c9cole sur place\">Read more &raquo;<\/a><\/p>\n","protected":false},"author":13,"featured_media":10157,"parent":12628,"menu_order":0,"comment_status":"closed","ping_status":"closed","template":"page-full-width.php","meta":{"_acf_changed":false,"footnotes":"","_links_to":"","_links_to_target":""},"class_list":["post-7075","page","type-page","status-publish","has-post-thumbnail","hentry"],"acf":[],"_links":{"self":[{"href":"https:\/\/portage.ca\/fr\/wp-json\/wp\/v2\/pages\/7075","targetHints":{"allow":["GET"]}}],"collection":[{"href":"https:\/\/portage.ca\/fr\/wp-json\/wp\/v2\/pages"}],"about":[{"href":"https:\/\/portage.ca\/fr\/wp-json\/wp\/v2\/types\/page"}],"author":[{"embeddable":true,"href":"https:\/\/portage.ca\/fr\/wp-json\/wp\/v2\/users\/13"}],"replies":[{"embeddable":true,"href":"https:\/\/portage.ca\/fr\/wp-json\/wp\/v2\/comments?post=7075"}],"version-history":[{"count":11,"href":"https:\/\/portage.ca\/fr\/wp-json\/wp\/v2\/pages\/7075\/revisions"}],"predecessor-version":[{"id":47947,"href":"https:\/\/portage.ca\/fr\/wp-json\/wp\/v2\/pages\/7075\/revisions\/47947"}],"up":[{"embeddable":true,"href":"https:\/\/portage.ca\/fr\/wp-json\/wp\/v2\/pages\/12628"}],"wp:featuredmedia":[{"embeddable":true,"href":"https:\/\/portage.ca\/fr\/wp-json\/wp\/v2\/media\/10157"}],"wp:attachment":[{"href":"https:\/\/portage.ca\/fr\/wp-json\/wp\/v2\/media?parent=7075"}],"curies":[{"name":"wp","href":"https:\/\/api.w.org\/{rel}","templated":true}]}}