{"id":49702,"date":"2026-08-25T10:33:15","date_gmt":"2026-08-25T15:33:15","guid":{"rendered":"https:\/\/portage.ca\/?page_id=49702"},"modified":"2026-08-25T12:42:08","modified_gmt":"2026-08-25T17:42:08","slug":"mieux-referer-vers-portage-saint-malachie","status":"publish","type":"page","link":"https:\/\/portage.ca\/fr\/mieux-referer-vers-portage-saint-malachie\/","title":{"rendered":"Mieux r\u00e9f\u00e9rer vers Portage &#8211; Saint-Malachie"},"content":{"rendered":"\n<h1>\n\t\t\t<b>Mieux r\u00e9f\u00e9rer<br \/>vers Portage<\/b>\t<\/h1>\n<h3>\n\t\t\tDes outils pour mieux comprendre notre programme pour adolescents et jeunes adultes (14-21 ans) \u00e0 Saint-Malachie \t<\/h3>\n\t<p class=\"lead\">Vous accompagnez des jeunes aux prises avec des enjeux de consommation ou de sant\u00e9 mentale? Cette s\u00e9rie de capsules vid\u00e9o a \u00e9t\u00e9 con\u00e7ue pour aider les professionnels, intervenants et partenaires \u00e0 mieux comprendre <a href=\"https:\/\/portage.ca\/fr\/quebec\/programme-adolescents-francais-est\/\">le programme pour\u00a0adolescents et jeunes adultes\u00a0\u00a0(14-21 ans)\u00a0de Portage \u00e0 Saint-Malachie<\/a>.\u00a0<\/p>\n<p>Vous y d\u00e9couvrirez les crit\u00e8res d&rsquo;admissibilit\u00e9, notre approche th\u00e9rapeutique, le parcours de services offert aux jeunes et \u00e0 leur entourage, ainsi que les \u00e9l\u00e9ments \u00e0 consid\u00e9rer lorsqu&rsquo;une r\u00e9f\u00e9rence vers Portage est envisag\u00e9e.\u00a0<\/p>\n\t<h2>Capsule 1 | Admissibilit\u00e9 et pr\u00e9admission\u00a0<\/h2>\n<p>&nbsp;<\/p>\n\t<h3>Comprendre l&rsquo;admissibilit\u00e9 \u00e0 Portage : qui peut b\u00e9n\u00e9ficier de nos services ?<\/h3>\n<p>Cette capsule pr\u00e9sente le processus de pr\u00e9admission, les crit\u00e8res minimaux d&rsquo;admissibilit\u00e9 ainsi que le profil des jeunes accompagn\u00e9s par Portage. Elle permet de mieux comprendre \u00e0 quel moment orienter un jeune vers nos services et rappelle que nos interventions s&rsquo;inscrivent \u00e0 diff\u00e9rents niveaux du continuum de consommation.\u00a0<\/p>\n\t\t<iframe loading=\"lazy\" title=\"Capsule 1 | Mieux r\u00e9f\u00e9rer vers Portage : admissibilit\u00e9 et pr\u00e9admission\" src=\"https:\/\/player.vimeo.com\/video\/1211456523?h=39b2672e57&amp;dnt=1&amp;app_id=122963\" width=\"580\" height=\"326\" frameborder=\"0\" allow=\"autoplay; fullscreen; picture-in-picture; clipboard-write; encrypted-media; web-share\" referrerpolicy=\"strict-origin-when-cross-origin\"><\/iframe>\t\n\t<h2>Capsule 2 | Approche th\u00e9rapeutique et fonctionnement du programme<\/h2>\n<p>&nbsp;<\/p>\n\t<h3>Au c\u0153ur du programme : l&rsquo;approche th\u00e9rapeutique Portage<\/h3>\n<p>D\u00e9couvrez le mod\u00e8le de communaut\u00e9 th\u00e9rapeutique qui guide les interventions de Portage. Cette capsule pr\u00e9sente les six phases du traitement, le r\u00f4le des intervenants ainsi que les activit\u00e9s quotidiennes qui favorisent le d\u00e9veloppement des comp\u00e9tences personnelles, sociales et relationnelles des jeunes.\u00a0<\/p>\n\t\t<iframe loading=\"lazy\" title=\"Capsule 2 | Mieux r\u00e9f\u00e9rer vers Portage : approche th\u00e9rapeutique et fonctionnement\" src=\"https:\/\/player.vimeo.com\/video\/1213298673?h=0055298618&amp;dnt=1&amp;app_id=122963\" width=\"580\" height=\"326\" frameborder=\"0\" allow=\"autoplay; fullscreen; picture-in-picture; clipboard-write; encrypted-media; web-share\" referrerpolicy=\"strict-origin-when-cross-origin\"><\/iframe>\t\n\t<h2>Capsule 3 | Parcours de services et accompagnement<\/h2>\n<p>&nbsp;<\/p>\n\t<h3>Une offre de services compl\u00e8te pour soutenir le r\u00e9tablissement<\/h3>\n<p>Cette capsule pr\u00e9sente l&rsquo;ensemble des services offerts par Portage : la th\u00e9rapie r\u00e9sidentielle de six mois, le soutien aux proches ainsi que les programmes de r\u00e9insertion sociale. Un aper\u00e7u des ressources disponibles pour accompagner les jeunes tout au long de leur parcours de r\u00e9tablissement.<\/p>\n\t\t<iframe loading=\"lazy\" title=\"Capsule 3 | Mieux r\u00e9f\u00e9rer vers Portage : parcours de services et accompagnement\" src=\"https:\/\/player.vimeo.com\/video\/1219954099?h=855e3cf9d8&amp;dnt=1&amp;app_id=122963\" width=\"580\" height=\"326\" frameborder=\"0\" allow=\"autoplay; fullscreen; picture-in-picture; clipboard-write; encrypted-media; web-share\" referrerpolicy=\"strict-origin-when-cross-origin\"><\/iframe>\t\n\n<figure itemscope itemtype=\"https:\/\/schema.org\/ImageObject\">\n\t\t\t\t<img decoding=\"async\" src=\"https:\/\/portage.ca\/wp-content\/uploads\/2023\/09\/20230905_Portage_0104.jpg\" alt=\"20230905_Portage_0104\" height=\"1365\" width=\"2048\" title=\"20230905_Portage_0104\" onerror=\"this.style.display='none'\" loading=\"lazy\" \/>\n\t<\/figure>\n\t<h2>Vous avez des questions?\u00a0<\/h2>\n<p>Notre \u00e9quipe est disponible pour r\u00e9pondre \u00e0 vos questions, discuter d&rsquo;une situation clinique ou vous guider dans le processus de r\u00e9f\u00e9rence.\u00a0<\/p>\n<p><b>Contactez-nous pour en savoir plus sur nos services et d\u00e9terminer si Portage peut r\u00e9pondre aux besoins du jeune que vous accompagnez.<\/b><\/p>\n\t<p><a href=\"mailto:info_adoqc@portage.ca?subject=Question%20concernant%20une%20r%C3%A9f%C3%A9rence%20-%20Programme%2014-21%20ans&amp;body=Bonjour,%0D%0A%0D%0AJ'aimerais%20obtenir%20plus%20d'information%20concernant%20le%20programme%20pour%20adolescents%20et%20jeunes%20adultes%20(14-21%20ans)%20de%20Portage%20%C3%A0%20Saint-Malachie.%0D%0A%0D%0ANom%20:%0D%0AOrganisation%20:%0D%0ATitre%20:%0D%0AT%C3%A9l%C3%A9phone%20:%0D%0A%0D%0AQuestion%20ou%20demande%20:%0D%0A%0D%0AMerci,\" target=\"_blank\" rel=\"noopener\">Nous contacter<\/a><\/p>\n\n","protected":false},"excerpt":{"rendered":"<p>Mieux r\u00e9f\u00e9rervers Portage Des outils pour mieux comprendre notre programme pour adolescents et jeunes adultes (14-21 ans) \u00e0 Saint-Malachie Vous accompagnez des jeunes aux prises avec des enjeux de consommation ou de sant\u00e9 mentale? Cette s\u00e9rie de capsules vid\u00e9o a \u00e9t\u00e9 con\u00e7ue pour aider les professionnels, intervenants et partenaires \u00e0 mieux comprendre le programme pour\u00a0adolescents&#8230;  <a href=\"https:\/\/portage.ca\/fr\/mieux-referer-vers-portage-saint-malachie\/\" class=\"more-link\" title=\"Read Mieux r\u00e9f\u00e9rer vers Portage &#8211; Saint-Malachie\">Read more &raquo;<\/a><\/p>\n","protected":false},"author":13,"featured_media":49703,"parent":0,"menu_order":0,"comment_status":"closed","ping_status":"closed","template":"page-full-width.php","meta":{"_acf_changed":false,"footnotes":"","_links_to":"","_links_to_target":""},"class_list":["post-49702","page","type-page","status-publish","has-post-thumbnail","hentry"],"acf":[],"_links":{"self":[{"href":"https:\/\/portage.ca\/fr\/wp-json\/wp\/v2\/pages\/49702","targetHints":{"allow":["GET"]}}],"collection":[{"href":"https:\/\/portage.ca\/fr\/wp-json\/wp\/v2\/pages"}],"about":[{"href":"https:\/\/portage.ca\/fr\/wp-json\/wp\/v2\/types\/page"}],"author":[{"embeddable":true,"href":"https:\/\/portage.ca\/fr\/wp-json\/wp\/v2\/users\/13"}],"replies":[{"embeddable":true,"href":"https:\/\/portage.ca\/fr\/wp-json\/wp\/v2\/comments?post=49702"}],"version-history":[{"count":5,"href":"https:\/\/portage.ca\/fr\/wp-json\/wp\/v2\/pages\/49702\/revisions"}],"predecessor-version":[{"id":49712,"href":"https:\/\/portage.ca\/fr\/wp-json\/wp\/v2\/pages\/49702\/revisions\/49712"}],"wp:featuredmedia":[{"embeddable":true,"href":"https:\/\/portage.ca\/fr\/wp-json\/wp\/v2\/media\/49703"}],"wp:attachment":[{"href":"https:\/\/portage.ca\/fr\/wp-json\/wp\/v2\/media?parent=49702"}],"curies":[{"name":"wp","href":"https:\/\/api.w.org\/{rel}","templated":true}]}}