{"id":49582,"date":"2026-08-11T15:27:59","date_gmt":"2026-08-11T20:27:59","guid":{"rendered":"https:\/\/portage.ca\/gala-le-pouvoir-du-changement\/"},"modified":"2026-08-20T10:49:11","modified_gmt":"2026-08-20T15:49:11","slug":"gala-le-pouvoir-du-changement","status":"publish","type":"page","link":"https:\/\/portage.ca\/fr\/gala-le-pouvoir-du-changement\/","title":{"rendered":"Gala Le pouvoir du changement"},"content":{"rendered":"\n<h1>\n\t\t\t<b>Gala<br \/>Le pouvoir du changement<\/b>\t<\/h1>\n<h3>\n\t\t\tC\u00e9l\u00e9brons les 30 ans de Portage Atlantique\t<\/h3>\n\t<p class=\"lead\">Bienvenue et merci de votre int\u00e9r\u00eat pour le Gala Le pouvoir du changement. En partenariat avec les <a href=\"https:\/\/can01.safelinks.protection.outlook.com\/?url=https%3A%2F%2Fwww.e-district.org%2Fsites%2Fn1%2Findex.php&amp;data=05%7C02%7Clbisson%40portage.ca%7Ca2c18848068d4998aad308def96101a9%7Cd2618288e96347f1a321891ab707a928%7C0%7C0%7C639222392211153030%7CUnknown%7CTWFpbGZsb3d8eyJFbXB0eU1hcGkiOnRydWUsIlYiOiIwLjAuMDAwMCIsIlAiOiJXaW4zMiIsIkFOIjoiTWFpbCIsIldUIjoyfQ%3D%3D%7C0%7C%7C%7C&amp;sdata=%2BvQADbQS8etfNW4v9D41Te8wmaPLHLAd4K8VT9xVtYU%3D&amp;reserved=0\" target=\"_blank\" rel=\"noopener\">Lions du district N1<\/a>, commanditaire exclusif de la cat\u00e9gorie Champion de la libert\u00e9, nous sommes fiers de vous pr\u00e9senter une soir\u00e9e m\u00e9morable c\u00e9l\u00e9brant trente ans d&rsquo;espoir, de r\u00e9silience et de transformation.<\/p>\n<p><strong>Joignez-vous \u00e0 nous le jeudi 5 novembre 2026 au Centre des congr\u00e8s de Fredericton.<\/strong><\/p>\n<ul>\n<li>R\u00e9ception : 18 h<\/li>\n<li>Souper et programme de la soir\u00e9e : de 19 h \u00e0 21 h<\/li>\n<li>T\u00e9moignages inspirants de finissants de Portage Atlantique<\/li>\n<li>Tirage d&rsquo;un grand prix de 5 000 $ et nombreux prix \u00e0 gagner<\/li>\n<\/ul>\n<p><em>Au profit des programmes de Portage Atlantique.<\/em><\/p>\n\t\t\t<a href=\"https:\/\/wl.donorperfect.net\/weblink\/weblink.aspx?name=E910001QF&#038;id=66\"  target=\"_blank\" rel=\"noopener\"    rel=\"noopener\">\n\t\t\t\t\t\t\tAchetez vos billets ou devenez commanditaire\n\t\t\t\t\t<\/a>\n<figure itemscope itemtype=\"https:\/\/schema.org\/ImageObject\">\n\t\t\t\t<a href=\"https:\/\/wl.donorperfect.net\/weblink\/weblink.aspx?name=E910001QF&#038;id=66\"  target=\"_blank\" rel=\"noopener\"  itemprop=\"url\">\n\t\t\t\t<img decoding=\"async\" src=\"https:\/\/portage.ca\/wp-content\/uploads\/2026\/08\/Power-of-Change-Gala.jpg\" alt=\"Power of Change Gala\" height=\"1080\" width=\"2080\" title=\"Power of Change Gala\" onerror=\"this.style.display='none'\" loading=\"lazy\" \/>\n\t\t\t\t<\/a>\n\t<\/figure>\n        \t<a href=\"https:\/\/www.lionsclubs.org\/en\" target=\"_blank\" rel=\"nofollow noopener\">            \n\t\t\t\t\t\t<img decoding=\"async\" src=\"https:\/\/portage.ca\/wp-content\/uploads\/2016\/04\/Lions-Club.png\" alt=\"Lions Club - Portage\" data-no-lazy=\"1\" \/>\t\t\t\t\t\n                            <p>Lions Club<\/p>\n            <\/a>\t\t\n        \t<a href=\"https:\/\/www.saintjohnlng.com\/\" target=\"_blank\" rel=\"nofollow noopener\">            \n\t\t\t\t\t\t<img decoding=\"async\" src=\"https:\/\/portage.ca\/wp-content\/uploads\/2023\/02\/AF_REPSOL_SAINT_JOHN_POS_RGB.png\" alt=\"Saint John LNG\" data-no-lazy=\"1\" \/>\t\t\t\t\t\n                            <p>Saint John LNG<\/p>\n            <\/a>\t\t\n        \t<a href=\"https:\/\/www.fredfdn.ca\/\" target=\"_blank\" rel=\"nofollow noopener\">            \n\t\t\t\t\t\t<img decoding=\"async\" src=\"https:\/\/portage.ca\/wp-content\/uploads\/2023\/02\/FCF-Colour-Logo.png\" alt=\"Fredericton Community Foundation\" data-no-lazy=\"1\" \/>\t\t\t\t\t\n                            <p>Fredericton Community Foundation<\/p>\n            <\/a>\t\t\n        \t<a href=\"https:\/\/www.alc.ca\/content\/alc\/en.html\" target=\"_blank\" rel=\"nofollow noopener\">            \n\t\t\t\t\t\t<img decoding=\"async\" src=\"https:\/\/portage.ca\/wp-content\/uploads\/2022\/08\/AL_ComProud_Vertical_BIL_Colour_New.png\" alt=\"ALC\" data-no-lazy=\"1\" \/>\t\t\t\t\t\n                            <p>ALC<\/p>\n            <\/a>\t\t\n        \t<a href=\"https:\/\/www.uct.org\/\" target=\"_blank\" rel=\"nofollow noopener\">            \n\t\t\t\t\t\t<img decoding=\"async\" src=\"https:\/\/portage.ca\/wp-content\/uploads\/2016\/04\/UCT.jpg\" alt=\"UCT logo - Portage\" data-no-lazy=\"1\" \/>\t\t\t\t\t\n                            <p>UTC<\/p>\n            <\/a>\t\t\n        \t<a href=\"http:\/\/sistersofcharityic.com\/\" target=\"_blank\" rel=\"nofollow noopener\">            \n\t\t\t\t\t\t<img decoding=\"async\" src=\"https:\/\/portage.ca\/wp-content\/uploads\/2016\/05\/Laus-Deo-logo.jpg\" alt=\"Laus Deo logo - Portage\" data-no-lazy=\"1\" \/>\t\t\t\t\t\n                            <p>Sisters of Charity<\/p>\n            <\/a>\t\t\n        \t<a href=\"http:\/\/macmurrayfoundation.ca\/\" target=\"_blank\" rel=\"nofollow noopener\">            \n\t\t\t\t\t\t<img decoding=\"async\" src=\"https:\/\/portage.ca\/wp-content\/uploads\/2016\/04\/MacMurray-Foundation.png\" alt=\"MacMurray Foundation logo - Portage\" data-no-lazy=\"1\" \/>\t\t\t\t\t\n                            <p>MacMurray Foundation<\/p>\n            <\/a>\t\t\n        \t<a href=\"http:\/\/nbchildren.com\/\" target=\"_blank\" rel=\"nofollow noopener\">            \n\t\t\t\t\t\t<img decoding=\"async\" src=\"https:\/\/portage.ca\/wp-content\/uploads\/2016\/03\/NBCF-Logo-Name.jpg\" alt=\"New Brunswick children's foundation logo - Portage\" data-no-lazy=\"1\" \/>\t\t\t\t\t\n                            <p>NB Children Foundation<\/p>\n            <\/a>\t\t\n\t\t\t<button>Next<\/button>\n\t\t<button>Previous<\/button>\n<h3>\n\t\t\tUn h\u00e9ritage porteur de changement\t<\/h3>\n\t<style>\na {\n    text-decoration: none;\n    color: #464feb;\n}\ntr th, tr td {\n    border: 1px solid #e6e6e6;\n}\ntr th {\n    background-color: #f5f5f5;\n}\n<\/style>\n\n<ul>\n<li><strong>30 ans<\/strong> de service dans les provinces de l&rsquo;Atlantique<\/li>\n<li>Plus de <strong>3 500 jeunes<\/strong> accompagn\u00e9s<\/li>\n<li>Des milliers de familles soutenues<\/li>\n<li>Un impact durable dans les familles et les communaut\u00e9s<\/li>\n<\/ul>\n<p><em>Derri\u00e8re chaque chiffre se trouve un jeune, une famille et un avenir transform\u00e9.<\/em><\/p>\n\t<h2>Pourquoi participer au Gala Le pouvoir du changement?<\/h2>\n\t<p>Le Gala Le pouvoir du changement est notre \u00e9v\u00e9nement-b\u00e9n\u00e9fice phare soulignant le 30e anniversaire de Portage Atlantique.<\/p>\n<p>En y participant, vous contribuez \u00e0 assurer l&rsquo;acc\u00e8s des jeunes et de leurs familles \u00e0 des services de r\u00e9adaptation et de soutien qui changent des vies.<\/p>\n<p>Joignez-vous \u00e0 nos partenaires, leaders communautaires, entreprises, finissants, familles et b\u00e9n\u00e9voles pour une soir\u00e9e inspirante plac\u00e9e sous le signe de la reconnaissance et de la transformation.<\/p>\n<p><strong>D\u00e9tails de l&rsquo;\u00e9v\u00e9nement<\/strong><\/p>\n<ul>\n<li>5 novembre 2026<\/li>\n<li>Fredericton (Nouveau-Brunswick)<\/li>\n<li>En partenariat avec les <a href=\"https:\/\/www.e-district.org\/sites\/n1\/index.php\" target=\"_blank\" rel=\"noopener\">Lions du district N1<\/a><\/li>\n<\/ul>\n\t\t\t<a href=\"https:\/\/wl.donorperfect.net\/weblink\/weblink.aspx?name=E910001QF&#038;id=66\"  target=\"_blank\" rel=\"noopener\"    rel=\"noopener\">\n\t\t\t\t\t\t\tR\u00e9servez votre place\n\t\t\t\t\t<\/a>\n<h3>\n\t\t\t30 ans de transformation\t<\/h3>\n\t<p>Depuis trois d\u00e9cennies, Portage Atlantique aide les jeunes \u00e0 reprendre leur vie en main et \u00e0 renouer avec leur famille et leur communaut\u00e9.<\/p>\n\t\t\t<a href=\"https:\/\/portage.ca\/fr\/atlantique\/programme-pour-adolescents-et-jeunes-adultes-en-atlantique\/\"  target=\"_self\">\n\t\t\t\t\t\t\tD\u00e9couvrez 30 ans d&rsquo;histoires\n\t\t\t\t\t<\/a>\n\t\t<iframe loading=\"lazy\" title=\"30 Years. 30 Stories. 1 Mission.\" src=\"https:\/\/player.vimeo.com\/video\/1216168293?h=0929963399&amp;dnt=1&amp;app_id=122963\" width=\"580\" height=\"580\" frameborder=\"0\" allow=\"autoplay; fullscreen; picture-in-picture; clipboard-write; encrypted-media; web-share\" referrerpolicy=\"strict-origin-when-cross-origin\"><\/iframe>\t\n\t\t\t\t<p>Nous accomplissons des miracles \u00e0 Cassidy Lake. Nous accueillons des jeunes aux prises avec la d\u00e9pendance et, \u00e0 la fin de leur th\u00e9rapie, ils sont mieux pr\u00e9par\u00e9s \u00e0 relever les d\u00e9fis de la vie.<\/p>\n\t\t\t\t<h4> &#8211;  Roderick Nolan, premier pr\u00e9sident du CA de Portage Atlantique (1996 \u00e0 2004)<\/h4>\n\t<h2>Soutenir les jeunes et les familles partout au Canada Atlantique<\/h2>\n\t<p>Portage Atlantique offre des services sp\u00e9cialis\u00e9s en r\u00e9adaptation et en soutien aux adolescents et aux jeunes adultes vivant avec des enjeux de d\u00e9pendance.<\/p>\n<p>Nos programmes comprennent :<\/p>\n<ul>\n<li>Programme r\u00e9sidentiel pour les jeunes (14 \u00e0 21 ans)<\/li>\n<li>Services de soutien \u00e0 la famille<\/li>\n<li>Programme de soutien communautaire<\/li>\n<li>Soutien scolaire et d\u00e9veloppement des comp\u00e9tences de vie<\/li>\n<\/ul>\n<p>Notre objectif est simple : aider les jeunes \u00e0 b\u00e2tir les bases d&rsquo;un avenir plus sain.<\/p>\n\t\t\t<a href=\"https:\/\/portage.ca\/fr\/atlantique\/\"  target=\"_blank\" rel=\"noopener\"    rel=\"noopener\">\n\t\t\t\t\t\t\tEn savoir plus sur Portage Atlantique\n\t\t\t\t\t<\/a>\n<h3>\n\t\t\tFaites partie des 30 prochaines ann\u00e9es\t<\/h3>\n<p>Le besoin de soutien demeure bien r\u00e9el.<\/p>\n<p>Votre participation aide Portage Atlantique \u00e0 offrir espoir, reconstruction et possibilit\u00e9s aux jeunes et aux familles touch\u00e9s par la d\u00e9pendance.<\/p>\n<p><strong>Achetez vos billets d\u00e8s aujourd&rsquo;hui et c\u00e9l\u00e9brez avec nous 30 ans de transformation.<\/strong><\/p>\n\t\t\t<a href=\"https:\/\/wl.donorperfect.net\/weblink\/weblink.aspx?name=E910001QF&#038;id=66\"  target=\"_blank\" rel=\"noopener\"    rel=\"noopener\">\n\t\t\t\t\t\t\tACHETER DES BILLETS\n\t\t\t\t\t<\/a>\n<figure itemscope itemtype=\"https:\/\/schema.org\/ImageObject\">\n\t\t\t\t<a href=\"https:\/\/wl.donorperfect.net\/weblink\/weblink.aspx?name=E910001QF&#038;id=66\"  target=\"_blank\" rel=\"noopener\"  itemprop=\"url\">\n\t\t\t\t<img decoding=\"async\" src=\"https:\/\/portage.ca\/wp-content\/uploads\/2026\/08\/Gala-Logo-FR.png\" alt=\"Gala Logo FR\" height=\"2000\" width=\"2000\" title=\"Gala Logo FR\" onerror=\"this.style.display='none'\" loading=\"lazy\" \/>\n\t\t\t\t<\/a>\n\t<\/figure>\n\t<h3>Nouvelles de Portage Atlantique<\/h3>\n\t<h2>Les programmes de Portage Atlantique<\/h2>\n<figure itemscope itemtype=\"https:\/\/schema.org\/ImageObject\">\n\t\t\t\t<a href=\"https:\/\/portage.ca\/fr\/atlantique\/programme-pour-adolescents-et-jeunes-adultes-en-atlantique\/\"  target=\"_self\" itemprop=\"url\">\n\t\t\t\t<img decoding=\"async\" src=\"https:\/\/portage.ca\/wp-content\/uploads\/2022\/08\/iStock-976103260-scaled.jpg\" alt=\"\" height=\"1707\" width=\"2560\" onerror=\"this.style.display='none'\" loading=\"lazy\" \/>\n\t\t\t\t<\/a>\n\t<\/figure>\n\t<h3><a href=\"https:\/\/portage.ca\/fr\/atlantique\/programme-pour-adolescents-et-jeunes-adultes-en-atlantique\/\">Programme r\u00e9sidentiel pour les jeunes (14 \u00e0 21 ans)<\/a><\/h3>\n<figure itemscope itemtype=\"https:\/\/schema.org\/ImageObject\">\n\t\t\t\t<a href=\"https:\/\/portage.ca\/fr\/atlantique\/programme-soutien-communautaire-moncton-portage-atlantique\/\"  target=\"_self\" itemprop=\"url\">\n\t\t\t\t<img decoding=\"async\" src=\"https:\/\/portage.ca\/wp-content\/uploads\/2023\/08\/4376136-208016459.jpg\" alt=\"4376136-208016459\" height=\"600\" width=\"900\" title=\"4376136-208016459\" onerror=\"this.style.display='none'\" loading=\"lazy\" \/>\n\t\t\t\t<\/a>\n\t<\/figure>\n\t<h3><a href=\"https:\/\/portage.ca\/fr\/atlantique\/programme-soutien-communautaire-moncton-portage-atlantique\/\">Programme de soutien communautaire de Moncton<\/a><\/h3>\n\n","protected":false},"excerpt":{"rendered":"<p>GalaLe pouvoir du changement C\u00e9l\u00e9brons les 30 ans de Portage Atlantique Bienvenue et merci de votre int\u00e9r\u00eat pour le Gala Le pouvoir du changement. En partenariat avec les Lions du district N1, commanditaire exclusif de la cat\u00e9gorie Champion de la libert\u00e9, nous sommes fiers de vous pr\u00e9senter une soir\u00e9e m\u00e9morable c\u00e9l\u00e9brant trente ans d&rsquo;espoir, de&#8230;  <a href=\"https:\/\/portage.ca\/fr\/gala-le-pouvoir-du-changement\/\" class=\"more-link\" title=\"Read Gala Le pouvoir du changement\">Read more &raquo;<\/a><\/p>\n","protected":false},"author":13,"featured_media":10157,"parent":0,"menu_order":0,"comment_status":"closed","ping_status":"closed","template":"page-full-width.php","meta":{"_acf_changed":false,"footnotes":"","_links_to":"","_links_to_target":""},"class_list":["post-49582","page","type-page","status-publish","has-post-thumbnail","hentry"],"acf":[],"_links":{"self":[{"href":"https:\/\/portage.ca\/fr\/wp-json\/wp\/v2\/pages\/49582","targetHints":{"allow":["GET"]}}],"collection":[{"href":"https:\/\/portage.ca\/fr\/wp-json\/wp\/v2\/pages"}],"about":[{"href":"https:\/\/portage.ca\/fr\/wp-json\/wp\/v2\/types\/page"}],"author":[{"embeddable":true,"href":"https:\/\/portage.ca\/fr\/wp-json\/wp\/v2\/users\/13"}],"replies":[{"embeddable":true,"href":"https:\/\/portage.ca\/fr\/wp-json\/wp\/v2\/comments?post=49582"}],"version-history":[{"count":3,"href":"https:\/\/portage.ca\/fr\/wp-json\/wp\/v2\/pages\/49582\/revisions"}],"predecessor-version":[{"id":49618,"href":"https:\/\/portage.ca\/fr\/wp-json\/wp\/v2\/pages\/49582\/revisions\/49618"}],"wp:featuredmedia":[{"embeddable":true,"href":"https:\/\/portage.ca\/fr\/wp-json\/wp\/v2\/media\/10157"}],"wp:attachment":[{"href":"https:\/\/portage.ca\/fr\/wp-json\/wp\/v2\/media?parent=49582"}],"curies":[{"name":"wp","href":"https:\/\/api.w.org\/{rel}","templated":true}]}}