{"id":44831,"date":"2025-08-07T09:25:02","date_gmt":"2025-08-07T14:25:02","guid":{"rendered":"https:\/\/portage.ca\/?page_id=44831"},"modified":"2025-11-11T11:45:17","modified_gmt":"2025-11-11T16:45:17","slug":"annual-report-2024-2025","status":"publish","type":"page","link":"https:\/\/portage.ca\/en\/annual-report-2024-2025\/","title":{"rendered":"Annual report 2024 &#8211; 2025"},"content":{"rendered":"\n<h5>\n\t\t<a href=\"https:\/\/portage.ca\/fr\/rapport-annuel-2024-2025\/\" title=\"FR\"  target=\"_self\">\n\t\t\tFR\t\t<\/a>\n\t<\/h5>\n\t\t\t\t<a href=\"https:\/\/portage.ca\/en\/\"  target=\"_blank\" rel=\"noopener\"  itemprop=\"url\">\n\t\t\t\t<img decoding=\"async\" src=\"https:\/\/portage.ca\/wp-content\/uploads\/2025\/07\/portage-logo-white.png\" alt=\"portage-logo-white\" itemprop=\"image\" height=\"75\" width=\"183\" title=\"portage-logo-white\" onerror=\"this.style.display='none'\" loading=\"lazy\" \/>\n\t\t\t\t<\/a>\n<h1  data-animation-delay=\"0.5\" data-animation-duration=\"1\">\n\t\t\t2024-2025 Annual report\t<\/h1>\n<h3  data-animation-delay=\"0.5\" data-animation-duration=\"1\">\n\t\t\tChallenges met, hundreds of people helped\t<\/h3>\n<h5>\n\t\t<a href=\"#activites\" title=\"Highlights\"  target=\"_self\">\n\t\t\tHighlights\t\t<\/a>\n\t<\/h5>\n<h5>\n\t\t<a href=\"#impacts\" title=\"Impacts\"  target=\"_self\">\n\t\t\tImpacts\t\t<\/a>\n\t<\/h5>\n<h5>\n\t\t<a href=\"#fondations\" title=\"Foundations\"  target=\"_self\">\n\t\t\tFoundations\t\t<\/a>\n\t<\/h5>\n<h5>\n\t\t<a href=\"#gouvernance\" title=\"Governance\"  target=\"_self\">\n\t\t\tGovernance\t\t<\/a>\n\t<\/h5>\n<h5>\n\t\t<a href=\"#finances\" title=\"Finances\"  target=\"_self\">\n\t\t\tFinances\t\t<\/a>\n\t<\/h5>\n<h5>\n\t\t<a href=\"https:\/\/portage.ca\/fr\/rapport-annuel-2024-2025\/\" title=\"FR\"  target=\"_self\">\n\t\t\tFR\t\t<\/a>\n\t<\/h5>\n<h2>\n\t\t\tA Word from the President and CEO  \t<\/h2>\n\t<p class=\"lead\"><strong>Dear Members of the Portage Community,<\/strong><\/p>\n<p>I accepted the role of President and CEO of Portage last September with a feeling of profound humility and a deep sense of responsibility. From my very first days leading this exceptional organization, I have been inspired by the remarkable dedication of our teams, the excellent quality of services provided, the resilience of our residents and the powerful bond that unites us all around a shared goal: helping individuals overcome substance dependence and rediscover hope, dignity and autonomy.<\/p>\n<p>When I took on this role, I inherited a rich legacy that has been developed over the decades by passionate and committed people. Their legacy inspires me every day to exercise leadership that is human, thorough and focused on innovation. As the need for mental health and substance dependence treatment continues to evolve, Portage must be more agile, creative and bold than ever before while staying true to its core principles.<\/p>\n<p>Over the past year, I have visited several of our centres and spoken with members of our clinical and administrative teams as well as partners and donors. This proximity has strengthened my conviction that Portage is a vital source of support for thousands of adolescents, adults and families across the country. Together, we change lives.<\/p>\n<p><strong>A New Leadership Cycle and Vision\u00a0 <\/strong><\/p>\n<p>The past year marked a pivotal phase in the history of Portage, borne by a will to structure our governance process and ensure a healthy division of powers. After more than fifty years of operation, a major and forward-looking transition has started taking shape with the separation of tasks previously assumed by the founding president. In 2024, this transition ushered in an important period of organizational transformation for the board of trustees, executive management and related entities.<\/p>\n\t<p>The appointment of a new chairman of the board of trustees in September 2023, followed by my appointment as president and CEO in 2024, marked the beginning of a renewed governance and leadership cycle. As part of this renewal, several organizational measures were introduced: adopting a new organizational chart for our headquarters, reviewing the mandates of the board of trustees&#8217; standing committees and updating our general by-laws. All these measures have strengthened our ability to meet future challenges and seize new opportunities, for the benefit of our mission and the people we help.<\/p>\n<p><strong>Resilience and Partnerships for a Sound Future<\/strong><\/p>\n<p>Faced with major financial challenges, we had to make some hard decisions over the past year, including reducing our accommodation capacity in the province of Qu\u00e9bec by 24%. While difficult, this measure was vital to preserving what makes us strong: the quality and integrity of our services.<\/p>\n<p>In Ontario, a significant chapter of our history came to an end with the closing of our facilities in the province. While this was a difficult decision, we made sure it was implemented with care by providing support to each person affected by the closures, until their rehabilitation journey was completed. Our aftercare services and family support groups were maintained. Ensuring the continuity of these services reflects our steadfast commitment to the people we support.\u00a0 Today, we look to the future with confidence. A new agreement with the Qu\u00e9bec government is nearing completion and our partnership with the government of New Brunswick remains strong, with a shared commitment to developing and expanding our services in the province. Portage is committed to remaining a trusted partner for governments and health networks that rely on us.<\/p>\n<p>With this in mind,<strong>\u00a0<\/strong>Portage maintains and develops strategic alliances with many partners, including entities from the Government of New Brunswick and the Government of Quebec-particularly Sant\u00e9 Qu\u00e9bec-as well as hospitals, the justice system, organizations providing support for mental health and homelessness, First Nations and Inuit communities, and the Universit\u00e9 de Sherbrooke. Through this collaboration, our employees have the opportunity to earn a certificate in addiction studies while continuing to work, fostering the professional development of our teams.<\/p>\n<p>Our expertise has been highlighted in academic and professional circles. This year, as part of the AFINet convention, two conferences were held at Laval University: one on family support groups in the context of external therapy services and another on parent and adolescent support groups.<\/p>\n<p>These strategic partnerships strengthen the stability of our organization and reinforce our mission: to provide rehabilitation and social reintegration services that rise to the aspirations and challenges of all those in need.<\/p>\n<p><strong>The Invaluable Contribution of Community Support<\/strong><\/p>\n<p>Among the partners who, year after year, enable us to pursue our mission with hundreds of individuals are our donors, to whom we extend our heartfelt gratitude. All those who choose to support our mission help us enhance our services and respond more effectively to the needs of our residents. Giving to Portage is far more than a financial contribution, it is a concrete commitment and a powerful expression of trust in those we serve.<\/p>\n<p>Thanks to the support Portage receives, we are confident in our ability to carry forward our mission, to innovate, and to further strengthen our impact in the community. You provide us not only with the means to do so, but also with the reassurance that we are not alone in these efforts. In the year ahead, we will continue to do everything possible to honour that trust and maximize the impact of your support.<\/p>\n<p><strong>Working Together to Build a Hopeful Future<\/strong><\/p>\n<p>Building on the steps taken over the past year, we will soon begin developing our 2026-2029 strategic plan. This process will be both engaging and inclusive, bringing together all the driving forces of our organization with the goal of shaping a shared vision and establishing strong directions for the future.<\/p>\n<p>Portage wants to harness its full potential to become a force for sustainable change in the lives of individuals struggling with substance dependence. We want to offer communities accessible, innovative services that are deeply rooted in the realities of the people we help.<\/p>\n<p>In close partnership with the governments of Qu\u00e9bec and New Brunswick, and thanks to our strong network of collaborators, we are determined to respond quickly and effectively to the increasing and pressing needs of the populations we serve.<\/p>\n<p>One of our projects, to open an external day centre in Moncton, New Brunswick, will be an important milestone. Designed in cooperation with local organizations, this space will welcome and support adolescents and young adults, provide a gateway to recovery and facilitate access to all Portage services.<\/p>\n<p>True to our mission and our commitment to ongoing improvement, we are strengthening our ties with First Nations and Inuit communities to work together to design solutions that are tailored to their cultures and respectful of their values, traditions and realities.<\/p>\n<p><strong>Working Together Toward a More Supportive and Inclusive Future \u00a0<\/strong><\/p>\n<p>As we start a new page of our history, I want to extend my heartfelt thanks to all those who contribute to our mission.<\/p>\n<p>Thank you to our board of trustees for their strategic vision and their confidence.<\/p>\n<p>To the executive management and directors of our centres, whose commitment and leadership are an inspiration to our entire organization.<\/p>\n<p>I also want to thank our employees who transform lives every day through your compassion and professionalism.<\/p>\n<p>Many thanks to our donors, partners and volunteers: \u00a0please know that your support is vital in giving our residents hope for a brighter future.<\/p>\n<p>To our residents, be assured that you are at the heart of our mission. We are deeply grateful for your trust and your dedication to this journey.<\/p>\n<p>The coming year will be pivotal as we work to strengthen our impact, improve access to services and continue to innovate in order to address the realities of today and tomorrow. I am convinced that we will achieve these objectives by building on the strength of our community, employees, donors, volunteers, partners and friends.<\/p>\n<p>Together, we are not only supporting people during their recovery, we are building a stronger, more inclusive and more compassionate society.<\/p>\n\t\t\t\t<a href=\"https:\/\/portage.ca\/wp-content\/uploads\/2025\/07\/Paul-Cote-2.png\"  target=\"_self\" itemprop=\"url\">\n\t\t\t\t<img decoding=\"async\" src=\"https:\/\/portage.ca\/wp-content\/uploads\/2025\/07\/Paul-Cote-2.png\" alt=\"Paul C\u00f4t\u00e9 2\" itemprop=\"image\" height=\"1112\" width=\"903\" title=\"Paul C\u00f4t\u00e9 2\" onerror=\"this.style.display='none'\" loading=\"lazy\" \/>\n\t\t\t\t<\/a>\n\t<strong>Paul C\u00f4t\u00e9<br \/>\n<\/strong><em>Chair of the Board of Trustees<\/em>\n<h2>\n\t\t\tA Word from the Chair of the Board of Trustees\t<\/h2>\n\t<p>In 2023, I had the honour of being appointed Chair of the Portage Board of Trustees. I took up my mandate with three clearly defined and structuring goals: to clarify the division of roles between the chairmanship of the Board and the executive management of the organization; to oversee and highlight the rigorous process that led to the hiring of the new president and chief executive officer; and, lastly, to conduct a thorough review of our general by-laws in accordance with the requirements of a modern, transparent and efficient governance process.<\/p>\n<p>These undertakings were carried out in a thorough, open and highly collaborative manner. Today, as my term comes to a close, I am leaving behind a strong foundation that will support Portage during its new governance and leadership cycle. This transition follows the departure of our founding president and marks a pivotal moment as Portage embarks on a period of renewal that will preserve its spirit while strengthening its organizational structure and its resilience for years to come.<\/p>\n<p>I wish to convey my deep gratitude to the members of the Board of Trustees for their steadfast commitment, to Mr.\u00a0Peter Howlett for his founding vision of Portage and his outstanding contribution throughout the decades, to Ms.\u00a0Genevi\u00e8ve Lefebvre, our new president and chief executive officer, for her inspiring energy and her determination, and to the management team and employees of Portage for their dedication to the youth and adults we support.<\/p>\n<p>Thanks to you, Portage is ready to write a new chapter of its history.<\/p>\n\t\t\t<a href=\"https:\/\/portage.ca\/en\/about\/\" target=\"_blank\" rel=\"noopener\">\n\t\t\t\t\t\t\tMISSION, VISION, VALUES\n\t\t\t\t\t<\/a>\n\t\t\t\t<img decoding=\"async\" src=\"https:\/\/portage.ca\/wp-content\/uploads\/2025\/08\/Map-Portage-2025-ENG-scaled.png\" alt=\"Map Portage 2025 - ENG\" itemprop=\"image\" title=\"Map Portage 2025 - ENG\" onerror=\"this.style.display='none'\" loading=\"lazy\" \/>\n<h2>\n\t\t\tOur Programs\t<\/h2>\n\t<p><a href=\"https:\/\/portage.ca\/en\/atlantic\/adolescent-program\/\" target=\"_blank\" rel=\"noopener\">Centre for Youth in Atlantic<\/a><\/p>\n<p><a href=\"https:\/\/portage.ca\/en\/quebec\/french-adolescent-program-west\/\" target=\"_blank\" rel=\"noopener\">Centre for Youth in Quebec<\/a><\/p>\n<p><a href=\"https:\/\/portage.ca\/en\/quebec\/french-adolescent-program-east\/\" target=\"_blank\" rel=\"noopener\">Centre for Francophone Youth in Eastern Quebec<\/a><\/p>\n<p><a href=\"https:\/\/portage.ca\/en\/quebec\/adult-program\/\" target=\"_blank\" rel=\"noopener\">Centre for Adults<\/a><\/p>\n<p><a href=\"https:\/\/portage.ca\/en\/quebec\/adult-day-centre-program\/\" target=\"_blank\" rel=\"noopener\">Day Centre for Adults in Quebec City<\/a><\/p>\n<p><a href=\"https:\/\/portage.ca\/en\/quebec\/mother-child-program\/\" target=\"_blank\" rel=\"noopener\">Mother and Child Centre<\/a><\/p>\n<p><a href=\"https:\/\/portage.ca\/en\/quebec\/mental-health-and-addiction\/\" target=\"_blank\" rel=\"noopener\">Mental Health and Addiction Centre<\/a><\/p>\n<p><a href=\"https:\/\/portage.ca\/en\/atlantic\/foundation-atlantic\/\" target=\"_blank\" rel=\"noopener\">Portage Foundation in Atlantic<\/a><\/p>\n<p><a href=\"https:\/\/portage.ca\/en\/quebec\/foundation-quebec\/\" target=\"_blank\" rel=\"noopener\">Portage Foundation in Quebec<\/a><\/p>\n<p><a href=\"https:\/\/portage.ca\/en\/services\/supervised-apartments\/\" target=\"_blank\" rel=\"noopener\">Community Housing<\/a><\/p>\n<p><a href=\"https:\/\/portage.ca\/en\/quebec\/employment-reintegration-centre\/\" target=\"_blank\" rel=\"noopener\">Employment Reintegration Centre (Quebec City)<\/a><\/p>\n<p><a href=\"https:\/\/projetmire.com\/\" target=\"_blank\" rel=\"noopener\">Employment Reintegration Centre : MIRE (Montreal)<\/a><\/p>\n<h2  id=\"activites\">\n\t\t\tHighlights\t<\/h2>\n<h3>\n\t\t\t2024-2025: Advancing Sustainable Recovery\t<\/h3>\n\t<p>Portage is proud to offer rehabilitation services that combine rigor, compassion, and innovation. Our person-centered approach ensures attentive support at every stage of the recovery journey, with seamless transitions and ongoing support for loved ones.<\/p>\n<p>We enhance our mission through complementary services that increase the likelihood of success for our clients:<\/p>\n<ul>\n<li><strong>Free employability services<\/strong> offered through our partners (MIRE in Montreal and the training center in Quebec City)<\/li>\n<li><strong>La Ribambelle<\/strong>, a specialized daycare for mothers in recovery<\/li>\n<li><strong>41 community housing apartments<\/strong> to support post-treatment stability<\/li>\n<\/ul>\n\t\t\t\t<img decoding=\"async\" src=\"https:\/\/portage.ca\/wp-content\/uploads\/2025\/08\/A9303409-33.jpg\" alt=\"A9303409-33\" itemprop=\"image\" height=\"683\" width=\"1024\" title=\"A9303409-33\" onerror=\"this.style.display='none'\" loading=\"lazy\" \/>\n\t\t\t\t<img decoding=\"async\" src=\"https:\/\/portage.ca\/wp-content\/uploads\/2024\/03\/20221202_Portage_0064.jpg\" alt=\"20221202_Portage_0064\" itemprop=\"image\" height=\"1365\" width=\"2048\" title=\"20221202_Portage_0064\" onerror=\"this.style.display='none'\" loading=\"lazy\" \/>\n\t\t\t\t<img decoding=\"async\" src=\"https:\/\/portage.ca\/wp-content\/uploads\/2025\/08\/Portage-178_EB.jpg\" alt=\"Portage-178_EB\" itemprop=\"image\" height=\"600\" width=\"900\" title=\"Portage-178_EB\" onerror=\"this.style.display='none'\" loading=\"lazy\" \/>\n\t<p>The year 2024-2025 was marked by numerous accomplishments that strengthened our impact, including:<\/p>\n<ul>\n<li><strong>New premises for MIRE<\/strong> and strengthened partnerships with key organizations such as La Maison du P\u00e8re, Moisson Montr\u00e9al, and UQAM<\/li>\n<li><strong>Successful integration of parent-adolescent groups<\/strong> and intensive weekend sessions in Saint-Malachie, enhancing family support<\/li>\n<li><strong>Deployment of a community outreach worker<\/strong> at Lac Echo for youth prevention, made possible by the Leblanc Family Foundation<\/li>\n<li><strong>Standardization of the social reintegration program<\/strong> across Quebec, ensuring consistency and continuity in service delivery<\/li>\n<li><strong>Launch of a new English-speaking support group for families<\/strong>, promoting accessibility and cultural inclusivity<\/li>\n<li><strong>Expanded reintegration activities in collaboration with\u00a0<em>L&#8217;Atelier<\/em><\/strong>, an alternative mental health resource that uses arts and crafts as therapeutic tools for socialization and personal development, benefiting participants in the Mental Health and Addiction program.<\/li>\n<li><strong>Strengthened expertise with the addition of three new social workers to the Quebec City outpatient program<\/strong>, improving access to psychosocial assessments and mental health partnerships<\/li>\n<li><strong>Portage reaffirmed its commitment to co-develop initiatives with First Nations and Inuit community organizations,<\/strong> holding meetings with regional health bodies to discuss challenges and identify solutions collaboratively. Two Indigenous organizations in Montreal have expressed interest in partnering to create a culturally adapted treatment center aligned with the values, traditions, and realities of their communities<\/li>\n<li><strong>Initiatives led by the user committee modernized informational tools and improved communication<\/strong> regarding rights and available resources<\/li>\n<li><strong>The peer mentorship program in Atlantic Canada<\/strong> enabled the Cassidy Lake residential centre for youth to hire five youth following their therapy. This initiative aims to provide a professional opportunity for graduates of the rehabilitation program.<\/li>\n<li><strong>The reorganization of adult services and the day centre in Montreal,<\/strong> offers external support to individuals awaiting placement in a residential centre. This service helps initiate their recovery journey in a structured environment. In addition, agreements have been established with housing resources in the Montreal area to accommodate clients coming from remote regions.<\/li>\n<\/ul>\n<p>These developments reflect our unwavering commitment to innovation, collaboration, and listening &#8211; building, alongside our partners and clients, an environment that fosters sustainable recovery and successful reintegration.<\/p>\n<h3>\n\t\t\tInauguration of the Marcelle and Jean Coutu Pavilion\t<\/h3>\n\t<p>On May 6, 2025, Portage inaugurated the new Marcelle and Jean Coutu Pavilion at the Lac \u00c9cho residential centre in Pr\u00e9vost to replace a former, outdated structure built in 1939. The new pavilion welcomes adolescents and young adults struggling with addiction.<\/p>\n<p>We are proud to announce that we exceeded our fundraising goal, reaching a total of $5.3 million. Ms. Marie-Jos\u00e9e Coutu, President of the Marcelle and Jean Coutu Foundation and a Portage partner for more than 30 years, highlighted the importance of this philanthropic project. Ms. Colette Taylor, Vice President of Philanthropic Development, expressed Portage&#8217;s deep gratitude toward all its partners, and especially the Marcelle and Jean Coutu Foundation, for their outstanding support.<\/p>\n\t<h4>$5.3M<\/h4>\n\t\t\t<a href=\"https:\/\/portage.ca\/en\/inauguration-of-the-marcelle-and-jean-coutu-pavilion\/\" target=\"_blank\" rel=\"noopener\">\n\t\t\t\t\t\t\tREAD MORE\n\t\t\t\t\t<\/a>\n\t\t\t\t<a\n\t\t\thref=\"https:\/\/portage.ca\/wp-content\/uploads\/2025\/05\/sans-titre-06525-1-1024x683.jpg\"\n\t\t\t\t\t\tdata-fancybox=\"images\" \n\t\t\ttitle=\"\" \n\t\t\t\t\t\tdata-caption=\"\"\n\t\t\t\t\t\tdata-description=\"\" \n\t\t\titemprop=\"contentUrl\">\n\t\t\t<img loading=\"lazy\" decoding=\"async\" src=\"https:\/\/portage.ca\/wp-content\/uploads\/2025\/05\/sans-titre-06525-1-scaled.jpg\" alt=\"\" data-no-lazy=\"1\" itemprop=\"thumbnail\" width=\"2560\" height=\"1707\" \/>\n\t\t\t<!-- Overlay Wrapper -->\n\t\t\t <!-- Overlay Wrapper Closed -->\n\t\t\t\t<\/a>\n\t\t\t\t\t\t\t<meta itemprop=\"width\" content=\"2560\" \/>\n\t\t\t<meta itemprop=\"height\" content=\"1707\" \/>\n\t\t\t\t<a\n\t\t\thref=\"https:\/\/portage.ca\/wp-content\/uploads\/2025\/05\/Le-Portage186-1024x683.jpg\"\n\t\t\t\t\t\tdata-fancybox=\"images\" \n\t\t\ttitle=\"\" \n\t\t\t\t\t\tdata-caption=\"\"\n\t\t\t\t\t\tdata-description=\"\" \n\t\t\titemprop=\"contentUrl\">\n\t\t\t<img loading=\"lazy\" decoding=\"async\" src=\"https:\/\/portage.ca\/wp-content\/uploads\/2025\/05\/Le-Portage186-scaled.jpg\" alt=\"\" data-no-lazy=\"1\" itemprop=\"thumbnail\" width=\"2560\" height=\"1707\" \/>\n\t\t\t<!-- Overlay Wrapper -->\n\t\t\t <!-- Overlay Wrapper Closed -->\n\t\t\t\t<\/a>\n\t\t\t\t\t\t\t<meta itemprop=\"width\" content=\"2560\" \/>\n\t\t\t<meta itemprop=\"height\" content=\"1707\" \/>\n\t\t\t\t<a\n\t\t\thref=\"https:\/\/portage.ca\/wp-content\/uploads\/2025\/06\/Le-Portage19-1-1024x683.jpg\"\n\t\t\t\t\t\tdata-fancybox=\"images\" \n\t\t\ttitle=\"\" \n\t\t\t\t\t\tdata-caption=\"\"\n\t\t\t\t\t\tdata-description=\"\" \n\t\t\titemprop=\"contentUrl\">\n\t\t\t<img loading=\"lazy\" decoding=\"async\" src=\"https:\/\/portage.ca\/wp-content\/uploads\/2025\/06\/Le-Portage19-1-scaled.jpg\" alt=\"\" data-no-lazy=\"1\" itemprop=\"thumbnail\" width=\"2560\" height=\"1707\" \/>\n\t\t\t<!-- Overlay Wrapper -->\n\t\t\t <!-- Overlay Wrapper Closed -->\n\t\t\t\t<\/a>\n\t\t\t\t\t\t\t<meta itemprop=\"width\" content=\"2560\" \/>\n\t\t\t<meta itemprop=\"height\" content=\"1707\" \/>\n\t\t\t\t<a\n\t\t\thref=\"https:\/\/portage.ca\/wp-content\/uploads\/2025\/05\/Le-Portage45-1024x683.jpg\"\n\t\t\t\t\t\tdata-fancybox=\"images\" \n\t\t\ttitle=\"\" \n\t\t\t\t\t\tdata-caption=\"\"\n\t\t\t\t\t\tdata-description=\"\" \n\t\t\titemprop=\"contentUrl\">\n\t\t\t<img loading=\"lazy\" decoding=\"async\" src=\"https:\/\/portage.ca\/wp-content\/uploads\/2025\/05\/Le-Portage45-scaled.jpg\" alt=\"\" data-no-lazy=\"1\" itemprop=\"thumbnail\" width=\"2560\" height=\"1707\" \/>\n\t\t\t<!-- Overlay Wrapper -->\n\t\t\t <!-- Overlay Wrapper Closed -->\n\t\t\t\t<\/a>\n\t\t\t\t\t\t\t<meta itemprop=\"width\" content=\"2560\" \/>\n\t\t\t<meta itemprop=\"height\" content=\"1707\" \/>\n\t\t\t\t<a\n\t\t\thref=\"https:\/\/portage.ca\/wp-content\/uploads\/2025\/05\/Le-Portage180-1024x683.jpg\"\n\t\t\t\t\t\tdata-fancybox=\"images\" \n\t\t\ttitle=\"\" \n\t\t\t\t\t\tdata-caption=\"\"\n\t\t\t\t\t\tdata-description=\"\" \n\t\t\titemprop=\"contentUrl\">\n\t\t\t<img loading=\"lazy\" decoding=\"async\" src=\"https:\/\/portage.ca\/wp-content\/uploads\/2025\/05\/Le-Portage180-scaled.jpg\" alt=\"\" data-no-lazy=\"1\" itemprop=\"thumbnail\" width=\"2560\" height=\"1707\" \/>\n\t\t\t<!-- Overlay Wrapper -->\n\t\t\t <!-- Overlay Wrapper Closed -->\n\t\t\t\t<\/a>\n\t\t\t\t\t\t\t<meta itemprop=\"width\" content=\"2560\" \/>\n\t\t\t<meta itemprop=\"height\" content=\"1707\" \/>\n\t\t\t\t<a\n\t\t\thref=\"https:\/\/portage.ca\/wp-content\/uploads\/2025\/05\/Le-Portage131-1024x683.jpg\"\n\t\t\t\t\t\tdata-fancybox=\"images\" \n\t\t\ttitle=\"\" \n\t\t\t\t\t\tdata-caption=\"\"\n\t\t\t\t\t\tdata-description=\"\" \n\t\t\titemprop=\"contentUrl\">\n\t\t\t<img loading=\"lazy\" decoding=\"async\" src=\"https:\/\/portage.ca\/wp-content\/uploads\/2025\/05\/Le-Portage131-scaled.jpg\" alt=\"\" data-no-lazy=\"1\" itemprop=\"thumbnail\" width=\"2560\" height=\"1707\" \/>\n\t\t\t<!-- Overlay Wrapper -->\n\t\t\t <!-- Overlay Wrapper Closed -->\n\t\t\t\t<\/a>\n\t\t\t\t\t\t\t<meta itemprop=\"width\" content=\"2560\" \/>\n\t\t\t<meta itemprop=\"height\" content=\"1707\" \/>\n\t\t\t\t<a\n\t\t\thref=\"https:\/\/portage.ca\/wp-content\/uploads\/2025\/05\/Le-Portage119-1024x683.jpg\"\n\t\t\t\t\t\tdata-fancybox=\"images\" \n\t\t\ttitle=\"\" \n\t\t\t\t\t\tdata-caption=\"\"\n\t\t\t\t\t\tdata-description=\"\" \n\t\t\titemprop=\"contentUrl\">\n\t\t\t<img loading=\"lazy\" decoding=\"async\" src=\"https:\/\/portage.ca\/wp-content\/uploads\/2025\/05\/Le-Portage119-scaled.jpg\" alt=\"\" data-no-lazy=\"1\" itemprop=\"thumbnail\" width=\"2560\" height=\"1707\" \/>\n\t\t\t<!-- Overlay Wrapper -->\n\t\t\t <!-- Overlay Wrapper Closed -->\n\t\t\t\t<\/a>\n\t\t\t\t\t\t\t<meta itemprop=\"width\" content=\"2560\" \/>\n\t\t\t<meta itemprop=\"height\" content=\"1707\" \/>\n\t\t\t\t<a\n\t\t\thref=\"https:\/\/portage.ca\/wp-content\/uploads\/2025\/05\/Le-Portage110-1024x683.jpg\"\n\t\t\t\t\t\tdata-fancybox=\"images\" \n\t\t\ttitle=\"\" \n\t\t\t\t\t\tdata-caption=\"\"\n\t\t\t\t\t\tdata-description=\"\" \n\t\t\titemprop=\"contentUrl\">\n\t\t\t<img loading=\"lazy\" decoding=\"async\" src=\"https:\/\/portage.ca\/wp-content\/uploads\/2025\/05\/Le-Portage110-scaled.jpg\" alt=\"\" data-no-lazy=\"1\" itemprop=\"thumbnail\" width=\"2560\" height=\"1707\" \/>\n\t\t\t<!-- Overlay Wrapper -->\n\t\t\t <!-- Overlay Wrapper Closed -->\n\t\t\t\t<\/a>\n\t\t\t\t\t\t\t<meta itemprop=\"width\" content=\"2560\" \/>\n\t\t\t<meta itemprop=\"height\" content=\"1707\" \/>\n\t\t\t\t<a\n\t\t\thref=\"https:\/\/portage.ca\/wp-content\/uploads\/2025\/05\/Le-Portage102-1024x683.jpg\"\n\t\t\t\t\t\tdata-fancybox=\"images\" \n\t\t\ttitle=\"\" \n\t\t\t\t\t\tdata-caption=\"\"\n\t\t\t\t\t\tdata-description=\"\" \n\t\t\titemprop=\"contentUrl\">\n\t\t\t<img loading=\"lazy\" decoding=\"async\" src=\"https:\/\/portage.ca\/wp-content\/uploads\/2025\/05\/Le-Portage102-scaled.jpg\" alt=\"\" data-no-lazy=\"1\" itemprop=\"thumbnail\" width=\"2560\" height=\"1707\" \/>\n\t\t\t<!-- Overlay Wrapper -->\n\t\t\t <!-- Overlay Wrapper Closed -->\n\t\t\t\t<\/a>\n\t\t\t\t\t\t\t<meta itemprop=\"width\" content=\"2560\" \/>\n\t\t\t<meta itemprop=\"height\" content=\"1707\" \/>\n\t\t\t\t<a\n\t\t\thref=\"https:\/\/portage.ca\/wp-content\/uploads\/2025\/05\/Le-Portage99-1024x683.jpg\"\n\t\t\t\t\t\tdata-fancybox=\"images\" \n\t\t\ttitle=\"\" \n\t\t\t\t\t\tdata-caption=\"\"\n\t\t\t\t\t\tdata-description=\"\" \n\t\t\titemprop=\"contentUrl\">\n\t\t\t<img loading=\"lazy\" decoding=\"async\" src=\"https:\/\/portage.ca\/wp-content\/uploads\/2025\/05\/Le-Portage99-scaled.jpg\" alt=\"\" data-no-lazy=\"1\" itemprop=\"thumbnail\" width=\"2560\" height=\"1707\" \/>\n\t\t\t<!-- Overlay Wrapper -->\n\t\t\t <!-- Overlay Wrapper Closed -->\n\t\t\t\t<\/a>\n\t\t\t\t\t\t\t<meta itemprop=\"width\" content=\"2560\" \/>\n\t\t\t<meta itemprop=\"height\" content=\"1707\" \/>\n\t\t\t\t<a\n\t\t\thref=\"https:\/\/portage.ca\/wp-content\/uploads\/2025\/05\/Le-Portage68-e1747254773315-1024x679.png\"\n\t\t\t\t\t\tdata-fancybox=\"images\" \n\t\t\ttitle=\"\" \n\t\t\t\t\t\tdata-caption=\"\"\n\t\t\t\t\t\tdata-description=\"\" \n\t\t\titemprop=\"contentUrl\">\n\t\t\t<img loading=\"lazy\" decoding=\"async\" src=\"https:\/\/portage.ca\/wp-content\/uploads\/2025\/05\/Le-Portage68-e1747254773315.png\" alt=\"\" data-no-lazy=\"1\" itemprop=\"thumbnail\" width=\"2016\" height=\"1337\" \/>\n\t\t\t<!-- Overlay Wrapper -->\n\t\t\t <!-- Overlay Wrapper Closed -->\n\t\t\t\t<\/a>\n\t\t\t\t\t\t\t<meta itemprop=\"width\" content=\"2016\" \/>\n\t\t\t<meta itemprop=\"height\" content=\"1337\" \/>\n\t\t\t\t<a\n\t\t\thref=\"https:\/\/portage.ca\/wp-content\/uploads\/2025\/05\/Le-Portage50-1024x683.jpg\"\n\t\t\t\t\t\tdata-fancybox=\"images\" \n\t\t\ttitle=\"\" \n\t\t\t\t\t\tdata-caption=\"\"\n\t\t\t\t\t\tdata-description=\"\" \n\t\t\titemprop=\"contentUrl\">\n\t\t\t<img loading=\"lazy\" decoding=\"async\" src=\"https:\/\/portage.ca\/wp-content\/uploads\/2025\/05\/Le-Portage50-scaled.jpg\" alt=\"\" data-no-lazy=\"1\" itemprop=\"thumbnail\" width=\"2560\" height=\"1707\" \/>\n\t\t\t<!-- Overlay Wrapper -->\n\t\t\t <!-- Overlay Wrapper Closed -->\n\t\t\t\t<\/a>\n\t\t\t\t\t\t\t<meta itemprop=\"width\" content=\"2560\" \/>\n\t\t\t<meta itemprop=\"height\" content=\"1707\" \/>\n\t\t\t\t<a\n\t\t\thref=\"https:\/\/portage.ca\/wp-content\/uploads\/2025\/05\/Le-Portage44-1024x683.jpg\"\n\t\t\t\t\t\tdata-fancybox=\"images\" \n\t\t\ttitle=\"\" \n\t\t\t\t\t\tdata-caption=\"\"\n\t\t\t\t\t\tdata-description=\"\" \n\t\t\titemprop=\"contentUrl\">\n\t\t\t<img loading=\"lazy\" decoding=\"async\" src=\"https:\/\/portage.ca\/wp-content\/uploads\/2025\/05\/Le-Portage44-scaled.jpg\" alt=\"\" data-no-lazy=\"1\" itemprop=\"thumbnail\" width=\"2560\" height=\"1707\" \/>\n\t\t\t<!-- Overlay Wrapper -->\n\t\t\t <!-- Overlay Wrapper Closed -->\n\t\t\t\t<\/a>\n\t\t\t\t\t\t\t<meta itemprop=\"width\" content=\"2560\" \/>\n\t\t\t<meta itemprop=\"height\" content=\"1707\" \/>\n\t\t\t\t<a\n\t\t\thref=\"https:\/\/portage.ca\/wp-content\/uploads\/2025\/05\/sans-titre-06273-1024x683.jpg\"\n\t\t\t\t\t\tdata-fancybox=\"images\" \n\t\t\ttitle=\"\" \n\t\t\t\t\t\tdata-caption=\"\"\n\t\t\t\t\t\tdata-description=\"\" \n\t\t\titemprop=\"contentUrl\">\n\t\t\t<img loading=\"lazy\" decoding=\"async\" src=\"https:\/\/portage.ca\/wp-content\/uploads\/2025\/05\/sans-titre-06273-scaled.jpg\" alt=\"\" data-no-lazy=\"1\" itemprop=\"thumbnail\" width=\"2560\" height=\"1707\" \/>\n\t\t\t<!-- Overlay Wrapper -->\n\t\t\t <!-- Overlay Wrapper Closed -->\n\t\t\t\t<\/a>\n\t\t\t\t\t\t\t<meta itemprop=\"width\" content=\"2560\" \/>\n\t\t\t<meta itemprop=\"height\" content=\"1707\" \/>\n\t\t\t\t<a\n\t\t\thref=\"https:\/\/portage.ca\/wp-content\/uploads\/2025\/05\/sans-titre-05936-1024x683.jpg\"\n\t\t\t\t\t\tdata-fancybox=\"images\" \n\t\t\ttitle=\"\" \n\t\t\t\t\t\tdata-caption=\"\"\n\t\t\t\t\t\tdata-description=\"\" \n\t\t\titemprop=\"contentUrl\">\n\t\t\t<img loading=\"lazy\" decoding=\"async\" src=\"https:\/\/portage.ca\/wp-content\/uploads\/2025\/05\/sans-titre-05936-scaled.jpg\" alt=\"\" data-no-lazy=\"1\" itemprop=\"thumbnail\" width=\"2560\" height=\"1707\" \/>\n\t\t\t<!-- Overlay Wrapper -->\n\t\t\t <!-- Overlay Wrapper Closed -->\n\t\t\t\t<\/a>\n\t\t\t\t\t\t\t<meta itemprop=\"width\" content=\"2560\" \/>\n\t\t\t<meta itemprop=\"height\" content=\"1707\" \/>\n\t\t\t\t<a\n\t\t\thref=\"https:\/\/portage.ca\/wp-content\/uploads\/2025\/06\/Le-Portage192-1024x683.jpg\"\n\t\t\t\t\t\tdata-fancybox=\"images\" \n\t\t\ttitle=\"\" \n\t\t\t\t\t\tdata-caption=\"\"\n\t\t\t\t\t\tdata-description=\"\" \n\t\t\titemprop=\"contentUrl\">\n\t\t\t<img loading=\"lazy\" decoding=\"async\" src=\"https:\/\/portage.ca\/wp-content\/uploads\/2025\/06\/Le-Portage192-scaled.jpg\" alt=\"\" data-no-lazy=\"1\" itemprop=\"thumbnail\" width=\"2560\" height=\"1707\" \/>\n\t\t\t<!-- Overlay Wrapper -->\n\t\t\t <!-- Overlay Wrapper Closed -->\n\t\t\t\t<\/a>\n\t\t\t\t\t\t\t<meta itemprop=\"width\" content=\"2560\" \/>\n\t\t\t<meta itemprop=\"height\" content=\"1707\" \/>\n\t\t\t\t<a\n\t\t\thref=\"https:\/\/portage.ca\/wp-content\/uploads\/2025\/06\/Le-Portage158-1024x683.jpg\"\n\t\t\t\t\t\tdata-fancybox=\"images\" \n\t\t\ttitle=\"\" \n\t\t\t\t\t\tdata-caption=\"\"\n\t\t\t\t\t\tdata-description=\"\" \n\t\t\titemprop=\"contentUrl\">\n\t\t\t<img loading=\"lazy\" decoding=\"async\" src=\"https:\/\/portage.ca\/wp-content\/uploads\/2025\/06\/Le-Portage158-scaled.jpg\" alt=\"\" data-no-lazy=\"1\" itemprop=\"thumbnail\" width=\"2560\" height=\"1707\" \/>\n\t\t\t<!-- Overlay Wrapper -->\n\t\t\t <!-- Overlay Wrapper Closed -->\n\t\t\t\t<\/a>\n\t\t\t\t\t\t\t<meta itemprop=\"width\" content=\"2560\" \/>\n\t\t\t<meta itemprop=\"height\" content=\"1707\" \/>\n\t\t\t\t<a\n\t\t\thref=\"https:\/\/portage.ca\/wp-content\/uploads\/2025\/06\/Le-Portage167-1024x683.jpg\"\n\t\t\t\t\t\tdata-fancybox=\"images\" \n\t\t\ttitle=\"\" \n\t\t\t\t\t\tdata-caption=\"\"\n\t\t\t\t\t\tdata-description=\"\" \n\t\t\titemprop=\"contentUrl\">\n\t\t\t<img loading=\"lazy\" decoding=\"async\" src=\"https:\/\/portage.ca\/wp-content\/uploads\/2025\/06\/Le-Portage167-scaled.jpg\" alt=\"\" data-no-lazy=\"1\" itemprop=\"thumbnail\" width=\"2560\" height=\"1707\" \/>\n\t\t\t<!-- Overlay Wrapper -->\n\t\t\t <!-- Overlay Wrapper Closed -->\n\t\t\t\t<\/a>\n\t\t\t\t\t\t\t<meta itemprop=\"width\" content=\"2560\" \/>\n\t\t\t<meta itemprop=\"height\" content=\"1707\" \/>\n\t\t\t\t<a\n\t\t\thref=\"https:\/\/portage.ca\/wp-content\/uploads\/2025\/06\/Le-Portage160-1024x683.jpg\"\n\t\t\t\t\t\tdata-fancybox=\"images\" \n\t\t\ttitle=\"\" \n\t\t\t\t\t\tdata-caption=\"\"\n\t\t\t\t\t\tdata-description=\"\" \n\t\t\titemprop=\"contentUrl\">\n\t\t\t<img loading=\"lazy\" decoding=\"async\" src=\"https:\/\/portage.ca\/wp-content\/uploads\/2025\/06\/Le-Portage160-scaled.jpg\" alt=\"\" data-no-lazy=\"1\" itemprop=\"thumbnail\" width=\"2560\" height=\"1707\" \/>\n\t\t\t<!-- Overlay Wrapper -->\n\t\t\t <!-- Overlay Wrapper Closed -->\n\t\t\t\t<\/a>\n\t\t\t\t\t\t\t<meta itemprop=\"width\" content=\"2560\" \/>\n\t\t\t<meta itemprop=\"height\" content=\"1707\" \/>\n\t\t\t\t<a\n\t\t\thref=\"https:\/\/portage.ca\/wp-content\/uploads\/2025\/06\/Le-Portage166-1024x683.jpg\"\n\t\t\t\t\t\tdata-fancybox=\"images\" \n\t\t\ttitle=\"\" \n\t\t\t\t\t\tdata-caption=\"\"\n\t\t\t\t\t\tdata-description=\"\" \n\t\t\titemprop=\"contentUrl\">\n\t\t\t<img loading=\"lazy\" decoding=\"async\" src=\"https:\/\/portage.ca\/wp-content\/uploads\/2025\/06\/Le-Portage166-scaled.jpg\" alt=\"\" data-no-lazy=\"1\" itemprop=\"thumbnail\" width=\"2560\" height=\"1707\" \/>\n\t\t\t<!-- Overlay Wrapper -->\n\t\t\t <!-- Overlay Wrapper Closed -->\n\t\t\t\t<\/a>\n\t\t\t\t\t\t\t<meta itemprop=\"width\" content=\"2560\" \/>\n\t\t\t<meta itemprop=\"height\" content=\"1707\" \/>\n\t\t\t\t<a\n\t\t\thref=\"https:\/\/portage.ca\/wp-content\/uploads\/2025\/06\/Le-Portage163-1024x683.jpg\"\n\t\t\t\t\t\tdata-fancybox=\"images\" \n\t\t\ttitle=\"\" \n\t\t\t\t\t\tdata-caption=\"\"\n\t\t\t\t\t\tdata-description=\"\" \n\t\t\titemprop=\"contentUrl\">\n\t\t\t<img loading=\"lazy\" decoding=\"async\" src=\"https:\/\/portage.ca\/wp-content\/uploads\/2025\/06\/Le-Portage163-scaled.jpg\" alt=\"\" data-no-lazy=\"1\" itemprop=\"thumbnail\" width=\"2560\" height=\"1707\" \/>\n\t\t\t<!-- Overlay Wrapper -->\n\t\t\t <!-- Overlay Wrapper Closed -->\n\t\t\t\t<\/a>\n\t\t\t\t\t\t\t<meta itemprop=\"width\" content=\"2560\" \/>\n\t\t\t<meta itemprop=\"height\" content=\"1707\" \/>\n\t\t\t\t<a\n\t\t\thref=\"https:\/\/portage.ca\/wp-content\/uploads\/2025\/05\/Le-Portage55-1024x683.jpg\"\n\t\t\t\t\t\tdata-fancybox=\"images\" \n\t\t\ttitle=\"\" \n\t\t\t\t\t\tdata-caption=\"\"\n\t\t\t\t\t\tdata-description=\"\" \n\t\t\titemprop=\"contentUrl\">\n\t\t\t<img loading=\"lazy\" decoding=\"async\" src=\"https:\/\/portage.ca\/wp-content\/uploads\/2025\/05\/Le-Portage55-scaled.jpg\" alt=\"\" data-no-lazy=\"1\" itemprop=\"thumbnail\" width=\"2560\" height=\"1707\" \/>\n\t\t\t<!-- Overlay Wrapper -->\n\t\t\t <!-- Overlay Wrapper Closed -->\n\t\t\t\t<\/a>\n\t\t\t\t\t\t\t<meta itemprop=\"width\" content=\"2560\" \/>\n\t\t\t<meta itemprop=\"height\" content=\"1707\" \/>\n\t\t\t\t<a\n\t\t\thref=\"https:\/\/portage.ca\/wp-content\/uploads\/2025\/05\/sans-titre-06011-1024x683.jpg\"\n\t\t\t\t\t\tdata-fancybox=\"images\" \n\t\t\ttitle=\"\" \n\t\t\t\t\t\tdata-caption=\"\"\n\t\t\t\t\t\tdata-description=\"\" \n\t\t\titemprop=\"contentUrl\">\n\t\t\t<img loading=\"lazy\" decoding=\"async\" src=\"https:\/\/portage.ca\/wp-content\/uploads\/2025\/05\/sans-titre-06011-scaled.jpg\" alt=\"\" data-no-lazy=\"1\" itemprop=\"thumbnail\" width=\"2560\" height=\"1707\" \/>\n\t\t\t<!-- Overlay Wrapper -->\n\t\t\t <!-- Overlay Wrapper Closed -->\n\t\t\t\t<\/a>\n\t\t\t\t\t\t\t<meta itemprop=\"width\" content=\"2560\" \/>\n\t\t\t<meta itemprop=\"height\" content=\"1707\" \/>\n\t\t\t\t<a\n\t\t\thref=\"https:\/\/portage.ca\/wp-content\/uploads\/2025\/05\/Le-Portage15-1024x683.jpg\"\n\t\t\t\t\t\tdata-fancybox=\"images\" \n\t\t\ttitle=\"\" \n\t\t\t\t\t\tdata-caption=\"\"\n\t\t\t\t\t\tdata-description=\"\" \n\t\t\titemprop=\"contentUrl\">\n\t\t\t<img loading=\"lazy\" decoding=\"async\" src=\"https:\/\/portage.ca\/wp-content\/uploads\/2025\/05\/Le-Portage15-scaled.jpg\" alt=\"\" data-no-lazy=\"1\" itemprop=\"thumbnail\" width=\"2560\" height=\"1707\" \/>\n\t\t\t<!-- Overlay Wrapper -->\n\t\t\t <!-- Overlay Wrapper Closed -->\n\t\t\t\t<\/a>\n\t\t\t\t\t\t\t<meta itemprop=\"width\" content=\"2560\" \/>\n\t\t\t<meta itemprop=\"height\" content=\"1707\" \/>\n\t\t\t\t<a\n\t\t\thref=\"https:\/\/portage.ca\/wp-content\/uploads\/2025\/05\/Le-Portage16-1024x683.jpg\"\n\t\t\t\t\t\tdata-fancybox=\"images\" \n\t\t\ttitle=\"\" \n\t\t\t\t\t\tdata-caption=\"\"\n\t\t\t\t\t\tdata-description=\"\" \n\t\t\titemprop=\"contentUrl\">\n\t\t\t<img loading=\"lazy\" decoding=\"async\" src=\"https:\/\/portage.ca\/wp-content\/uploads\/2025\/05\/Le-Portage16-scaled.jpg\" alt=\"\" data-no-lazy=\"1\" itemprop=\"thumbnail\" width=\"2560\" height=\"1707\" \/>\n\t\t\t<!-- Overlay Wrapper -->\n\t\t\t <!-- Overlay Wrapper Closed -->\n\t\t\t\t<\/a>\n\t\t\t\t\t\t\t<meta itemprop=\"width\" content=\"2560\" \/>\n\t\t\t<meta itemprop=\"height\" content=\"1707\" \/>\n\t\t\t\t<a\n\t\t\thref=\"https:\/\/portage.ca\/wp-content\/uploads\/2025\/05\/sans-titre-05940-1024x683.jpg\"\n\t\t\t\t\t\tdata-fancybox=\"images\" \n\t\t\ttitle=\"\" \n\t\t\t\t\t\tdata-caption=\"\"\n\t\t\t\t\t\tdata-description=\"\" \n\t\t\titemprop=\"contentUrl\">\n\t\t\t<img loading=\"lazy\" decoding=\"async\" src=\"https:\/\/portage.ca\/wp-content\/uploads\/2025\/05\/sans-titre-05940-scaled.jpg\" alt=\"\" data-no-lazy=\"1\" itemprop=\"thumbnail\" width=\"2560\" height=\"1707\" \/>\n\t\t\t<!-- Overlay Wrapper -->\n\t\t\t <!-- Overlay Wrapper Closed -->\n\t\t\t\t<\/a>\n\t\t\t\t\t\t\t<meta itemprop=\"width\" content=\"2560\" \/>\n\t\t\t<meta itemprop=\"height\" content=\"1707\" \/>\n\t<h3>\n\t\t\tGenevi\u00e8ve Lefebvre Joins Portage as its New President and CEO\t<\/h3>\n\t<p>On September 9, 2024, Ms. Genevi\u00e8ve Lefebvre became President and CEO of Portage, succeeding Founding President Mr. Peter A. Howlett. A seasoned clinician and manager, Ms. Lefebvre brings recognized expertise in the fields of addiction and mental health, as well as strong skills in change management. Her career path, marked by a deep commitment to the well-being of individuals, aligns perfectly with Portage&#8217;s mission. Her appointment as president and CEO signals a new phase in the organization&#8217;s evolution as it celebrates more than 50 years of positive social impact. Portage extends its heartfelt thanks to Mr. Howlett for his outstanding dedication and inspiring legacy.<\/p>\n\t\t\t<a href=\"https:\/\/portage.ca\/en\/genevieve-lefebvre-joins-portage-as-its-new-president-and-ceo\/\" target=\"_blank\" rel=\"noopener\">\n\t\t\t\t\t\t\tREAD MORE\n\t\t\t\t\t<\/a>\n<h3>\n\t\t\tThey Built Portage: A Tribute to Peter A. Howlett and Peter Vamos\t<\/h3>\n\t<p>This year, Portage turned an important page in its history. Mr. Peter A. Howlett, the founding president of the organization, retired and passed the torch to Ms. Genevi\u00e8ve Lefebvre after more than 50 years in the role. Driven by a steadfast commitment to helping people struggling with addiction, Mr. Howlett helped Portage become a leader in the field of rehabilitation in Canada.<\/p>\n<p>This year also marked the retirement of Mr. Peter Vamos, the second historic figure of the organization. For 46 years, Mr. Vamos contributed to the development of Portage&#8217;s unique clinical approach and rehabilitation programs. With the departure of the &#8220;two Peters,&#8221; Portage wishes to pay tribute to its builders and thank them for their exceptional work, which has enabled tens of thousands of people to live sober and dignified lives.<\/p>\n<h3>\n\t\t\tThe Elora Centre Closes its Doors\t<\/h3>\n\t<p>After 40 years of dedicated service, our rehabilitation centre in Elora, Ontario, has closed its doors due to financial and economic challenges that could not be overcome despite our best efforts. This difficult and emotional decision was made with the greatest attention to the well-being of our clients. We made sure every person undergoing treatment was able to continue therapy without interruption by facilitating their transition to another Portage centre.<\/p>\n<p>The closure of the Elora centre is also an opportunity to highlight the inspiring journeys of everyone who overcame their addiction and took back control of their lives over the last four decades. Thanks to a compassionate approach centred on each individual&#8217;s well-being, we supported hundreds of adolescents on their path to a better life and a successful reintegration into their community.<\/p>\n<h3>\n\t\t\tPortage in the Community: Presence at Aire Ouverte Kirkland and the Moncton Youth Hub\t<\/h3>\n\t\t\t\t<img decoding=\"async\" src=\"https:\/\/portage.ca\/wp-content\/uploads\/2025\/02\/Aire-Ouverte_Nouvelle-e1739383797424.png\" alt=\"Aire Ouverte_Nouvelle\" itemprop=\"image\" height=\"900\" width=\"1600\" title=\"Aire Ouverte_Nouvelle\" onerror=\"this.style.display='none'\" loading=\"lazy\" \/>\n\t<p>Portage has increased its presence among young people in the community by partnering with <a href=\"https:\/\/www.quebec.ca\/en\/health\/finding-a-resource\/aire-ouverte-services-for-young-people-aged-12-to-25\" target=\"_blank\" rel=\"noopener\">Aire Ouverte Kirkland<\/a> (Qu\u00e9bec) and the Moncton Youth Hub (New Brunswick). Thanks to these partnerships, our teams can offer free, confidential and accessible services to individuals aged 12 to 25 and their families. This includes on-site assessment, listening and support services as well as scheduled or unscheduled meetings held in welcoming settings where young people can get the right help at the right time. Discover how Portage supports young people&#8217;s well-being in their own community.<\/p>\n\t\t\t<a href=\"https:\/\/portage.ca\/en\/portage-and-aire-ouverte-a-partnership-to-support-youth-and-their-families\/\" target=\"_blank\" rel=\"noopener\">\n\t\t\t\t\t\t\tREAD MORE\n\t\t\t\t\t<\/a>\n<h3>\n\t\t\tVisit of the National Director of Youth Protection to Portage Lac Echo\t<\/h3>\n\t\t\t\t<img decoding=\"async\" src=\"https:\/\/portage.ca\/wp-content\/uploads\/2025\/02\/IMG_E7258-scaled-e1740425559449.jpg\" alt=\"IMG_E7258\" itemprop=\"image\" height=\"1920\" width=\"2560\" title=\"IMG_E7258\" onerror=\"this.style.display='none'\" loading=\"lazy\" \/>\n\t<p>The Portage Lac Echo Centre welcomed the National Director of Youth Protection, Ms. Lesley Hill, for a memorable visit. The event highlighted the important work being done with troubled youth as well as fostering constructive dialogue on current rehabilitation issues. The visit also emphasized the need for cooperation among various stakeholders to help youth achieve a better future.<\/p>\n\t\t\t<a href=\"https:\/\/portage.ca\/en\/visit-of-the-national-director-of-youth-protection-to-portage-lac-echo\/\" target=\"_blank\" rel=\"noopener\">\n\t\t\t\t\t\t\tREAD MORE\n\t\t\t\t\t<\/a>\n<h2  id=\"impacts\">\n\t\t\tClient Data and Impact of Donations\t<\/h2>\n<h3>\n\t\t\tClient Profiles and Positive Impact on the Community\t<\/h3>\n\t<p>Thanks to your support, Portage has helped thousands of people on their journey to recovery. The information below shows just how much we can help and how transformative our programs can be for our clients and their families.<\/p>\n<h4>\n\t\t\tNumber of people assisted, by service type\t<\/h4>\n\t\t\t\t\t\t\t\t\t<img decoding=\"async\" src=\"https:\/\/portage.ca\/wp-content\/uploads\/2025\/08\/Icon-11.png\" alt=\"835\" \/>\n\t\t\t\t\t\t<h4>\n\t\t\t\t\t\t\t\t\t\t\t\t835\n\t\t\t\t\t\t\t\t\t\t<\/h4>\n\t\t\t\t\t\t\t\t\t\t<p>people welcomed into our residential centres<\/p>\n\t\t\t\t\t\t\t\t\t<img decoding=\"async\" src=\"https:\/\/portage.ca\/wp-content\/uploads\/2025\/07\/people.png\" alt=\"661\" \/>\n\t\t\t\t\t\t<h4>\n\t\t\t\t\t\t\t\t\t\t\t\t661\n\t\t\t\t\t\t\t\t\t\t<\/h4>\n\t\t\t\t\t\t\t\t\t\t<p>people helped through our day centre and pre-therapy program<\/p>\n\t\t\t\t\t\t\t\t\t<img decoding=\"async\" src=\"https:\/\/portage.ca\/wp-content\/uploads\/2025\/07\/Icon-7.png\" alt=\"516\" \/>\n\t\t\t\t\t\t<h4>\n\t\t\t\t\t\t\t\t\t\t\t\t516\n\t\t\t\t\t\t\t\t\t\t<\/h4>\n\t\t\t\t\t\t\t\t\t\t<p>people helped through our social reintegration program<\/p>\n\t\t\t\t\t\t\t\t\t<img decoding=\"async\" src=\"https:\/\/portage.ca\/wp-content\/uploads\/2025\/08\/Icons-12-11.png\" alt=\"765\" \/>\n\t\t\t\t\t\t<h4>\n\t\t\t\t\t\t\t\t\t\t\t\t765\n\t\t\t\t\t\t\t\t\t\t<\/h4>\n\t\t\t\t\t\t\t\t\t\t<p>people helped to re-enter the workforce<\/p>\n\t\t\t\t\t\t\t\t\t<img decoding=\"async\" src=\"https:\/\/portage.ca\/wp-content\/uploads\/2025\/07\/Icon-9.png\" alt=\"566\" \/>\n\t\t\t\t\t\t<h4>\n\t\t\t\t\t\t\t\t\t\t\t\t566\n\t\t\t\t\t\t\t\t\t\t<\/h4>\n\t\t\t\t\t\t\t\t\t\t<p>loved ones are supported through our family services and support groups<\/p>\n<h4>\n\t\t\tMost frequently used substances\t<\/h4>\n\t<p>We offer services to individuals of all ages with substance use issues. A large proportion of our clients <strong>(nearly 70%) use more than one substance<\/strong>.<\/p>\n<p>Our services welcome individuals struggling with various addictions. The most frequently mentioned substances are: cannabis, cocaine, alcohol, amphetamines, and methamphetamines.<\/p>\n\t<strong>Among adolescents<br \/>\n<\/strong>Most frequently used substances:\n\t\t\t\t\t\t\t\t\t<img loading=\"lazy\" decoding=\"async\" src=\"https:\/\/portage.ca\/wp-content\/uploads\/2025\/08\/Pie-Charts-Drogues-principales-EN2-01-scaled.png\" alt=\"Pie Charts Drogues principales EN2-01\" itemprop=\"image\" height=\"2048\" width=\"2560\" srcset=\"https:\/\/portage.ca\/wp-content\/uploads\/2025\/08\/Pie-Charts-Drogues-principales-EN2-01-scaled.png 2560w, https:\/\/portage.ca\/wp-content\/uploads\/2025\/08\/Pie-Charts-Drogues-principales-EN2-01-250x200.png 250w, https:\/\/portage.ca\/wp-content\/uploads\/2025\/08\/Pie-Charts-Drogues-principales-EN2-01-1024x819.png 1024w, https:\/\/portage.ca\/wp-content\/uploads\/2025\/08\/Pie-Charts-Drogues-principales-EN2-01-1536x1229.png 1536w, https:\/\/portage.ca\/wp-content\/uploads\/2025\/08\/Pie-Charts-Drogues-principales-EN2-01-2048x1638.png 2048w\" sizes=\"auto, (max-width: 2560px) 100vw, 2560px\" title=\"Pie Charts Drogues principales EN2-01\" onerror=\"this.style.display='none'\"  \/>\n\t<strong>Among adults<br \/>\n<\/strong>Most frequently used substances:\n\t\t\t\t\t\t\t\t\t<img loading=\"lazy\" decoding=\"async\" src=\"https:\/\/portage.ca\/wp-content\/uploads\/2025\/08\/Pie-Charts-Drogues-principales-EN2-02-scaled.png\" alt=\"Pie Charts Drogues principales EN2-02\" itemprop=\"image\" height=\"2048\" width=\"2560\" srcset=\"https:\/\/portage.ca\/wp-content\/uploads\/2025\/08\/Pie-Charts-Drogues-principales-EN2-02-scaled.png 2560w, https:\/\/portage.ca\/wp-content\/uploads\/2025\/08\/Pie-Charts-Drogues-principales-EN2-02-250x200.png 250w, https:\/\/portage.ca\/wp-content\/uploads\/2025\/08\/Pie-Charts-Drogues-principales-EN2-02-1024x819.png 1024w, https:\/\/portage.ca\/wp-content\/uploads\/2025\/08\/Pie-Charts-Drogues-principales-EN2-02-1536x1229.png 1536w, https:\/\/portage.ca\/wp-content\/uploads\/2025\/08\/Pie-Charts-Drogues-principales-EN2-02-2048x1638.png 2048w\" sizes=\"auto, (max-width: 2560px) 100vw, 2560px\" title=\"Pie Charts Drogues principales EN2-02\" onerror=\"this.style.display='none'\"  \/>\n\t<p>Knowing these patterns helps us tailor our interventions to the specific needs of each age group.<\/p>\n<h4>\n\t\t\tAverage duration of substance use and stay in a residential centre\t<\/h4>\n\t<p>Substance use history varies according to age, both in terms of duration of use prior to admission and length of stay in a residential centre.<\/p>\n\t<p><strong>Among adolescents and young adults (ages\u00a014 to 21)<\/strong><\/p>\n\t\t\t\t\t\t<h4>\n\t\t\t\t\t\t\t\t\t\t\t\t2 <br \/>years\n\t\t\t\t\t\t\t\t\t\t<\/h4>\n\t\t\t\t\t\t\t\t\t\t<p>average duration of substance use before being admitted<\/p>\n\t\t\t\t\t\t<h4>\n\t\t\t\t\t\t\t\t\t\t\t\t118 <br \/>days\n\t\t\t\t\t\t\t\t\t\t<\/h4>\n\t\t\t\t\t\t\t\t\t\t<p>average length of stay at a residential centre<\/p>\n\t<p>Among adults (ages 22 and older)\u00a0:<\/p>\n\t\t\t\t\t\t<h4>\n\t\t\t\t\t\t\t\t\t\t\t\t10 <br \/>years\n\t\t\t\t\t\t\t\t\t\t<\/h4>\n\t\t\t\t\t\t\t\t\t\t<p>average duration of substance use before being admitted<\/p>\n\t\t\t\t\t\t<h4>\n\t\t\t\t\t\t\t\t\t\t\t\t153 <br \/>days\n\t\t\t\t\t\t\t\t\t\t<\/h4>\n\t\t\t\t\t\t\t\t\t\t<p>average length of stay at a residential centre<\/p>\n\t<p>This data highlights the importance of tailoring treatment approaches to different age groups in order to better respond to their specific needs.<\/p>\n<h4>\n\t\t\tWhat Participants Are Saying About Their Social Reintegration\t<\/h4>\n\t<p>In October 2024, Portage conducted a preliminary survey to assess the social return on investment (SROI) of its reintegration programs. The goal was to evaluate the social, economic and personal changes experienced by individuals who had completed their program in order to gain more insight into the impact of their social reintegration.<\/p>\n<p>The survey consisted of 16 self-assessment questions and was completed by 175 Portage graduates who were still taking part in the organization&#8217;s external service programs. The respondents evaluated the extent to which each statement reflected changes they had observed in their own lives, on a scale of one (completely disagree) to seven (completely agree). The data was collected confidentially, in person or by phone, and analyzed at Portage headquarters.<\/p>\n<p>The following results show the percentage of respondents who reported a positive impact (ratings\u00a05 to 7) on various aspects of their lives:<\/p>\n\t\t\t\t\t\t<h4>\n\t\t\t\t\t\t\t\t\t\t\t\t91%\n\t\t\t\t\t\t\t\t\t\t<\/h4>\n\t\t\t\t\t\t\t\t\t\t<p>reported <strong>improved mental health<\/strong><\/p>\n\t\t\t\t\t\t<h4>\n\t\t\t\t\t\t\t\t\t\t\t\t92%\n\t\t\t\t\t\t\t\t\t\t<\/h4>\n\t\t\t\t\t\t\t\t\t\t<p>reported<strong> improved family relationships<\/strong><\/p>\n\t\t\t\t\t\t<h4>\n\t\t\t\t\t\t\t\t\t\t\t\t83%\n\t\t\t\t\t\t\t\t\t\t<\/h4>\n\t\t\t\t\t\t\t\t\t\t<p>reported feeling <strong>more confident about finding work<\/strong>\u00a0<\/p>\n\t\t\t\t\t\t<h4>\n\t\t\t\t\t\t\t\t\t\t\t\t94%\n\t\t\t\t\t\t\t\t\t\t<\/h4>\n\t\t\t\t\t\t\t\t\t\t<p>reported feeling <strong>more confident about their ability to take care of themselves<\/strong><\/p>\n\t\t\t\t\t\t<h4>\n\t\t\t\t\t\t\t\t\t\t\t\t91%\n\t\t\t\t\t\t\t\t\t\t<\/h4>\n\t\t\t\t\t\t\t\t\t\t<p>considered themselves to be <strong>good role models on how to live responsibly<\/strong> for their community and friends<\/p>\n<h3>\n\t\t\tTestimonials: How our Programs Help People\t<\/h3>\n\t<p>Every person who steps through the door of a Portage centre embarks on a unique, often difficult, but profoundly transformative journey. In the following testimonials, you will discover the human impact of our programs, not only on the individuals who come to Portage, but on their families and communities. Below are two moving testimonials that illustrate how our mission helps people.<\/p>\n\t\t\t\t\u00abPortage not only healed my son, but it helped turn him into the well-adjusted, kind, caring man that he is today. \n[&#8230;] Even long after he had &#8216;graduated&#8217; from Portage, the aftercare gave him an outlet to speak confidentially with counsellors and other graduates about the highs and lows of being a sober teen.\nOh, and the family group? Attend it. Trust us &#8211; you have no idea how badly you need it until you do!\n[&#8230;] Portage truly gave us our family back &#8211; and for that, we will be timelessly grateful.\u00bb\n\t\t\t\t<h4>Jaymee and Mark, parents -Family Support Group Program, Portage Atlantic<\/h4>\n\t\t\t<a href=\"https:\/\/portage.ca\/en\/portage-gave-us-our-son-back\/\" target=\"_blank\" rel=\"noopener\">\n\t\t\t\t\t\t\tRead the full testimonial\n\t\t\t\t\t<\/a>\n\t\t\t\t\u00ab Even when I wanted to run, when I said I was too broken, when I was ready to give up&#8230; someone still believed in me. Someone was fighting for me.\nAnd then, one day, I learned to stand tall-without crutches. That&#8217;s when I knew: it was my turn to be there for others. To give back what had been so generously given to me.\nWhat I once thought was impossible, I accomplished. And through this journey, I found a family. Now, no matter where I go, I know I have a place I can call home. \u00bb\n\t\t\t\t<h4>Tess, Adolescents and Young Adults Program, Lac \u00c9cho<\/h4>\n\t\t\t<a href=\"https:\/\/portage.ca\/en\/no-matter-where-i-go-i-know-i-have-a-place-i-can-call-home\/\" target=\"_blank\" rel=\"noopener\">\n\t\t\t\t\t\t\tRead the full testimonial\n\t\t\t\t\t<\/a>\n<h3>\n\t\t\tImpact of Your Donations\t<\/h3>\n<h4>\n\t\t\tQUEBEC\t<\/h4>\n\t<p>Portage is partially funded by the Minist\u00e8re de la Sant\u00e9 et des Services sociaux but also relies on private sector support to enhance its services and adapt them to today&#8217;s reality. To do so, the Portage Foundation leads two annual fundraising campaigns-one in the Greater Montreal area and the other in the Quebec City region. Each campaign is spearheaded by a committee of business individuals who care about our cause and engage their network to help us reach our overall goal of $2\u00a0million.<\/p>\n<p>All funds raised go directly to Portage programs in Quebec, with specific needs identified for each centre.<\/p>\n\t<p>Below are complementary enrichment activities that are essential to successful therapy:<\/p>\n\t\t\t\t\t\t\t\t\t<img decoding=\"async\" src=\"https:\/\/portage.ca\/wp-content\/uploads\/2025\/07\/Icon-1.png\" alt=\"\" \/>\n\t\t\t\t\t\t\n\t\t\t\t\t\t\t\t\t\t<p><strong>Sports Activities: <\/strong>Aquatic activities, judo, dek hockey, indoor workouts<\/p>\n\t\t\t\t\t\t\t\t\t<img decoding=\"async\" src=\"https:\/\/portage.ca\/wp-content\/uploads\/2025\/07\/Icon-2.png\" alt=\"\" \/>\n\t\t\t\t\t\t\n\t\t\t\t\t\t\t\t\t\t<p><strong>Music: <\/strong>Instrument purchases, music lessons, creating and recording<\/p>\n\t\t\t\t\t\t\t\t\t<img decoding=\"async\" src=\"https:\/\/portage.ca\/wp-content\/uploads\/2025\/07\/Icon-3.png\" alt=\"\" \/>\n\t\t\t\t\t\t\n\t\t\t\t\t\t\t\t\t\t<p><strong>Scholarship: <\/strong>Financial assistance for continuing studies<\/p>\n\t\t\t\t\t\t\t\t\t<img decoding=\"async\" src=\"https:\/\/portage.ca\/wp-content\/uploads\/2025\/07\/Icon-4.png\" alt=\"\" \/>\n\t\t\t\t\t\t\n\t\t\t\t\t\t\t\t\t\t<p><strong>Specialized Workshops: <\/strong>Support for individuals affected by traumatic events<\/p>\n\t\t\t\t\t\t\t\t\t<img decoding=\"async\" src=\"https:\/\/portage.ca\/wp-content\/uploads\/2025\/07\/Icon-5.png\" alt=\"\" \/>\n\t\t\t\t\t\t\n\t\t\t\t\t\t\t\t\t\t<p><strong>Eco-Responsible Project: <\/strong>Creating and caring for a community vegetable garden<\/p>\n\t<p>Portage provides its clients with a rehabilitation journey that is unique in Quebec, guiding them from admission through to social reintegration. The moment they arrive at Portage, young people continue their education through on-site classes. The Portage Foundation supports the following essential services:<\/p>\n\t\t\t\t\t\t\t\t\t<img decoding=\"async\" src=\"https:\/\/portage.ca\/wp-content\/uploads\/2025\/07\/Icon-7.png\" alt=\"\" \/>\n\t\t\t\t\t\t\n\t\t\t\t\t\t\t\t\t\t<p><strong>Social Reintegration: <\/strong>Ongoing weekly support for 18 months<\/p>\n\t\t\t\t\t\t\t\t\t<img decoding=\"async\" src=\"https:\/\/portage.ca\/wp-content\/uploads\/2025\/07\/Icon-8.png\" alt=\"\" \/>\n\t\t\t\t\t\t\n\t\t\t\t\t\t\t\t\t\t<p><strong>Community housing: <\/strong>Developing independence with social support<\/p>\n\t\t\t\t\t\t\t\t\t<img decoding=\"async\" src=\"https:\/\/portage.ca\/wp-content\/uploads\/2025\/07\/Icon-9.png\" alt=\"\" \/>\n\t\t\t\t\t\t\n\t\t\t\t\t\t\t\t\t\t<p><strong>Support for Family and Friends: <\/strong>Discussion groups to alleviate isolation and support loved ones<\/p>\n\t\t\t\t\t\t\t\t\t<img decoding=\"async\" src=\"https:\/\/portage.ca\/wp-content\/uploads\/2025\/08\/Icon-10-2.png\" alt=\"\" \/>\n\t\t\t\t\t\t\n\t\t\t\t\t\t\t\t\t\t<p><strong>Training: <\/strong>Continuous staff training to address evolving needs<\/p>\n<h4>\n\t\t\tATLANTIC\t<\/h4>\n\t<p>Portage Atlantic is funded in part by the Government of New Brunswick and also relies on the generosity of donors to enrich its services and meet the evolving needs of youth and families across the Atlantic provinces.<\/p>\n<p>All donations made to Portage Atlantic remain in the region and directly support our programs and services.<\/p>\n\t<p>Thanks to this support, Portage Atlantic offers complementary therapeutic activities that are essential to the rehabilitation journey.<\/p>\n\t\t\t\t\t\t\t\t\t<img decoding=\"async\" src=\"https:\/\/portage.ca\/wp-content\/uploads\/2025\/07\/Icon-1.png\" alt=\"\" \/>\n\t\t\t\t\t\t\n\t\t\t\t\t\t\t\t\t\t<p><strong>Sports Activities:<\/strong>\u00a0Aquatic sports, weight-lifting, indoor and outdoor sports<\/p>\n\t\t\t\t\t\t\t\t\t<img decoding=\"async\" src=\"https:\/\/portage.ca\/wp-content\/uploads\/2025\/07\/Icon-2.png\" alt=\"\" \/>\n\t\t\t\t\t\t\n\t\t\t\t\t\t\t\t\t\t<p><strong>Music Therapy:<\/strong> Encouraging self-expression, music creation and learning<\/p>\n\t\t\t\t\t\t\t\t\t<img decoding=\"async\" src=\"https:\/\/portage.ca\/wp-content\/uploads\/2025\/07\/Icon-3.png\" alt=\"\" \/>\n\t\t\t\t\t\t\n\t\t\t\t\t\t\t\t\t\t<p><strong>Bursary Program:<\/strong> Financial assistance for continuing education<\/p>\n\t\t\t\t\t\t\t\t\t<img decoding=\"async\" src=\"https:\/\/portage.ca\/wp-content\/uploads\/2025\/07\/Icon-4.png\" alt=\"\" \/>\n\t\t\t\t\t\t\n\t\t\t\t\t\t\t\t\t\t<p><strong>Senior Peer Mentor Program:<\/strong> employment opportunity for youth completing the program<\/p>\n\t\t\t\t\t\t\t\t\t<img decoding=\"async\" src=\"https:\/\/portage.ca\/wp-content\/uploads\/2025\/07\/Icon-5.png\" alt=\"\" \/>\n\t\t\t\t\t\t\n\t\t\t\t\t\t\t\t\t\t<p><strong>Eco-Responsible Project:<\/strong> Creating and caring for Your Community Garden<\/p>\n\t<p>Donations to the Portage Atlantic Foundation also supports the following essential services:<\/p>\n\t\t\t\t\t\t\t\t\t<img decoding=\"async\" src=\"https:\/\/portage.ca\/wp-content\/uploads\/2025\/07\/Icon-7.png\" alt=\"\" \/>\n\t\t\t\t\t\t\n\t\t\t\t\t\t\t\t\t\t<p><strong>Social Reintegration: <\/strong>Ongoing weekly support for up to 18 months<\/p>\n\t\t\t\t\t\t\t\t\t<img decoding=\"async\" src=\"https:\/\/portage.ca\/wp-content\/uploads\/2025\/07\/Icon-9.png\" alt=\"\" \/>\n\t\t\t\t\t\t\n\t\t\t\t\t\t\t\t\t\t<p><strong>Support for Family and Friends: <\/strong>Discussion groups to alleviate isolation and support loved ones<\/p>\n\t\t\t\t\t\t\t\t\t<img decoding=\"async\" src=\"https:\/\/portage.ca\/wp-content\/uploads\/2025\/08\/Icon-10-2.png\" alt=\"\" \/>\n\t\t\t\t\t\t\n\t\t\t\t\t\t\t\t\t\t<p><strong>Training: <\/strong>Staff development opportunities and training to address evolving needs<\/p>\n\t<p>These initiatives made possible in part, by donor contributions, help Portage Atlantic offer a unique and transformative experience to youth in need.<\/p>\n<h2  id=\"fondations\">\n\t\t\tFoundations\t<\/h2>\n<h3>\n\t\t\tThe Portage Foundation in Quebec\t<\/h3>\n\t<p>Thanks to the generosity of our donors, partners and volunteers, we&#8217;ve been able to organize inspiring, community-building events that have helped us raise essential funds in support of our rehabilitation programs.<\/p>\n<p>We want to thank the Chair of the annual fundraising campaign in Montreal, Guy Nadeau, Vice-President, Desjardins Business Montreal, and the Chair of the campaign in Quebec City, Andr\u00e9 Roy, President of PMT Roy Insurance and Financial Services from 2011 to 2023, for their unwavering support over the years.<\/p>\n<p>Every donation helps transform lives-whether through the <em>Soir\u00e9e des Grands Philanthropes<\/em> event, our golf tournaments, or creative initiatives such as the <em>Tout en couleur<\/em> art exhibition and <em>D\u00e9fi Sans D\u00e9pendance<\/em>, a cycling challenge to support youth in recovery. We are deeply grateful to all those who have believed in our mission and who, through their commitment, have helped young people and adults alike rediscover hope for a brighter future and to better give back to society.<\/p>\n\t\t\t\t<a href=\"https:\/\/portage.ca\/wp-content\/uploads\/2024\/10\/20241003_Portage_0149-Recadree.jpg\"  target=\"_self\" itemprop=\"url\">\n\t\t\t\t<img decoding=\"async\" src=\"https:\/\/portage.ca\/wp-content\/uploads\/2024\/10\/20241003_Portage_0149-Recadree.jpg\" alt=\"20241003_Portage_0149-Recadr\u00e9e\" itemprop=\"image\" height=\"954\" width=\"2048\" title=\"20241003_Portage_0149-Recadr\u00e9e\" onerror=\"this.style.display='none'\" loading=\"lazy\" \/>\n\t\t\t\t<\/a>\n<h4>\n\t\t\t21st edition of La Soir\u00e9e des Grands Philanthropes &#8211; Tribute to Eric La Fl\u00e8che\t<\/h4>\n\t<p>On October 3, 2024, Portage raised a net amount of $1,400,000 during the tribute evening honoring Mr. Eric La Fl\u00e8che, President and Chief Executive Officer of METRO inc.<\/p>\n<p>A total of 780 guests were welcomed at the Windsor Station&#8217;s Salle des pas perdus, as well as 135 guests in Qu\u00e9bec City, who took part in the Montreal event live from the Fairmont Le Ch\u00e2teau Frontenac.<\/p>\n\t\t\t<a href=\"https:\/\/portage.ca\/en\/1-4m-net-raised-in-support-of-portages-mission-a-resounding-success\/%20\" target=\"_blank\" rel=\"noopener\">\n\t\t\t\t\t\t\tREAD MORE\n\t\t\t\t\t<\/a>\n\t\t\t\t<a href=\"https:\/\/portage.ca\/wp-content\/uploads\/2024\/06\/20240603_Portage_0455_Cheque_Complet.jpg\"  target=\"_self\" itemprop=\"url\">\n\t\t\t\t<img decoding=\"async\" src=\"https:\/\/portage.ca\/wp-content\/uploads\/2024\/06\/20240603_Portage_0455_Cheque_Complet.jpg\" alt=\"20240603_Portage_0455_Ch\u00e8que_Complet\" itemprop=\"image\" height=\"1365\" width=\"2048\" title=\"20240603_Portage_0455_Ch\u00e8que_Complet\" onerror=\"this.style.display='none'\" loading=\"lazy\" \/>\n\t\t\t\t<\/a>\n<h4>\n\t\t\t26th edition of the Golf and Cycling Event at the Laval-sur-le-Lac Golf Club\t<\/h4>\n\t<p>The 26<sup>th<\/sup>\u00a0edition of the Golf and Cycling Event took place at the renowned Laval-sur-le-Lac Golf Club on Monday, June 3, basking in perfect summer weather.<\/p>\n<p>This event brought together 136 enthusiastic golfers and 36 motivated cyclists, proving to be a resounding success and raising a net total of $150,000.<\/p>\n\t\t\t<a href=\"https:\/\/portage.ca\/en\/the-26th-edition-of-the-golf-and-cycling-at-the-renowned-laval-sur-le-lac-golf-club\/%20\" target=\"_blank\" rel=\"noopener\">\n\t\t\t\t\t\t\tREAD MORE\n\t\t\t\t\t<\/a>\n\t\t\t\t<a href=\"https:\/\/portage.ca\/wp-content\/uploads\/2024\/06\/2024-06-10_Golf-QC_Photo_Cheque_Geant_avec_Montant-3-scaled.jpg\"  target=\"_self\" itemprop=\"url\">\n\t\t\t\t<img decoding=\"async\" src=\"https:\/\/portage.ca\/wp-content\/uploads\/2024\/06\/2024-06-10_Golf-QC_Photo_Cheque_Geant_avec_Montant-3-scaled.jpg\" alt=\"2024-06-10_Golf QC_Photo_Cheque_Geant_avec_Montant-3\" itemprop=\"image\" height=\"1960\" width=\"2560\" title=\"2024-06-10_Golf QC_Photo_Cheque_Geant_avec_Montant-3\" onerror=\"this.style.display='none'\" loading=\"lazy\" \/>\n\t\t\t\t<\/a>\n<h4>\n\t\t\t29th Golf Open at the Royal Qu\u00e9bec Golf Club\t<\/h4>\n\t<p>Portage&#8217;s 29th\u00a0edition of the Golf Open was held at the prestigious\u00a0<a href=\"https:\/\/royalquebec.com\/en\/\" target=\"_blank\" rel=\"noopener\">Royal Quebec Golf Club<\/a>\u00a0on Monday, June 10th.<\/p>\n<p>Our heartfelt thanks to honorary chair Martin V\u00e9zina, Vice-President, <a href=\"https:\/\/ia.ca\/individuals\" target=\"_blank\" rel=\"noopener\">iA Financial Group<\/a>&#8216;s Quebec and Atlantic Independent Sales Network-and to the organizing committee for its dedication in making this a successful event, which raised a net total of $68,500.<\/p>\n\t\t\t<a href=\"https:\/\/portage.ca\/en\/29th-golf-omnium-in-quebec-city\/%20\" target=\"_blank\" rel=\"noopener\">\n\t\t\t\t\t\t\tREAD MORE\n\t\t\t\t\t<\/a>\n\t\t\t\t<a href=\"https:\/\/portage.ca\/wp-content\/uploads\/2024\/11\/Screenshot_20241106-060113_LinkedIn.jpg\"  target=\"_self\" itemprop=\"url\">\n\t\t\t\t<img decoding=\"async\" src=\"https:\/\/portage.ca\/wp-content\/uploads\/2024\/11\/Screenshot_20241106-060113_LinkedIn.jpg\" alt=\"Screenshot_20241106-060113_LinkedIn\" itemprop=\"image\" height=\"1063\" width=\"1570\" title=\"Screenshot_20241106-060113_LinkedIn\" onerror=\"this.style.display='none'\" loading=\"lazy\" \/>\n\t\t\t\t<\/a>\n<h4>\n\t\t\tHu\u00eetres en affaires at Complexe Desjardins\t<\/h4>\n\t<p>The\u00a0<em>Hu\u00eetres en affaires\u00a0<\/em>philanthropic culinary event was held yesterday at\u00a0<a href=\"https:\/\/complexedesjardins.com\/en\/\" target=\"_blank\" rel=\"noopener\">Complexe Desjardins<\/a>\u00a0and once again proved to be a tremendous success this year raising a record net amount of $155,729. Our heartfelt thanks to Guy Nadeau, Vice-President of\u00a0<a href=\"https:\/\/www.desjardins.com\/ca\/dbc\/index.jsp?transit=81530716\" target=\"_blank\" rel=\"noopener\">Desjardins Business &#8211; Montreal<\/a>, for selecting Portage as one of the three organizations to benefit from the proceeds.<\/p>\n\t\t\t<a href=\"https:\/\/portage.ca\/en\/huitres-en-affaires-the-philanthropic-culinary-event-of-the-year\/%20\" target=\"_blank\" rel=\"noopener\">\n\t\t\t\t\t\t\tREAD MORE\n\t\t\t\t\t<\/a>\n\t\t\t\t<a href=\"https:\/\/portage.ca\/wp-content\/uploads\/2024\/10\/Exposition-dart-tout-en-couleur4.png\"  target=\"_self\" itemprop=\"url\">\n\t\t\t\t<img decoding=\"async\" src=\"https:\/\/portage.ca\/wp-content\/uploads\/2024\/10\/Exposition-dart-tout-en-couleur4.png\" alt=\"Exposition d&#039;art tout en couleur4\" itemprop=\"image\" height=\"900\" width=\"1600\" title=\"Exposition d&#039;art tout en couleur4\" onerror=\"this.style.display='none'\" loading=\"lazy\" \/>\n\t\t\t\t<\/a>\n<h4>\n\t\t\t\u00ab Exposition d&#8217;art : Tout en couleur  \u00bb, an art collective by Sylvie Dagenais \t<\/h4>\n\t<p>Artist Sylvie Dagenais held a fund-raising event entitled\u00a0<em>Exposition d&#8217;art\u00a0: Tout en couleur<\/em>\u00a0on September 10th in Sainte-Ad\u00e8le. Organized for the benefit of the Portage Foundation, the event welcomed some one hundred participants and four artists who generously donated part of the proceeds from the sale of their artworks.<\/p>\n<p>We are pleased to announce that a net sum of $50,000 was raised for the construction of a youth&#8217;s wing at the Lac \u00c9cho Centre.<\/p>\n\t\t\t<a href=\"https:\/\/portage.ca\/en\/50000-raised-for-the-construction-of-a-youths-wing-at-the-lac-echo-centre\/%20\" target=\"_blank\" rel=\"noopener\">\n\t\t\t\t\t\t\tREAD MORE\n\t\t\t\t\t<\/a>\n\t\t\t\t<a href=\"https:\/\/portage.ca\/wp-content\/uploads\/2025\/04\/202208_Portage_0169.jpg\"  target=\"_self\" itemprop=\"url\">\n\t\t\t\t<img decoding=\"async\" src=\"https:\/\/portage.ca\/wp-content\/uploads\/2025\/04\/202208_Portage_0169.jpg\" alt=\"202208_Portage_0169\" itemprop=\"image\" height=\"1365\" width=\"2048\" title=\"202208_Portage_0169\" onerror=\"this.style.display='none'\" loading=\"lazy\" \/>\n\t\t\t\t<\/a>\n<h4>\n\t\t\tExploring the Microscopic World\t<\/h4>\n\t<p>On July 18, adolescents and young adults at the Lac \u00c9cho Portage addiction rehabilitation program got a special visit from\u00a0<a href=\"https:\/\/www.linkedin.com\/in\/eric-lecuyer-0624b0235\/\" target=\"_blank\" rel=\"noopener\">Eric L\u00e9cuyer<\/a>, Head of the RNA Biology Research Unit at the\u00a0<a href=\"https:\/\/www.ircm.qc.ca\/en\/ircm-home\" target=\"_blank\" rel=\"noopener\">Clinical Research Institute of Montreal (IRCM)<\/a>.<\/p>\n<p>Mr. L\u00e9cuyer led the group in a scientific exploration activity, offering them a chance to dive into the fascinating world of microorganisms that surround us.<\/p>\n\t\t\t<a href=\"https:\/\/portage.ca\/en\/exploring-the-microscopic-world-with-eric-lecuyer\/%20\" target=\"_blank\" rel=\"noopener\">\n\t\t\t\t\t\t\tREAD MORE\n\t\t\t\t\t<\/a>\n\t\t\t\t<a href=\"https:\/\/portage.ca\/wp-content\/uploads\/2024\/11\/20241122_115123-scaled-e1732565438541.jpg\"  target=\"_self\" itemprop=\"url\">\n\t\t\t\t<img decoding=\"async\" src=\"https:\/\/portage.ca\/wp-content\/uploads\/2024\/11\/20241122_115123-scaled-e1732565438541.jpg\" alt=\"20241122_115123\" itemprop=\"image\" height=\"1920\" width=\"2560\" title=\"20241122_115123\" onerror=\"this.style.display='none'\" loading=\"lazy\" \/>\n\t\t\t\t<\/a>\n<h4>\n\t\t\tDonation from the Simple Plan Foundation for the music program\t<\/h4>\n\t<p><a href=\"https:\/\/www.simpleplanfoundation.org\/home\" target=\"_blank\" rel=\"noopener\">The Simple Plan Foundation<\/a>\u00a0held a press conference on November 22<sup>nd<\/sup> to announce the amounts donated to various organizations supporting at-risk youth, including the Portage Foundation.<\/p>\n<p>We would like to extend our heartfelt thanks to the band members for their generous $20,000 donation, which will allow us to continue the music program-an enrichment activity vital to the therapeutic process for teenagers and young adults struggling with addiction. Thanks to the Simple Plan Foundation&#8217;s support over the past 15 years, we have been able to enhance our services by introducing an art therapy component to our residential centres in\u00a0Lac \u00c9cho\u00a0and\u00a0Saint-Malachie.<\/p>\n\t\t\t<a href=\"https:\/\/portage.ca\/en\/simple-plan-foundation-20000-for-portage-youth\/%20\" target=\"_blank\" rel=\"noopener\">\n\t\t\t\t\t\t\tREAD MORE\n\t\t\t\t\t<\/a>\n\t\t\t\t<a href=\"https:\/\/portage.ca\/wp-content\/uploads\/2024\/12\/IMG_1542-scaled.jpg\"  target=\"_self\" itemprop=\"url\">\n\t\t\t\t<img decoding=\"async\" src=\"https:\/\/portage.ca\/wp-content\/uploads\/2024\/12\/IMG_1542-scaled.jpg\" alt=\"IMG_1542\" itemprop=\"image\" height=\"1920\" width=\"2560\" title=\"IMG_1542\" onerror=\"this.style.display='none'\" loading=\"lazy\" \/>\n\t\t\t\t<\/a>\n<h4>\n\t\t\tD\u00e9fi Sans D\u00e9pendance\t<\/h4>\n\t<p>During National Addictions Awareness Week, Malyka, a graduate of\u00a0the adolescent and young adult program, completed a seven-day, 500-kilometer cycling journey. This initiative aimed to raise public awareness about addiction challenges and collect funds to support youth in recovery.<\/p>\n<p>Thanks to her determination and the support of all contributors, $5,000 was raised. The funds collected through this challenge will help finance therapeutic, sports, and cultural activities, which are essential for helping youth develop healthy interests, build self-confidence, and maintain their sobriety.<\/p>\n\t\t\t<a href=\"https:\/\/portage.ca\/en\/defi-sans-dependance-500-km-cycling-journey-to-support-youth-in-recovery\/%20\" target=\"_blank\" rel=\"noopener\">\n\t\t\t\t\t\t\tREAD MORE\n\t\t\t\t\t<\/a>\n<h4>\n\t\t\tDONORS HONOUR ROLL\t<\/h4>\n<h5>\n\t\t\tBuilders ($250 000 and more)\t<\/h5>\n\t\t\t\t<img decoding=\"async\" src=\"https:\/\/portage.ca\/wp-content\/uploads\/2022\/08\/Fondation_Marcelle_et_Jean_Coutu.jpg\" alt=\"Fondation_Marcelle_et_Jean_Coutu\" itemprop=\"image\" height=\"307\" width=\"475\" title=\"Fondation_Marcelle_et_Jean_Coutu\" onerror=\"this.style.display='none'\" loading=\"lazy\" \/>\n<h5>\n\t\t\tAmbassadors ($150 000 &#8211; $249 999)\t<\/h5>\n\t\t\t\t<img decoding=\"async\" src=\"https:\/\/portage.ca\/wp-content\/uploads\/2024\/03\/Logo-Metro.png\" alt=\"Logo Metro\" itemprop=\"image\" height=\"828\" width=\"3764\" title=\"Logo Metro\" onerror=\"this.style.display='none'\" loading=\"lazy\" \/>\n\t\t\t\t<img decoding=\"async\" src=\"https:\/\/portage.ca\/wp-content\/uploads\/2023\/03\/Logo_Desjardins-PlusGros_Vert_Site_Web_Cell_SGP_2023.png\" alt=\"Logo_Desjardins-PlusGros_Vert_Site_Web_Cell_SGP_2023\" itemprop=\"image\" height=\"306\" width=\"792\" title=\"Logo_Desjardins-PlusGros_Vert_Site_Web_Cell_SGP_2023\" onerror=\"this.style.display='none'\" loading=\"lazy\" \/>\n\t\t\t\t<img decoding=\"async\" src=\"https:\/\/portage.ca\/wp-content\/uploads\/2025\/08\/logo-st-denis-thompson2.png\" alt=\"logo-st-denis-thompson2\" itemprop=\"image\" height=\"500\" width=\"1001\" title=\"logo-st-denis-thompson2\" onerror=\"this.style.display='none'\" loading=\"lazy\" \/>\n<h5>\n\t\t\tLeaders ($50 000 &#8211; $149 999)\t<\/h5>\n\t\t\t<a href=\"#\" target=\"_self\">\n\t\t\t\t\t\t\tSEE LESS\n\t\t\t\t\t<\/a>\n\t\t\t<a href=\"#\" target=\"_self\">\n\t\t\t\t\t\t\tSEE MORE\n\t\t\t\t\t<\/a>\n\t<p>Air Canada<\/p>\n<p>Banque Nationale<\/p>\n<p>BMO March\u00e9s des capitaux, Qu\u00e9bec<\/p>\n<p>CDPQ<\/p>\n<p>Cogeco inc.<\/p>\n<p>EY<\/p>\n\t<p>Famille Chagnon<\/p>\n<p>Fondation Famille Godin<\/p>\n<p>Fondation Famille Le Blanc<\/p>\n<p>Fondation J.A. DeS\u00e8ve<\/p>\n<p>Fondation Lorraine et Jean Turmel<\/p>\n\t<p>Fondation Paquin Thevenoz<\/p>\n<p>Fondation Sandra et Alain Bouchard<\/p>\n<p>Hydro-Qu\u00e9bec<\/p>\n<p>R. Howard Webster Foundation<\/p>\n<p>Sun Life Qu\u00e9bec<\/p>\n<h5>\n\t\t\tPartners ($25 000 &#8211; $49 999)\t<\/h5>\n\t\t\t<a href=\"#\" target=\"_self\">\n\t\t\t\t\t\t\tSEE LESS\n\t\t\t\t\t<\/a>\n\t\t\t<a href=\"#\" target=\"_self\">\n\t\t\t\t\t\t\tSEE MORE\n\t\t\t\t\t<\/a>\n\t<p>Agropur Coop\u00e9rative<\/p>\n<p>American Iron &amp; Metal Inc.<\/p>\n<p>Claridge inc.<\/p>\n<p>Fednav Limited<\/p>\n<p>Fiera Capital<\/p>\n<p>Groupe Canam inc.<\/p>\n\t<p>Groupe JAMP Pharma<\/p>\n<p>iA Groupe financier<\/p>\n<p>Kaufmann, Charles<\/p>\n<p>Kr\u00f6ger, Britta et Simons, Peter<\/p>\n<p>Olivier, Fran\u00e7ois<\/p>\n\t<p>Power Corporation du Canada<\/p>\n<p>RBC Banque Royale<\/p>\n<p>Soeurs de la Charit\u00e9 de Qu\u00e9bec (Les)<\/p>\n<p>TFI International<\/p>\n<p>Valeurs mobili\u00e8res TD inc.<\/p>\n<h5>\n\t\t\tBenefactors ($10 000 &#8211; $24 999)\t<\/h5>\n\t\t\t<a href=\"#\" target=\"_self\">\n\t\t\t\t\t\t\tSEE LESS\n\t\t\t\t\t<\/a>\n\t\t\t<a href=\"#\" target=\"_self\">\n\t\t\t\t\t\t\tSEE MORE\n\t\t\t\t\t<\/a>\n\t<p>A\u00e9roports de Montr\u00e9al<\/p>\n<p>Alithya Canada<\/p>\n<p>Azrieli Foundation (The)<\/p>\n<p>Banque Scotia<\/p>\n<p>BCE Inc. et Bell Canada<\/p>\n<p>BCF s.e.n.c.r.l.<\/p>\n<p>Beneva<\/p>\n<p>Blakes<\/p>\n<p>Bombardier<\/p>\n<p>Bombardier, Janine<\/p>\n<p>Boulangerie Chef Frankie inc.<\/p>\n<p>Burnbrae Farms Limited<\/p>\n<p>Cascades<\/p>\n<p>Club Rotary de Qu\u00e9bec-Charlesbourg<\/p>\n<p>CN<\/p>\n<p>Cogir Immobilier<\/p>\n<p>Collectif Humanise<\/p>\n<p>Del Rosario, Laurent<\/p>\n<p>Deloitte<\/p>\n<p>Denis, France et Royer, Raymond<\/p>\n<p>Di Lillo Construction Lt\u00e9e<\/p>\n<p>Dub\u00e9, Genevi\u00e8ve<\/p>\n<p>Edgenda<\/p>\n<p>\u00c9nergie Valero inc.<\/p>\n<p>Estridev<\/p>\n<p>Exceldor Coop\u00e9rative<\/p>\n\t<p>Fairmont Le Ch\u00e2teau Frontenac<\/p>\n<p>Fasken<\/p>\n<p>Fondation Alain Paquet<\/p>\n<p>Fondation \u00c9nergie Valero du Canada<\/p>\n<p>Fondation Fran\u00e7ois Caron<\/p>\n<p>Fondation Jacques et Michel Auger<\/p>\n<p>Fondation Simple Plan<\/p>\n<p>Fondation Suzanne et Jean-Robert Leclerc<\/p>\n<p>Fondation Sylvie Nadeau et Michel Dallaire<\/p>\n<p>Fondation Virginia Parker<\/p>\n<p>Fonds de solidarit\u00e9 FTQ<\/p>\n<p>Fonds Fondation Paul-A. Fournier &#8211; Fondation du Grand Montr\u00e9al<\/p>\n<p>Garaga inc.<\/p>\n<p>George Hogg Family Foundation (The)<\/p>\n<p>Gestion d&#8217;actifs Burgundy<\/p>\n<p>Gestion Thap inc.<\/p>\n<p>Gildan Activewear inc.<\/p>\n<p>Global Payments Canada<\/p>\n<p>Groupe Asselin L\u00e9vesque<\/p>\n<p>Groupe Geloso<\/p>\n<p>Groupe Gourmet Privil\u00e8ge<\/p>\n<p>Groupe Novipro<\/p>\n<p>Harden<\/p>\n<p>Investissement Qu\u00e9bec<\/p>\n<p>John Patrick Colfer Family Foundation<\/p>\n<p>Keurig Dr Pepper Canada<\/p>\n\t<p>KPMG<\/p>\n<p>La Presse<\/p>\n<p>March\u00e9s mondiaux CIBC inc.<\/p>\n<p>McCarthy T\u00e9trault<\/p>\n<p>Miller Thomson<\/p>\n<p>Molson Coors<\/p>\n<p>Morency, Soci\u00e9t\u00e9 d&#8217;avocats<\/p>\n<p>Muller, Alix<\/p>\n<p>Normandin Beaudry<\/p>\n<p>Norton Rose Fulbright<\/p>\n<p>Olymel<\/p>\n<p>Paradis, Anne et Roy, Andr\u00e9<\/p>\n<p>Private Brands Consortium PBC Inc.<\/p>\n<p>Produits Kruger inc.<\/p>\n<p>Promutuel Assurance C\u00f4te-Sud<\/p>\n<p>PwC Canada<\/p>\n<p>R2i inc.<\/p>\n<p>RioCan Real Estate Investment Trust<\/p>\n<p>Rogers Communications Canada inc.<\/p>\n<p>Sanimax<\/p>\n<p>Saputo inc.<\/p>\n<p>Solotech<\/p>\n<p>Stingray Group Inc.<\/p>\n<p>Succession Lysianne Le Dain<\/p>\n<p>WSP Canada inc.<\/p>\n<h5>\n\t\t\tCollaborators ($5 000 &#8211; $9 999)\t<\/h5>\n\t\t\t<a href=\"#\" target=\"_self\">\n\t\t\t\t\t\t\tSEE LESS\n\t\t\t\t\t<\/a>\n\t\t\t<a href=\"#\" target=\"_self\">\n\t\t\t\t\t\t\tSEE MORE\n\t\t\t\t\t<\/a>\n\t<p>Behaviour Interactive inc.<\/p>\n<p>Boies, Sylvain<\/p>\n<p>Bvlgari Hotel Tokyo<\/p>\n<p>Clinique de l&#8217;auto Higgins inc.<\/p>\n<p>Club Med<\/p>\n<p>Couture, Jean-Fran\u00e7ois<\/p>\n<p>Dagenais, Sylvie<\/p>\n<p>Dell Technologies<\/p>\n<p>Dynamark Management Corp.<\/p>\n<p>Ellipse Assurances<\/p>\n<p>Epic Games ArtStation Inc.<\/p>\n<p>Epsylon Concept inc.<\/p>\n<p>ESI Technologies inc.<\/p>\n<p>Fairmont Le Reine Elizabeth<\/p>\n<p>Fondation C&#8217;est beau la vie<\/p>\n<p>Fondation Famille Lupien<\/p>\n\t<p>Fondation Lise et Richard Fortin<\/p>\n<p>Fondation Madeleine et Jean-Paul Tardif<\/p>\n<p>Fondation Marie Christine Tremblay et Jacques Marchand<\/p>\n<p>Fondation Mi Corazon<\/p>\n<p>Fondation Sibylla Hesse<\/p>\n<p>Fondation Suzanne et Claude Rouleau (La)<\/p>\n<p>Fonds Distal inc.<\/p>\n<p>Fonds Youkali<\/p>\n<p>Groupe CH inc.<\/p>\n<p>Groupe Cirque du Soleil (Le)<\/p>\n<p>Groupe Norbec inc.<\/p>\n<p>Hylcan Foundation (The)<\/p>\n<p>Intact Assurance<\/p>\n<p>Jarislowsky Fraser Limit\u00e9e<\/p>\n<p>Lefebvre, Gilles<\/p>\n<p>Lemieux, Alexandre<\/p>\n\t<p>Mallette<\/p>\n<p>Marsh McLennan<\/p>\n<p>Massicotte, Karina<\/p>\n<p>McDonnell, Shaun<\/p>\n<p>M\u00e9nard, Pierre-Yves<\/p>\n<p>Mercer<\/p>\n<p>Montreal Gazette<\/p>\n<p>No\u00ebl, Martin<\/p>\n<p>NovAxis Solutions inc.<\/p>\n<p>Pierre Tardif inc.<\/p>\n<p>Pomerleau inc.<\/p>\n<p>Qu\u00e9becor inc.<\/p>\n<p>Racine, R\u00e9mi<\/p>\n<p>Rae, John<\/p>\n<p>Vilder, S\u00e9bastien<\/p>\n<h5>\n\t\t\tFriends ($1 000 &#8211; $4 999)\t<\/h5>\n\t\t\t<a href=\"#\" target=\"_self\">\n\t\t\t\t\t\t\tSEE LESS\n\t\t\t\t\t<\/a>\n\t\t\t<a href=\"#\" target=\"_self\">\n\t\t\t\t\t\t\tSEE MORE\n\t\t\t\t\t<\/a>\n\t<p>Acc\u00e8sConseil<\/p>\n<p>Arboplus<\/p>\n<p>Asselin, Julie<\/p>\n<p>Association de la Construction du Qu\u00e9bec &#8211; R\u00e9gion de Qu\u00e9bec<\/p>\n<p>Auberge Saint-Antoine<\/p>\n<p>Augustines du Monast\u00e8re Saint-Augustin (Les)<\/p>\n<p>Baillie, J-Fraser<\/p>\n<p>BCF Avocats d&#8217;affaires<\/p>\n<p>BDC<\/p>\n<p>B\u00e9land, Jean-S\u00e9bastien<\/p>\n<p>Bene Design inc.<\/p>\n<p>Beneva inc.<\/p>\n<p>Bernard, Jean Philippe<\/p>\n<p>Birks Family Foundation (The)<\/p>\n<p>Bolduc, Enrico<\/p>\n<p>Boulanger, G\u00e9rard<\/p>\n<p>Boutique La Vie en Rose inc.<\/p>\n<p>Bruneau, Marc<\/p>\n<p>C2V Architecture<\/p>\n<p>Cabinet de relations publiques NATIONAL inc. (Le)<\/p>\n<p>Canderel Management Inc.<\/p>\n<p>Choquette, Alexandra<\/p>\n<p>CI Investments Inc.<\/p>\n<p>Club de Golf Le Blainvillier<\/p>\n<p>Club de Golf Royal Qu\u00e9bec<\/p>\n<p>Club Laval-sur-le-Lac (Le)<\/p>\n<p>Conagra Brands<\/p>\n<p>Congebec inc.<\/p>\n<p>Construction Broccolini inc.<\/p>\n<p>Construction Ricar inc.<\/p>\n<p>Corporation financi\u00e8re Northbridge<\/p>\n<p>C\u00f4t\u00e9, Jo\u00ebl<\/p>\n<p>C\u00f4t\u00e9, Paul<\/p>\n<p>Couceiro, Carlos<\/p>\n<p>Dagenais, Denise<\/p>\n<p>D&#8217;Amour, Martine<\/p>\n<p>Delisle, Marie-France<\/p>\n<p>Deltec Construction inc.<\/p>\n<p>d&#8217;Eschambault, Roger<\/p>\n<p>Desgagn\u00e9, Yan<\/p>\n<p>Desparois Coulombe, Lise<\/p>\n<p>Diallo, Malyka<\/p>\n<p>Doyon, J. Michel<\/p>\n<p>DS Avocats Canada<\/p>\n<p>Dupuis, Fran\u00e7ois<\/p>\n<p>EGR inc.<\/p>\n<p>EgR Strat\u00e8ges en assurance<\/p>\n<p>Entourage sur-le-Lac Resort<\/p>\n<p>Entreprises P.A. \u00c9lectrique inc. (Les)<\/p>\n<p>ExoTalent &#8211; Une division du Groupe Magellan<\/p>\n<p>Fairmont Le Manoir Richelieu<\/p>\n<p>Fidelity Investments Canada ULC<\/p>\n<p>Fiducie Jacqueline Lallemand<\/p>\n<p>Fitness Nutrition \u00c9quipement<\/p>\n<p>Fluet, Julie<\/p>\n<p>Fondation Alexandre Tremblay et Caroline Ferland<\/p>\n<p>Fondation de la Corporation des Concessionnaires d&#8217;automobiles de Montr\u00e9al<\/p>\n\t<p>Fondation Frontenac &#8211; Fonds Caritatif Andr\u00e9 Roy<\/p>\n<p>Fondation Normand Brie<\/p>\n<p>Fondation Poverello<\/p>\n<p>Fonds Philanthropique Famille Denise-et-Alban-D&#8217;Amours<\/p>\n<p>Galerie d&#8217;Art Cosner au Ritz-Carlton<\/p>\n<p>Gamache, Robin<\/p>\n<p>Gauthier, Carl<\/p>\n<p>Gauthier, Jacques<\/p>\n<p>Gendreau, Isabelle<\/p>\n<p>Gespra<\/p>\n<p>Gestion Ghislain Rh\u00e9aume inc.<\/p>\n<p>Gestion K2Kapital inc.<\/p>\n<p>Gestion priv\u00e9e Desjardins<\/p>\n<p>Gigu\u00e8re, Laurent<\/p>\n<p>Gigu\u00e8re, Sylvie<\/p>\n<p>Groupe AGF inc.<\/p>\n<p>Groupe CT inc.<\/p>\n<p>Groupe Desch\u00eanes inc.<\/p>\n<p>Groupe Farel inc.<\/p>\n<p>Groupe Germain<\/p>\n<p>Groupe IN-RGY Consultations inc.<\/p>\n<p>Groupe Maurice (Le)<\/p>\n<p>Groupe Syst\u00e8mes Pr\u00e9fabriqu\u00e9s Int\u00e9gr\u00e9s inc.<\/p>\n<p>Habitations Leblanc inc. (Les)<\/p>\n<p>Harry Rosen<\/p>\n<p>Hexarem inc.<\/p>\n<p>Holt Renfrew Ogilvy<\/p>\n<p>H\u00f4tel Le Bristol Paris<\/p>\n<p>Houle, Marie-Jos\u00e9e<\/p>\n<p>Howlett, Peter A.<\/p>\n<p>HUB International Qu\u00e9bec limit\u00e9e<\/p>\n<p>ILS Pharma inc.<\/p>\n<p>Imp\u00f4t \u00c9toile<\/p>\n<p>Interpares inc.<\/p>\n<p>Invesco Canada Ltd<\/p>\n<p>Julien inc.<\/p>\n<p>Knoche, Sophia et Nakhle, Ralph<\/p>\n<p>Knowles, Jason<\/p>\n<p>Laboratoire MAT inc.<\/p>\n<p>Lacroix, Claude<\/p>\n<p>Lallier, \u00c9ric<\/p>\n<p>Lambert Somec<\/p>\n<p>Lantic inc.<\/p>\n<p>Laroche, Yvan<\/p>\n<p>Larochelle, Jean-Pierre<\/p>\n<p>Lavertu, Esther<\/p>\n<p>Le Gal, St\u00e9phane<\/p>\n<p>Leahy, Brian Henry<\/p>\n<p>Lefebvre, Genevi\u00e8ve<\/p>\n<p>Lemieux, Claude<\/p>\n<p>LJT Avocats<\/p>\n<p>Location Park Avenue &#8211; Jim Pattison<\/p>\n<p>Losier, Gilles<\/p>\n<p>Mackenzie Investments<\/p>\n<p>Maison Simons (La)<\/p>\n<p>Manulife<\/p>\n\t<p>Martel, Benoit<\/p>\n<p>Martineau, Jayson<\/p>\n<p>Mayrand, Richard<\/p>\n<p>McKesson Canada<\/p>\n<p>Modelo Mod\u00e9lisation 3D inc.<\/p>\n<p>Mousseau, Robert<\/p>\n<p>MSR M\u00e9canique du B\u00e2timent et Plomberie<\/p>\n<p>\u0152uvres Marie-Anne-Lavall\u00e9e<\/p>\n<p>Panavid\u00e9o inc.<\/p>\n<p>Paquette, Joseph Roger<\/p>\n<p>Parasuco Jeans Inc.<\/p>\n<p>Patrice Brunet Avocats<\/p>\n<p>Patrick Morin inc.<\/p>\n<p>Perkins, Danny<\/p>\n<p>Pros de la Photo (Qu\u00e9bec) inc. (Les)<\/p>\n<p>Pub Chez Pauline inc.<\/p>\n<p>Raymond Chabot Grant Thornton<\/p>\n<p>Reitman, Dorothy<\/p>\n<p>Restaurant Helena<\/p>\n<p>Rh\u00e9aume, Ghislain<\/p>\n<p>Riddell, Lindsay<\/p>\n<p>RM Recrutement International<\/p>\n<p>Robitaille, Michel<\/p>\n<p>Roland, Miriam<\/p>\n<p>Sagi, Alain<\/p>\n<p>S\u00e9minaire de Qu\u00e9bec<\/p>\n<p>SHL Qu\u00e9bec<\/p>\n<p>Simard, Michael G.<\/p>\n<p>Soeurs de St-Joseph de St-Vallier<\/p>\n<p>Soeurs du Bon Pasteur de Qu\u00e9bec (Les)<\/p>\n<p>Sofitel Paris Le Faubourg<\/p>\n<p>Softchoice<\/p>\n<p>Solutions Ited inc.<\/p>\n<p>Sommet Groupe Financier<\/p>\n<p>Spa St. James<\/p>\n<p>St-Amour &#8211; une division du Groupe Magellan<\/p>\n<p>St-Hilaire, Louis<\/p>\n<p>Stikeman Elliott<\/p>\n<p>StoneHaven Le Manoir<\/p>\n<p>St-Pierre, Danielle<\/p>\n<p>StratoExec &#8211; Une division du Groupe Magellan<\/p>\n<p>Suppl\u00e9ments Aromatik inc.<\/p>\n<p>Sythco inc.<\/p>\n<p>Tabl\u00e9e des Chefs (La)<\/p>\n<p>Tardif, Jean-Stuart<\/p>\n<p>Taylor, Colette M.<\/p>\n<p>Tenue de Soir\u00e9e<\/p>\n<p>Timberkids Charitable Foundation<\/p>\n<p>TLA Architectes<\/p>\n<p>Travaux de Peinture Cyr<\/p>\n<p>Tremblay Bois Avocats<\/p>\n<p>Valeurs mobili\u00e8res Desjardins Garon-Fluet-Bissonnette-Rodrigue<\/p>\n<p>V\u00e9zina Assurances inc.<\/p>\n<p>VIA Rail Canada inc.<\/p>\n<p>Vision Concept<\/p>\n<p>Vroom, K. Ann<\/p>\n<h3>\n\t\t\tThe Portage Foundation in Atlantic\t<\/h3>\n\t<p>Throughout the past year, the Portage Foundation in Atlantic Canada has played a key role in assisting young people on their path to rehabilitation and autonomy. Thanks to the generosity of our donors, partners and community leaders, we were able to initiate and sustain projects that go well beyond therapy to strengthen participants&#8217; confidence, teach them new skills and increase their feeling of belonging.<\/p>\n<p>Each project reflects the power of community engagement and each client testimonial shows what can be achieved when compassion leads to action. We are deeply grateful to everyone who helps support our mission.<\/p>\n\t\t\t\t<a href=\"https:\/\/portage.ca\/wp-content\/uploads\/2025\/03\/e9d2f6e0-5365-4228-b11e-4eb15c8a613f.jpg\"  target=\"_self\" itemprop=\"url\">\n\t\t\t\t<img decoding=\"async\" src=\"https:\/\/portage.ca\/wp-content\/uploads\/2025\/03\/e9d2f6e0-5365-4228-b11e-4eb15c8a613f.jpg\" alt=\"e9d2f6e0-5365-4228-b11e-4eb15c8a613f\" itemprop=\"image\" height=\"1500\" width=\"2000\" title=\"e9d2f6e0-5365-4228-b11e-4eb15c8a613f\" onerror=\"this.style.display='none'\" loading=\"lazy\" \/>\n\t\t\t\t<\/a>\n<h4>\n\t\t\tLearning a Trade to Build a Future\t<\/h4>\n\t<p>Portage Atlantic has partnered with the New Brunswick government to offer the <strong>Youth Skilled Trades Exploration Program (STEP), <\/strong>which introduces youth to non-traditional trades. Through hands-on training, participants learn important technical skills while accumulating accredited hours that count toward an official apprenticeship.<\/p>\n<p>Under the supervision of certified <em>Red Seal<\/em> instructors, participants train in a variety of trades, including electricity, plumbing, landscaping, carpentry and bricklaying. STEP is much more than a program; it&#8217;s a springboard toward autonomy and long-term success.<\/p>\n\t\t\t<a href=\"https:\/\/portage.ca\/en\/portage-atlantic-step-program-a-hands-on-path-to-skilled-trades\/\" target=\"_blank\" rel=\"noopener\">\n\t\t\t\t\t\t\tREAD MORE\n\t\t\t\t\t<\/a>\n\t\t\t\t<a href=\"https:\/\/portage.ca\/wp-content\/uploads\/2024\/06\/IMG_3631-scaled.jpeg\"  target=\"_self\" itemprop=\"url\">\n\t\t\t\t<img decoding=\"async\" src=\"https:\/\/portage.ca\/wp-content\/uploads\/2024\/06\/IMG_3631-scaled.jpeg\" alt=\"IMG_3631\" itemprop=\"image\" height=\"1920\" width=\"2560\" title=\"IMG_3631\" onerror=\"this.style.display='none'\" loading=\"lazy\" \/>\n\t\t\t\t<\/a>\n<h4>\n\t\t\tGrowing Together: Your Community Garden\t<\/h4>\n\t<p>On June 13, 2024, Portage Atlantic celebrated the opening of the Your Community Garden project\u00a0in Cassidy Lake-a vibrant space that symbolizes growth and community spirit. Eighteen generous donors were honoured at the event by adding a leaf with their name to our symbolic tree, alongside youth in treatment who helped create the garden.<\/p>\n<p>In addition to enhancing the beauty of the existing site and trail, the garden project is an opportunity for donors to do volunteer work together with young people. The funds raised by the project go directly to Portage Atlantic programs, with a portion going to the maintenance and expansion of the garden.<\/p>\n\t\t\t<a href=\"https:\/\/portage.ca\/en\/official-opening-of-your-community-garden-project\/\" target=\"_blank\" rel=\"noopener\">\n\t\t\t\t\t\t\tREAD MORE\n\t\t\t\t\t<\/a>\n\t\t\t\t<a href=\"https:\/\/portage.ca\/wp-content\/uploads\/2025\/05\/202505_PIA_3572.jpg\"  target=\"_self\" itemprop=\"url\">\n\t\t\t\t<img decoding=\"async\" src=\"https:\/\/portage.ca\/wp-content\/uploads\/2025\/05\/202505_PIA_3572.jpg\" alt=\"Joy Cummings Photo\" itemprop=\"image\" height=\"1120\" width=\"1680\" title=\"Joy Cummings Photo\" onerror=\"this.style.display='none'\" loading=\"lazy\" \/>\n\t\t\t\t<\/a>\n<h4>\n\t\t\tPhilanthropy in Action: Transforming Young People&#8217;s Lives\t<\/h4>\n\t<p>Portage Atlantic was honoured to be chosen as the recipient of the 2025 Philanthropy in Action Grant at an event celebrating outstanding philanthropic initiatives in the Fredericton community.<\/p>\n<p>This generous grant was presented by the Fredericton Community Foundation on behalf of Brenda and David Sansom. Their generosity and their commitment to making a difference are deeply appreciated and will have a lasting impact on the youth we support.<\/p>\n<p>We are deeply grateful to Brenda and David and to the Fredericton Community Foundation for their steadfast support and their confidence in our mission.<\/p>\n\t\t\t<a href=\"https:\/\/portage.ca\/en\/portage-atlantic-at-the-philanthropy-in-action-celebration\/\" target=\"_blank\" rel=\"noopener\">\n\t\t\t\t\t\t\tREAD MORE\n\t\t\t\t\t<\/a>\n\t\t\t\t<a href=\"https:\/\/portage.ca\/wp-content\/uploads\/2024\/10\/Recognition-2024.1-scaled.jpg\"  target=\"_self\" itemprop=\"url\">\n\t\t\t\t<img decoding=\"async\" src=\"https:\/\/portage.ca\/wp-content\/uploads\/2024\/10\/Recognition-2024.1-scaled.jpg\" alt=\"Recognition 2024.1\" itemprop=\"image\" height=\"1920\" width=\"2560\" title=\"Recognition 2024.1\" onerror=\"this.style.display='none'\" loading=\"lazy\" \/>\n\t\t\t\t<\/a>\n<h4>\n\t\t\tRecognition Ceremony: Honouring Courage and Perseverance\t<\/h4>\n\t<p>Every year, Portage Atlantic celebrates the strength and resilience of youth who have completed the residential phase of their therapy and of those who have maintained a healthy lifestyle for one year. The\u00a0<strong>Recognition Ceremony<\/strong>\u00a0is an important event, filled with emotion, pride and gratitude.<\/p>\n<p>The guests of honour at this year&#8217;s ceremony included Dr. Russell King, former chair of the Portage Atlantic Board (2004-2024), Genevi\u00e8ve Lefebvre, president and CEO of Portage, and the honourable Brenda Murphy, former lieutenant governor of New Brunswick (2019-2025). Their presence highlighted the importance of community support in the rehabilitation process and community pride in the achievements of our youth.<\/p>\n\t\t\t<a href=\"https:\/\/portage.ca\/en\/portage-atlantic-celebrated-its-annual-recognition-ceremony\/\" target=\"_blank\" rel=\"noopener\">\n\t\t\t\t\t\t\tREAD MORE\n\t\t\t\t\t<\/a>\n<h3>\n\t\t\tRegional Board\t<\/h3>\n\t<p>The Atlantic Regional Board is established in New Brunswick and serves with such authority as is vested to it by the Board of Trustees. It addresses matters affecting the conduct of Portage business in its region and make recommendations to the Board of Trustees.<\/p>\n\t<p>Dave Ferguson, Chair (2024-present); Dr. Russell King, Former Chair (2004-2024); Tammy Johnson; Fred Laforge; Erin Flood; Genevieve Lefebvre; John Maunder; Ron Murray; Dr. Rod Nolan; Bruce Northrup; Patricia Rogers; Zoe Watson; Dr. Frank Wilson; Brad Woodside.<\/p>\n<h4>\n\t\t\tDonors Honour Roll\t<\/h4>\n<h5>\n\t\t\tAmbassadors ($150 000 &#8211; $249 999)\t<\/h5>\n<h6>\n\t\t\tMayflower Sharps&#8217; of Sussex  New Start Foundation Inc.\t<\/h6>\n<h6>\n\t\t\tThe Windsor Foundation\t<\/h6>\n<h5>\n\t\t\tLeaders ($50 000 &#8211; $149 999)\t<\/h5>\n\t\t\t<a href=\"#\" target=\"_self\">\n\t\t\t\t\t\t\tSEE LESS\n\t\t\t\t\t<\/a>\n\t\t\t<a href=\"#\" target=\"_self\">\n\t\t\t\t\t\t\tSEE MORE\n\t\t\t\t\t<\/a>\n<h6>\n\t\t\tHarrison McCain Foundation\t<\/h6>\n<h5>\n\t\t\tPartners ($25 000 &#8211; $49 999)\t<\/h5>\n\t\t\t<a href=\"#\" target=\"_self\">\n\t\t\t\t\t\t\tSEE LESS\n\t\t\t\t\t<\/a>\n\t\t\t<a href=\"#\" target=\"_self\">\n\t\t\t\t\t\t\tSEE MORE\n\t\t\t\t\t<\/a>\n<h6>\n\t\t\tThe Sir James Dunn Foundation\t<\/h6>\n<h5>\n\t\t\tBenefactors ($10 000 &#8211; $24 999)\t<\/h5>\n\t\t\t<a href=\"#\" target=\"_self\">\n\t\t\t\t\t\t\tSEE LESS\n\t\t\t\t\t<\/a>\n\t\t\t<a href=\"#\" target=\"_self\">\n\t\t\t\t\t\t\tSEE MORE\n\t\t\t\t\t<\/a>\n<h6>\n\t\t\tNew Brunswick Children&#8217;s Foundation of the New Brunswick Protestant Orphans&#8217; Home\t<\/h6>\n<h5>\n\t\t\tCollaborators ($5 000 &#8211; $9 999)\t<\/h5>\n\t\t\t<a href=\"#\" target=\"_self\">\n\t\t\t\t\t\t\tSEE LESS\n\t\t\t\t\t<\/a>\n\t\t\t<a href=\"#\" target=\"_self\">\n\t\t\t\t\t\t\tSEE MORE\n\t\t\t\t\t<\/a>\n\t<p>Douglas Prebble<\/p>\n<p>Lockhart Foundation<\/p>\n<p>Nashwaaksis Lions Club We Serve<\/p>\n<p>The McCain Foundation<\/p>\n<p>United Commercial Travelers of America &#8211; Jack Kidd Council #755<\/p>\n<h5>\n\t\t\tFriends ($1 000 &#8211; $4 999)\t<\/h5>\n\t\t\t<a href=\"#\" target=\"_self\">\n\t\t\t\t\t\t\tSEE LESS\n\t\t\t\t\t<\/a>\n\t\t\t<a href=\"#\" target=\"_self\">\n\t\t\t\t\t\t\tSEE MORE\n\t\t\t\t\t<\/a>\n\t<p>Anonymous Donor<\/p>\n<p>Atlantic Police Association<\/p>\n<p>Brennan Farms Ltd.<\/p>\n<p>Cavendish Farms Corporation<\/p>\n<p>Chief Mary Bernard Memorial Women&#8217;s Shelter<\/p>\n<p>David and Brenda Sansom Foundation<\/p>\n<p>Fredericton Golden Club Inc.<\/p>\n<p>Fredericton Lions Club<\/p>\n<p>Holland Family Giving Fund<\/p>\n<p>Irving Consumer Products Limited<\/p>\n\t<p>Jean-Robert and Sylvie Bourgeois<\/p>\n<p>John and Pam Clark<\/p>\n<p>Kinsmen Club of the Miramichi Inc.<\/p>\n<p>Lamont &amp; Associates Ltd<\/p>\n<p>Maple Leaf Homes Inc.<\/p>\n<p>Michel Thebeau<\/p>\n<p>Midland Transport Limited<\/p>\n<p>Nackawic Lions Club Inc.<\/p>\n<p>New Brunswick Masonic Charities &amp; Housing Co. Ltd<\/p>\n<p>New Brunswick Social Pediatrics<\/p>\n\t<p>North Rustico Lions Club<\/p>\n<p>Peter and Daphne McCarthy<\/p>\n<p>Riverview Lions Club Inc.<\/p>\n<p>Robert Black<\/p>\n<p>Sisters of Charity of the Immaculate Conception<\/p>\n<p>Sobeys Inc.<\/p>\n<p>Sophia Recovery Centre<\/p>\n<p>St. Luke&#8217;s Thrift Shop<\/p>\n<p>The Louis and Roberta George Foundation<\/p>\n<h3>\n\t\t\tOntario\t<\/h3>\n<h4>\n\t\t\tDonors Honour Roll\t<\/h4>\n<h5>\n\t\t\tBenefactors ($10 000 &#8211; $24 999)\t<\/h5>\n\t\t\t<a href=\"#\" target=\"_self\">\n\t\t\t\t\t\t\tSEE LESS\n\t\t\t\t\t<\/a>\n\t\t\t<a href=\"#\" target=\"_self\">\n\t\t\t\t\t\t\tSEE MORE\n\t\t\t\t\t<\/a>\n<h6>\n\t\t\tThe Christina Mary Hendrie Trust for Scottish and Canadian Charities\t<\/h6>\n<h5>\n\t\t\tCollaborators ($5 000 &#8211; $9 999)\t<\/h5>\n\t\t\t<a href=\"#\" target=\"_self\">\n\t\t\t\t\t\t\tSEE LESS\n\t\t\t\t\t<\/a>\n\t\t\t<a href=\"#\" target=\"_self\">\n\t\t\t\t\t\t\tSEE MORE\n\t\t\t\t\t<\/a>\n<h6>\n\t\t\tCo-operators\t<\/h6>\n<h5>\n\t\t\tFriends ($1 000 &#8211; $4 999)\t<\/h5>\n\t\t\t<a href=\"#\" target=\"_self\">\n\t\t\t\t\t\t\tSEE LESS\n\t\t\t\t\t<\/a>\n\t\t\t<a href=\"#\" target=\"_self\">\n\t\t\t\t\t\t\tSEE MORE\n\t\t\t\t\t<\/a>\n\t<p>George Borovilos<\/p>\n<p>Keating Technologies Inc. \/ NPC<\/p>\n<p>Marlin and Marie Horst<\/p>\n<p>Milu Fresh Rolls<\/p>\n<p>Richard Van Dyke Insurance Group Inc.<\/p>\n<h2  id=\"gouvernance\">\n\t\t\tGovernance\t<\/h2>\n<h3>\n\t\t\tFor a sound and transparent governance\t<\/h3>\n\t<p>Since it was established in 1970, Portage has distinguished itself by its organizational discipline and its commitment to the community. The organization has continued to fulfil its mission, overcoming a great many obstacles thanks to the perseverance, competence, dedication and leadership of its management and staff.<\/p>\n<h3>\n\t\t\tBoard of Trustees\t<\/h3>\n\t<p>The Board of Trustees is composed of 25 members, including the Chairperson of the Ontario Board and the Chairperson of the Atlantic Canada Board. The members of the Board of Trustees are elected each year, for a one-year term, at the Annual General Meeting. The Board of Trustees, in accordance with the ByLaws of the Corporation, has the legal and fiduciary responsibility for the conduct of the affairs of the Corporation. The Board of Trustees exercises its responsibility with the assistance of the regional committees called Regional Boards and such other committees as it deems necessary.<\/p>\n\t<ul>\n<li>Genevi\u00e8ve Lefebvre<\/li>\n<li>Paul C\u00f4t\u00e9<\/li>\n<li>Peter A. Howlett<\/li>\n<li>Rita Apa<\/li>\n<li>Jason B\u00e9langer<\/li>\n<li>Sara Erskine<\/li>\n<li>David Ferguson<\/li>\n<li>Laurent Gigu\u00e8re<\/li>\n<\/ul>\n\t<ul>\n<li>Jane Howlett<\/li>\n<li>Matthew Linton<\/li>\n<li>Gurit Lotan<\/li>\n<li>Pierre-Yves M\u00e9nard<\/li>\n<li>Andr\u00e9 Roy<\/li>\n<li>Dorothy Reitman<\/li>\n<li>Georgia Tournas<\/li>\n<li>Ann Vroom<\/li>\n<\/ul>\n<h3>\n\t\t\tBoard of Governors\t<\/h3>\n\t<p>The Portage Board of Governors is composed of up to 250 voting members, including up to 35 members from Ontario and 35 members from Atlantic Canada. Each year, a slate of Governors is nominated and appointed for a one-year term at the Annual General Meeting.<\/p>\n<h5>\n\t\t\tBoard of governors\t<\/h5>\n\t\t\t<a href=\"#\" target=\"_self\">\n\t\t\t\t\t\t\tSEE LESS\n\t\t\t\t\t<\/a>\n\t\t\t<a href=\"#\" target=\"_self\">\n\t\t\t\t\t\t\tSEE MORE\n\t\t\t\t\t<\/a>\n\t<p>Peter Allison<\/p>\n<p>Rita Apa<\/p>\n<p>Fraser Baillie<\/p>\n<p>Jason Belanger<\/p>\n<p>Andr\u00e9 B\u00e9rard<\/p>\n<p>Ron Black<\/p>\n<p>Jules Bois<\/p>\n<p>Yvan Boisvert, Adm.A. Pl. Fin.<\/p>\n<p>Ted Callanan<\/p>\n<p>John Carsley<\/p>\n<p>Isabelle Chagnon<\/p>\n<p>Nancy Cleman, Ad.E<\/p>\n<p>Paul C\u00f4t\u00e9<\/p>\n<p>Georges Courteau<\/p>\n<p>Jean Coutu, O.C., O.Q.<\/p>\n<p>Mario Cusson, CPA CA, M.B.A.<\/p>\n<p>Michel Dallaire<\/p>\n<p>Denise\u00a0 D&#8217;Amours<\/p>\n<p>Alban D&#8217;Amours, G.O.Q<\/p>\n<p>Charles David, CA<\/p>\n<p>Michel D\u00e9cary, c.r., Ad. E.<\/p>\n<p>Roger D&#8217;Eschambault<\/p>\n<p>Luc Desch\u00eanes<\/p>\n<p>Jean-Pierre Desrosiers<\/p>\n<p>Ted Di Giorgio<\/p>\n<p>Derek A. Drummond<\/p>\n<p>Victor M. Drury<\/p>\n<p>Michel Dub\u00e9<\/p>\n<p>Claude Dubois<\/p>\n<p>Andr\u00e9 Dumont<\/p>\n<p>Dave Emmerson<\/p>\n<p>Sara Erskine<\/p>\n<p>Brian Evans<\/p>\n<p>Ron Evans<\/p>\n<p>Magdy Fahmy<\/p>\n<p>David Ferguson<\/p>\n<p>Erin Flood<\/p>\n<p>Geoff Flood<\/p>\n<p>Daniel Gagnier<\/p>\n<p>Jean-Paul Galarneau<\/p>\n<p>Clermont Gignac<\/p>\n<p>Sylvie Gigu\u00e8re<\/p>\n<p>Laurent Gigu\u00e8re, CA<\/p>\n\t<p>Kateri-Anne Grenier<\/p>\n<p>Maggie Hodgson<\/p>\n<p>Heather Hooper<\/p>\n<p>Richard Hooper<\/p>\n<p>Jane Howlett<\/p>\n<p>Michael Howlett<\/p>\n<p>Peter A. Howlett, C.M.<\/p>\n<p>Tammy Johnson<\/p>\n<p>E. Pius Kaufmann<\/p>\n<p>Russell\u00a0 King<\/p>\n<p>Tricia L. Kuhl<\/p>\n<p>\u00c9ric R. La Fl\u00e8che<\/p>\n<p>Claude Lacroix<\/p>\n<p>Frederic Laforge<\/p>\n<p>Benoit Lapointe<\/p>\n<p>Yvan Laroche<\/p>\n<p>Michel Lavigne<\/p>\n<p>H\u00e9l\u00e8ne Leduc<\/p>\n<p>Jacques Lefebvre<\/p>\n<p>Marc Lefran\u00e7ois<\/p>\n<p>Richard Legault, CPA, CA, CFA<\/p>\n<p>George Francis Lengvari<\/p>\n<p>Matthew R. Linton<\/p>\n<p>Gurit Lotan<\/p>\n<p>Richard Lupien<\/p>\n<p>John Macdonell<\/p>\n<p>John MacFarlane<\/p>\n<p>Marian MacFarlane<\/p>\n<p>Genevi\u00e8ve Marcotte<\/p>\n<p>Nelson Martin<\/p>\n<p>John Maunder<\/p>\n<p>Richard Mayrand<\/p>\n<p>Maurice McGregor<\/p>\n<p>Pierre-Yves M\u00e9nard<\/p>\n<p>Gary Mintz<\/p>\n<p>Kimberly Miousse<\/p>\n<p>R\u00e9al Moffet, MBA, FCA<\/p>\n<p>Ronald Murray<\/p>\n<p>Guy Nadeau<\/p>\n<p>Sylvie Nadeau<\/p>\n<p>Ernest Nagy<\/p>\n<p>Roderick C. Nolan, P. Eng.<\/p>\n<p>Carmand Normand<\/p>\n\t<p>Francois Olivier<\/p>\n<p>\u00c9rik P\u00e9ladeau<\/p>\n<p>Louis Pilon<\/p>\n<p>Herv\u00e9 Pomerleau<\/p>\n<p>Marie-France Poulin<\/p>\n<p>Richard W. Pound, C.C., O.Q., c.r., F.C.P.A.<\/p>\n<p>Evan Price<\/p>\n<p>Martha Price<\/p>\n<p>Andr\u00e9 Provencher<\/p>\n<p>Jackie Ranahan<\/p>\n<p>Robert J. Ransford<\/p>\n<p>Dorothy Reitman, C.M.<\/p>\n<p>Richard J. Renaud, FCA<\/p>\n<p>Robert J. Ritchie<\/p>\n<p>\u00c9mile Robichaud<\/p>\n<p>Patricia Rogers<\/p>\n<p>Miriam Roland, M.A., C.C.C.<\/p>\n<p>Claude\u00a0 Rouleau<\/p>\n<p>Lyne Rouleau<\/p>\n<p>Michel Rouleau<\/p>\n<p>Ren\u00e9 Rouleau<\/p>\n<p>Louise Rousseau<\/p>\n<p>Andr\u00e9 Roy<\/p>\n<p>Raymond Royer<\/p>\n<p>Robert Ruttan<\/p>\n<p>Susan Ruttan<\/p>\n<p>Roberta Scarrow<\/p>\n<p>Louis St-Hilaire<\/p>\n<p>Jean St-Jacques<\/p>\n<p>Donat J. Taddeo<\/p>\n<p>Jacques Tanguay<\/p>\n<p>Cathy Thomas<\/p>\n<p>Edward Thomas<\/p>\n<p>Michelle Tisseyre<\/p>\n<p>Patrick Tobin<\/p>\n<p>Georgia Tournas<\/p>\n<p>Carl Tremblay<\/p>\n<p>Luc Villeneuve, FCPA, FCA<\/p>\n<p>Ann Vroom<\/p>\n<p>Peter W. Webster, LL.D (Hon)<\/p>\n<p>Frank Wilson<\/p>\n<p>Brad Woodside<\/p>\n<p>Zoe Watson<\/p>\n<h3>\n\t\t\tStanding Committees\t<\/h3>\n\t<p>Portage has several standing committees that support its executive management in the achievement of its strategic objectives. The committees consist of trustees and members of the Board of Governors.<\/p>\n\t<em>Communications and<br \/>\n<\/em><em>Government Relations <\/em><em>Committee<\/em><br \/>\n<strong>Chairperson : Ann Vroom<\/strong>\n\t<em>Finance Committee<\/em><br \/>\n<strong>Chairperson : Jason B\u00e9langer<\/strong>\n\t<em>Governance Committee<\/em><br \/>\n<strong>Chairperson : Dave Fergusson <\/strong>\n\t<em>Program and Vigilance Committee<\/em><br \/>\n<strong>Chairperson : Jane Howlett\u00a0<\/strong>\n\t<em>Properties, Environment<br \/>\n<\/em><em> and Energy Committee<\/em><br \/>\n<strong>Chairperson : John MacDonnell<\/strong>\n\t<em>Human Resources Committee<\/em><br \/>\n<strong>Chairperson : Rita Apa<\/strong>\n<h2  id=\"finances\">\n\t\t\tFinancial Statements\t<\/h2>\n<h3>\n\t\t\tFinancial statements March 31, 2025\t<\/h3>\n\t\t\t<a href=\"https:\/\/portage.ca\/wp-content\/uploads\/2025\/08\/Centre-d-accueil-le-Programme-de-Portage-Inc.-03-31-2025-FS-Final2025-08-19-15.51.33.pdf\" target=\"_blank\" rel=\"noopener\">\n\t\t\t\t\t\t\tCentre d&#8217;accueil le Programme de Portage Inc. \n\t\t\t<\/a>\n\t\t\t<a href=\"https:\/\/portage.ca\/wp-content\/uploads\/2025\/08\/The-Portage-Program-for-Drug-Dependencies-Inc.-2025-03-31-FS-Final2025-08-19-15.51.33.pdf\" target=\"_blank\" rel=\"noopener\">\n\t\t\t\t\t\t\tThe Portage Program for Drug Dependencies Inc. \n\t\t\t<\/a>\n\t\t\t<a href=\"https:\/\/portage.ca\/wp-content\/uploads\/2025\/09\/Financial-Statements-Portage-Foundation.pdf\" target=\"_blank\" rel=\"noopener\">\n\t\t\t\t\t\t\tThe Portage Foundation\n\t\t\t<\/a>\n<h2>\n\t\t\tThank you.\t<\/h2>\n\t<p>As we turn the page on another year of challenges, transitions and important achievements, we want to express our deep gratitude to all those who help make our mission possible. Thanks to the unwavering commitment of our donors, partners, governance board, employees and governments, Portage continues to provide vital services to thousands of youth and adults across the country.<\/p>\n<p>With your support, we are building a healthier, more resilient and more compassionate future. Together, we have inaugurated new facilities, strengthened our presence in various communities and maintained our commitment to program excellence and innovation.<\/p>\n\t<p>Please feel free to contact us if you have any questions or comments. We will be happy to reply.<\/p>\n<a href=\"tel:18449390202\" target=\"_blank\" rel=\"noopener\"><strong>1-844-939-0202<\/strong><\/a><br \/>\n<a href=\"mailto:info@portage.ca\" target=\"_blank\" rel=\"noopener\"><strong>info@portage.ca<\/strong><\/a>\n<h3  data-animation-delay=\"\" data-animation-duration=\"1\">\n\t\t\tThank you for supporting us.\t<\/h3>\n<h3  data-animation-delay=\"0.2\" data-animation-duration=\"1\">\n\t\t\tThank you for believing in our mission.  \t<\/h3>\n<h3  data-animation-delay=\"0.4\" data-animation-duration=\"1\">\n\t\t\tAnd most of all, thank you for making a difference.\t<\/h3>\n\t\t\t\t<a href=\"https:\/\/portage.ca\/en\/\"  target=\"_blank\" rel=\"noopener\"  itemprop=\"url\">\n\t\t\t\t<img decoding=\"async\" src=\"https:\/\/portage.ca\/wp-content\/uploads\/2025\/07\/portage-logo-white.png\" alt=\"portage-logo-white\" itemprop=\"image\" height=\"75\" width=\"183\" title=\"portage-logo-white\" onerror=\"this.style.display='none'\" loading=\"lazy\" \/>\n\t\t\t\t<\/a>\n\n","protected":false},"excerpt":{"rendered":"<p>FR 2024-2025 Annual report Challenges met, hundreds of people helped Highlights Impacts Foundations Governance Finances FR A Word from the President and CEO Dear Members of the Portage Community, I accepted the role of President and CEO of Portage last September with a feeling of profound humility and a deep sense of responsibility. From my&#8230;  <a href=\"https:\/\/portage.ca\/en\/annual-report-2024-2025\/\" class=\"more-link\" title=\"Read Annual report 2024 &#8211; 2025\">Read more &raquo;<\/a><\/p>\n","protected":false},"author":10,"featured_media":10157,"parent":0,"menu_order":0,"comment_status":"closed","ping_status":"closed","template":"","meta":{"_acf_changed":false,"footnotes":"","_links_to":"","_links_to_target":""},"class_list":["post-44831","page","type-page","status-publish","has-post-thumbnail","hentry"],"acf":[],"_links":{"self":[{"href":"https:\/\/portage.ca\/en\/wp-json\/wp\/v2\/pages\/44831","targetHints":{"allow":["GET"]}}],"collection":[{"href":"https:\/\/portage.ca\/en\/wp-json\/wp\/v2\/pages"}],"about":[{"href":"https:\/\/portage.ca\/en\/wp-json\/wp\/v2\/types\/page"}],"author":[{"embeddable":true,"href":"https:\/\/portage.ca\/en\/wp-json\/wp\/v2\/users\/10"}],"replies":[{"embeddable":true,"href":"https:\/\/portage.ca\/en\/wp-json\/wp\/v2\/comments?post=44831"}],"version-history":[{"count":50,"href":"https:\/\/portage.ca\/en\/wp-json\/wp\/v2\/pages\/44831\/revisions"}],"predecessor-version":[{"id":46448,"href":"https:\/\/portage.ca\/en\/wp-json\/wp\/v2\/pages\/44831\/revisions\/46448"}],"wp:featuredmedia":[{"embeddable":true,"href":"https:\/\/portage.ca\/en\/wp-json\/wp\/v2\/media\/10157"}],"wp:attachment":[{"href":"https:\/\/portage.ca\/en\/wp-json\/wp\/v2\/media?parent=44831"}],"curies":[{"name":"wp","href":"https:\/\/api.w.org\/{rel}","templated":true}]}}